{"id":136,"date":"2021-03-12T19:01:48","date_gmt":"2021-03-12T17:01:48","guid":{"rendered":"http:\/\/rigasfotomenesis.lv\/2021\/?page_id=136"},"modified":"2021-04-09T19:54:51","modified_gmt":"2021-04-09T16:54:51","slug":"konkurss","status":"publish","type":"page","link":"https:\/\/rigasfotomenesis.lv\/2021\/lv\/konkurss\/","title":{"rendered":"Konkurss"},"content":{"rendered":"\n<p><\/p>\n\n\n\n<p>Konkurss, kura ietvaros tika izv\u0113l\u0113ti dal\u012bbnieki \u0161\u012b gada festiv\u0101lam, nosl\u0113dz\u0101s 2021. gada 7. febru\u0101r\u012b. L\u012bdz\u0101s speci\u0101li uzaicin\u0101tajiem m\u0101ksliniekiem, \u0161ogad R\u012bgas Fotom\u0113nes\u012b piedal\u012bsies:<\/p>\n\n\n\n<p>Izst\u0101d\u0113s<\/p>\n\n\n\n<p>Ania Ready (UK\/Polija)<br>Anna Niskanen (Somija)<br>Bram van Dijk (Francija\/N\u012bderlande)<br>Christy Grishina (Krievija)<br>Elv\u012bra Blumfelde (Latvija)<br>Iveta Gabali\u0146a (Latvija)<br>Jana Garvanlieva (It\u0101lija\/Zieme\u013cma\u0137edonija)<br>Katr\u012bna \u0122elze (Latvija)<br>Kertu Rannula (Igaunija)<br>Leticia Zica (Francija\/Braz\u012blija)<br>Maria Rukina (Latvija)<br>P\u0113teris \u0136imsis (Latvija)<br>Sergei Stroitelev (Krievija)<br>Sue Polschikova (Portug\u0101le\/Krievija)<\/p>\n\n\n\n<p>Projekcij\u0101<\/p>\n\n\n\n<p>Alexey Pavlov (Krievija)<br>Anastasija Lomteva (Latvija)<br>Antonina Baygusheva (V\u0101cija)<br>Bart Krezolek (Polija)<br>Bram van Dijk (Francija\/N\u012bderlande)<br>Carlo Bevilacqua (It\u0101lija)<br>Christy Grishina (Krievija)<br>Daniel Kocherga (N\u012bderlande\/Krievija)<br>Gavin Smart (UK)<br>Joanna Musia\u0142 (Polija)<br>Konstantin Zhukov (UK\/Latvija)<br>Laima Gra\u017edanovi\u010da (Latvija)<br>Maria Kokunova (Krievija)<br>Maryia Karneyenka (Beltkrievija)<br>Micha\u0142 Mali\u0144ski (Polija)<br>Nastasya Martynova (Krievija)<br>Natalia Kepesz (V\u0101cija\/Polija)<br>Paulina Korobkiewicz (UK\/Polija)<br>Rasmus M\u00e4kel\u00e4 (Somija)<br>Roksolana Potsyurko (Ukraina)<br>Sergei Stroitelev (Krievija)<br>Valdis Putni\u0146\u0161 (Latvija)<\/p>\n","protected":false},"excerpt":{"rendered":"<p>Konkurss, kura ietvaros tika izv\u0113l\u0113ti dal\u012bbnieki \u0161\u012b gada festiv\u0101lam, nosl\u0113dz\u0101s 2021. gada 7. febru\u0101r\u012b. L\u012bdz\u0101s speci\u0101li uzaicin\u0101tajiem m\u0101ksliniekiem, \u0161ogad R\u012bgas Fotom\u0113nes\u012b piedal\u012bsies: Izst\u0101d\u0113s Ania Ready (UK\/Polija)Anna Niskanen (Somija)Bram van Dijk (Francija\/N\u012bderlande)Christy Grishina (Krievija)Elv\u012bra Blumfelde (Latvija)Iveta Gabali\u0146a (Latvija)Jana Garvanlieva (It\u0101lija\/Zieme\u013cma\u0137edonija)Katr\u012bna \u0122elze (Latvija)Kertu Rannula (Igaunija)Leticia Zica (Francija\/Braz\u012blija)Maria Rukina (Latvija)P\u0113teris \u0136imsis (Latvija)Sergei Stroitelev (Krievija)Sue Polschikova (Portug\u0101le\/Krievija) Projekcij\u0101 Alexey &hellip; <a href=\"https:\/\/rigasfotomenesis.lv\/2021\/lv\/konkurss\/\">Continued<\/a><\/p>\n","protected":false},"author":1,"featured_media":188,"parent":0,"menu_order":0,"comment_status":"closed","ping_status":"closed","template":"","meta":{"footnotes":""},"class_list":["post-136","page","type-page","status-publish","has-post-thumbnail","hentry"],"yoast_head":"<!-- This site is optimized with the Yoast SEO plugin v16.1.1 - https:\/\/yoast.com\/wordpress\/plugins\/seo\/ -->\n<title>Konkurss - Riga Photomonth 2021<\/title>\n<link rel=\"canonical\" href=\"https:\/\/rigasfotomenesis.lv\/2021\/lv\/konkurss\/\" \/>\n<meta property=\"og:locale\" content=\"en_US\" \/>\n<meta property=\"og:type\" content=\"article\" \/>\n<meta property=\"og:title\" content=\"Konkurss - Riga Photomonth 2021\" \/>\n<meta property=\"og:description\" content=\"Konkurss, kura ietvaros tika izv\u0113l\u0113ti dal\u012bbnieki \u0161\u012b gada festiv\u0101lam, nosl\u0113dz\u0101s 2021. gada 7. febru\u0101r\u012b. L\u012bdz\u0101s speci\u0101li uzaicin\u0101tajiem m\u0101ksliniekiem, \u0161ogad R\u012bgas Fotom\u0113nes\u012b piedal\u012bsies: Izst\u0101d\u0113s Ania Ready (UK\/Polija)Anna Niskanen (Somija)Bram van Dijk (Francija\/N\u012bderlande)Christy Grishina (Krievija)Elv\u012bra Blumfelde (Latvija)Iveta Gabali\u0146a (Latvija)Jana Garvanlieva (It\u0101lija\/Zieme\u013cma\u0137edonija)Katr\u012bna \u0122elze (Latvija)Kertu Rannula (Igaunija)Leticia Zica (Francija\/Braz\u012blija)Maria Rukina (Latvija)P\u0113teris \u0136imsis (Latvija)Sergei Stroitelev (Krievija)Sue Polschikova (Portug\u0101le\/Krievija) Projekcij\u0101 Alexey &hellip; Continued\" \/>\n<meta property=\"og:url\" content=\"https:\/\/rigasfotomenesis.lv\/2021\/lv\/konkurss\/\" \/>\n<meta property=\"og:site_name\" content=\"Riga Photomonth 2021\" \/>\n<meta property=\"article:publisher\" content=\"https:\/\/www.facebook.com\/RigaPhotomonth\" \/>\n<meta property=\"article:modified_time\" content=\"2021-04-09T16:54:51+00:00\" \/>\n<meta property=\"og:image\" content=\"https:\/\/rigasfotomenesis.lv\/2021\/wp-content\/uploads\/sites\/2\/2021\/03\/Maria-Kokunova_15s.jpg\" \/>\n\t<meta property=\"og:image:width\" content=\"500\" \/>\n\t<meta property=\"og:image:height\" content=\"749\" \/>\n<meta name=\"twitter:card\" content=\"summary_large_image\" \/>\n<meta name=\"twitter:label1\" content=\"Est. reading time\">\n\t<meta name=\"twitter:data1\" content=\"1 minute\">\n<script type=\"application\/ld+json\" class=\"yoast-schema-graph\">{\"@context\":\"https:\/\/schema.org\",\"@graph\":[{\"@type\":\"Organization\",\"@id\":\"https:\/\/rigasfotomenesis.lv\/2021\/#organization\",\"name\":\"Society \\u201cRiga Photomonth\\u201d\",\"url\":\"https:\/\/rigasfotomenesis.lv\/2021\/\",\"sameAs\":[\"https:\/\/www.facebook.com\/RigaPhotomonth\",\"https:\/\/www.instagram.com\/rigaphotomonth\/\",\"https:\/\/www.youtube.com\/channel\/UC6c5PFSPCWtbaekT7icz3-A\"],\"logo\":{\"@type\":\"ImageObject\",\"@id\":\"https:\/\/rigasfotomenesis.lv\/2021\/#logo\",\"inLanguage\":\"en-US\",\"url\":\"https:\/\/rigasfotomenesis.lv\/wp-content\/uploads\/2021\/03\/logo2021.svg\",\"contentUrl\":\"https:\/\/rigasfotomenesis.lv\/wp-content\/uploads\/2021\/03\/logo2021.svg\",\"width\":70,\"height\":69,\"caption\":\"Society \\u201cRiga Photomonth\\u201d\"},\"image\":{\"@id\":\"https:\/\/rigasfotomenesis.lv\/2021\/#logo\"}},{\"@type\":\"WebSite\",\"@id\":\"https:\/\/rigasfotomenesis.lv\/2021\/#website\",\"url\":\"https:\/\/rigasfotomenesis.lv\/2021\/\",\"name\":\"Riga Photomonth\",\"description\":\"May 24\\u2013July 18\",\"publisher\":{\"@id\":\"https:\/\/rigasfotomenesis.lv\/2021\/#organization\"},\"potentialAction\":[{\"@type\":\"SearchAction\",\"target\":\"https:\/\/rigasfotomenesis.lv\/2021\/?s={search_term_string}\",\"query-input\":\"required name=search_term_string\"}],\"inLanguage\":\"en-US\"},{\"@type\":\"ImageObject\",\"@id\":\"https:\/\/rigasfotomenesis.lv\/2021\/lv\/konkurss\/#primaryimage\",\"inLanguage\":\"en-US\",\"url\":\"https:\/\/rigasfotomenesis.lv\/2021\/wp-content\/uploads\/sites\/2\/2021\/03\/Maria-Kokunova_15s.jpg\",\"contentUrl\":\"https:\/\/rigasfotomenesis.lv\/2021\/wp-content\/uploads\/sites\/2\/2021\/03\/Maria-Kokunova_15s.jpg\",\"width\":500,\"height\":749,\"caption\":\"Maria Kokunova\"},{\"@type\":\"WebPage\",\"@id\":\"https:\/\/rigasfotomenesis.lv\/2021\/lv\/konkurss\/#webpage\",\"url\":\"https:\/\/rigasfotomenesis.lv\/2021\/lv\/konkurss\/\",\"name\":\"Konkurss - Riga Photomonth 2021\",\"isPartOf\":{\"@id\":\"https:\/\/rigasfotomenesis.lv\/2021\/#website\"},\"primaryImageOfPage\":{\"@id\":\"https:\/\/rigasfotomenesis.lv\/2021\/lv\/konkurss\/#primaryimage\"},\"datePublished\":\"2021-03-12T17:01:48+00:00\",\"dateModified\":\"2021-04-09T16:54:51+00:00\",\"breadcrumb\":{\"@id\":\"https:\/\/rigasfotomenesis.lv\/2021\/lv\/konkurss\/#breadcrumb\"},\"inLanguage\":\"en-US\",\"potentialAction\":[{\"@type\":\"ReadAction\",\"target\":[\"https:\/\/rigasfotomenesis.lv\/2021\/lv\/konkurss\/\"]}]},{\"@type\":\"BreadcrumbList\",\"@id\":\"https:\/\/rigasfotomenesis.lv\/2021\/lv\/konkurss\/#breadcrumb\",\"itemListElement\":[{\"@type\":\"ListItem\",\"position\":1,\"item\":{\"@type\":\"WebPage\",\"@id\":\"https:\/\/rigasfotomenesis.lv\/2021\/\",\"url\":\"https:\/\/rigasfotomenesis.lv\/2021\/\",\"name\":\"Home\"}},{\"@type\":\"ListItem\",\"position\":2,\"item\":{\"@type\":\"WebPage\",\"@id\":\"https:\/\/rigasfotomenesis.lv\/2021\/lv\/konkurss\/\",\"url\":\"https:\/\/rigasfotomenesis.lv\/2021\/lv\/konkurss\/\",\"name\":\"Konkurss\"}}]}]}<\/script>\n<!-- \/ Yoast SEO plugin. -->","_links":{"self":[{"href":"https:\/\/rigasfotomenesis.lv\/2021\/wp-json\/wp\/v2\/pages\/136","targetHints":{"allow":["GET"]}}],"collection":[{"href":"https:\/\/rigasfotomenesis.lv\/2021\/wp-json\/wp\/v2\/pages"}],"about":[{"href":"https:\/\/rigasfotomenesis.lv\/2021\/wp-json\/wp\/v2\/types\/page"}],"author":[{"embeddable":true,"href":"https:\/\/rigasfotomenesis.lv\/2021\/wp-json\/wp\/v2\/users\/1"}],"replies":[{"embeddable":true,"href":"https:\/\/rigasfotomenesis.lv\/2021\/wp-json\/wp\/v2\/comments?post=136"}],"version-history":[{"count":8,"href":"https:\/\/rigasfotomenesis.lv\/2021\/wp-json\/wp\/v2\/pages\/136\/revisions"}],"predecessor-version":[{"id":317,"href":"https:\/\/rigasfotomenesis.lv\/2021\/wp-json\/wp\/v2\/pages\/136\/revisions\/317"}],"wp:featuredmedia":[{"embeddable":true,"href":"https:\/\/rigasfotomenesis.lv\/2021\/wp-json\/wp\/v2\/media\/188"}],"wp:attachment":[{"href":"https:\/\/rigasfotomenesis.lv\/2021\/wp-json\/wp\/v2\/media?parent=136"}],"curies":[{"name":"wp","href":"https:\/\/api.w.org\/{rel}","templated":true}]}}