{"id":533,"date":"2021-05-11T11:41:51","date_gmt":"2021-05-11T08:41:51","guid":{"rendered":"https:\/\/rigasfotomenesis.lv\/?post_type=event&#038;p=533"},"modified":"2021-06-24T11:18:17","modified_gmt":"2021-06-24T08:18:17","slug":"aivars-liepins-man-patik-dzivot-uz-salas","status":"publish","type":"event","link":"https:\/\/rigasfotomenesis.lv\/2021\/lv\/events\/aivars-liepins-man-patik-dzivot-uz-salas\/","title":{"rendered":"Aivars Liepi\u0146\u0161. Man pat\u012bk dz\u012bvot uz salas"},"content":{"rendered":"\n<p>Izst\u0101de <em>Man pat\u012bk dz\u012bvot uz salas<\/em> apvieno divas foto\u017eurn\u0101lista Aivara Liepi\u0146a autorkolekcijas \u2014 <em>Kundzi\u0146sala<\/em> un <em>Siksala<\/em> \u2014, kuras tapu\u0161as neapzin\u0101ti konkr\u0113t\u0101 laika period\u0101 k\u0101d\u0101 teritorij\u0101 Latvij\u0101. Kolekcijas sast\u0101v no fotogr\u0101fij\u0101m, kuras radu\u0161\u0101s galvenok\u0101rt veicot citus darbus. Apg\u016bstot fotogr\u0101fijas pamatus, lai papildin\u0101tu \u017eurn\u0101lista darbu, test\u0113jot foto tehniku, foto pap\u012bru, vai vienk\u0101r\u0161i izfotograf\u0113jot filmu galus un p\u0101rpalikumus. T\u0101dej\u0101di netie\u0161\u0101 veid\u0101 ir izveidojies nians\u0113ts un daudzsl\u0101\u0146ains divu salu atspogu\u013cojums, kuru raksturo sentiment\u0101ls atmi\u0146u st\u0101sts par aizg\u0101ju\u0161ajiem laikiem. <\/p>\n\n\n\n<p>Kundzi\u0146sala ir autora b\u0113rn\u012bbas zeme. Ar sav\u0101m ska\u0146\u0101m, smar\u017e\u0101m, atmi\u0146\u0101m. Salas iedz\u012bvot\u0101ji run\u0101ja par p\u0101r\u0113jo pils\u0113tu k\u0101 kaut ko abstraktu un att\u0101lu. Tur vald\u012bja miers un savs dz\u012bves ritms, l\u012bdz p\u0101rmai\u0146as ienesa R\u012bgas br\u012bvostas celtniec\u012bbas darbi un no Kundzi\u0146salas bija j\u0101aiziet. Izst\u0101d\u0113 redzam\u0101s fotogr\u0101fijas to autoram ir \u013coti personiskas. Tie ir vi\u0146am tuv\u0101kie cilv\u0113ki, \u0123imene, kundzi\u0146salie\u0161i, kaimi\u0146i. Att\u0113los redzams Kundzi\u0146salas p\u0101rmai\u0146u laiks (1972. &#8211; 1980. gads).<\/p>\n\n\n\n<p>Savuk\u0101rt Siksalu Aivaram Liepi\u0146am atkl\u0101ja le\u0123end\u0101rais dabas fotogr\u0101fs M\u0101ris Kundzi\u0146\u0161 un ier\u0101d\u012bja ce\u013cu uz turieni cits dabas fotogr\u0101fs &#8211; Andris Egl\u012btis. Vi\u0146i atkl\u0101ja vietu, kur atg\u016bt saikni ar pasauli un dabu. Valst\u012b notika v\u0113trainas p\u0101rmai\u0146as (1985. \u2013 1995. gads), ta\u010du t\u0101s purva vidu nesasniedza \u2013 tur vald\u012bja absol\u016bts klusums un kosmisks miers. Tur nebija ne elektr\u012bbas, ne citu civiliz\u0101cijas labumu. Saleniekus sve\u0161inieki neinteres\u0113ja, \u013caujot izst\u0101des autoram br\u012bvi klejot pa salu un tvert mirk\u013cus, kurus nevar aprakst\u012bt v\u0101rdos.<\/p>\n\n\n\n<p>&nbsp;\u201c\u0160\u012bs ir divas, man sirdij tuv\u0101k\u0101s no sal\u0101m, uz kur\u0101m esmu nodz\u012bvojis. Kundzi\u0146sala, jo uz t\u0101s esmu piedzimis. Ar\u012b k\u0101 fotogr\u0101fs. Kad t\u0101s man s\u0101ka pietr\u016bkt, uzzin\u0101ju par Siksalu. Starp citu, tai laik\u0101 mana dz\u012bve jau rit\u0113ja uz salas. Mana darbavieta \u2013 Preses nams atrad\u0101s \u0136\u012bpsal\u0101. Kad darba vietu nomain\u012bju, nomain\u012bju ar\u012b salas. Laikraksts \u201eDiena\u201d atrad\u0101s uz M\u016bkusalas. Nu jau k\u0101du laiku atpaka\u013c redakcija p\u0101rc\u0113lusies uz Andrejsalu. Man pat\u012bk dz\u012bvot uz salas,\u201d st\u0101sta Aivars Liepi\u0146\u0161.<\/p>\n\n\n\n<p><strong>Aivars Liepi\u0146\u0161<\/strong> (1953) fotogr\u0101fijas pamatus s\u0101k apg\u016bt 1972. gad\u0101 pa\u0161m\u0101c\u012bbas ce\u013c\u0101. Kop\u0161 1977. gada &#8211; \u0161tata fotogr\u0101fs da\u017e\u0101dos preses izdevumos (av\u012bze <em>Pionieris<\/em>, \u017eurn\u0101ls <em>Draugs<\/em>, v\u0113l\u0101k av\u012bz\u0113s <em>Elpa<\/em>, <em>Atmoda<\/em>, <em>Latvijas Jaunatne<\/em>, <em>Labr\u012bt<\/em>). No 1995. gada &#8211; laikrakst\u0101 <em>Diena<\/em>, kur str\u0101d\u0101 ar\u012b \u0161obr\u012bd. Bijis viens no foto zi\u0146u a\u0123ent\u016bras A.F.I. dibin\u0101tajiem. A. Liepi\u0146a fotogr\u0101fijas public\u0113tas gan Latvij\u0101, gan da\u017e\u0101dos izdevumos \u0101rzm\u0113s. Viena foto albuma (<em>Daugavpils<\/em>, 1988.), daudzu gr\u0101matu un foto albumu l\u012bdzautors. Paral\u0113li darbam pres\u0113, A. Liepi\u0146\u0161 gatavo autorkolekcijas. Person\u0101lizst\u0101des gan Latvij\u0101, gan daudzviet pasaul\u0113 (V\u0101cij\u0101, Lielbrit\u0101nij\u0101, D\u0101nij\u0101, ASV u.c.). Vair\u0101kk\u0101rt atz\u012bts par lab\u0101ko preses fotogr\u0101fu Latvij\u0101 un sa\u0146\u0113mis balvu <em>Preses nagla<\/em>. 1992. gad\u0101 bijis to 30 Eiropas fotogr\u0101fu skait\u0101, kuri nomin\u0113ti Fox Talbot balvai (Lielbrit\u0101nija). Vi\u0146a darbi atrodas Latvijas Fotogr\u0101fijas muzeja, Latvijas Nacion\u0101l\u0101 m\u0101kslas muzeja, Nacion\u0101l\u0101 fotogr\u0101fijas, filmu un telev\u012bzijas muzeja (Bredforda, Lielbrit\u0101nija) un De l\u2019Elisee muzeja (Lozanna, \u0160veice) kolekcij\u0101s.<\/p>\n\n\n\n<p>16. j\u016blij\u0101 plkst. 17.00 notiks ekskursija izst\u0101d\u0113 ar Aivaru Liepi\u0146u. <\/p>\n","protected":false},"featured_media":534,"template":"","event_tag":[47],"class_list":["post-533","event","type-event","status-publish","has-post-thumbnail","hentry","event_tag-izstade"],"yoast_head":"<!-- This site is optimized with the Yoast SEO plugin v16.1.1 - https:\/\/yoast.com\/wordpress\/plugins\/seo\/ -->\n<title>Aivars Liepi\u0146\u0161. Man pat\u012bk dz\u012bvot uz salas - Riga Photomonth 2021<\/title>\n<meta name=\"description\" content=\"Kundzi\u0146sala un Siksala Aivara Liepi\u0146a fotogr\u0101fij\u0101s.\" \/>\n<link rel=\"canonical\" href=\"https:\/\/rigasfotomenesis.lv\/2021\/lv\/events\/aivars-liepins-man-patik-dzivot-uz-salas\/\" \/>\n<meta property=\"og:locale\" content=\"en_US\" \/>\n<meta property=\"og:type\" content=\"article\" \/>\n<meta property=\"og:title\" content=\"Aivars Liepi\u0146\u0161. Man pat\u012bk dz\u012bvot uz salas - Riga Photomonth 2021\" \/>\n<meta property=\"og:description\" content=\"Kundzi\u0146sala un Siksala Aivara Liepi\u0146a fotogr\u0101fij\u0101s.\" \/>\n<meta property=\"og:url\" content=\"https:\/\/rigasfotomenesis.lv\/2021\/lv\/events\/aivars-liepins-man-patik-dzivot-uz-salas\/\" \/>\n<meta property=\"og:site_name\" content=\"Riga Photomonth 2021\" \/>\n<meta property=\"article:publisher\" content=\"https:\/\/www.facebook.com\/RigaPhotomonth\" \/>\n<meta property=\"article:modified_time\" content=\"2021-06-24T08:18:17+00:00\" \/>\n<meta property=\"og:image\" content=\"https:\/\/rigasfotomenesis.lv\/2021\/wp-content\/uploads\/sites\/2\/2021\/05\/Scan-190707-00031.jpg\" \/>\n\t<meta property=\"og:image:width\" content=\"1600\" \/>\n\t<meta property=\"og:image:height\" content=\"1047\" \/>\n<meta name=\"twitter:card\" content=\"summary_large_image\" \/>\n<meta name=\"twitter:label1\" content=\"Est. reading time\">\n\t<meta name=\"twitter:data1\" content=\"2 minutes\">\n<script type=\"application\/ld+json\" class=\"yoast-schema-graph\">{\"@context\":\"https:\/\/schema.org\",\"@graph\":[{\"@type\":\"Organization\",\"@id\":\"https:\/\/rigasfotomenesis.lv\/2021\/#organization\",\"name\":\"Society \\u201cRiga Photomonth\\u201d\",\"url\":\"https:\/\/rigasfotomenesis.lv\/2021\/\",\"sameAs\":[\"https:\/\/www.facebook.com\/RigaPhotomonth\",\"https:\/\/www.instagram.com\/rigaphotomonth\/\",\"https:\/\/www.youtube.com\/channel\/UC6c5PFSPCWtbaekT7icz3-A\"],\"logo\":{\"@type\":\"ImageObject\",\"@id\":\"https:\/\/rigasfotomenesis.lv\/2021\/#logo\",\"inLanguage\":\"en-US\",\"url\":\"https:\/\/rigasfotomenesis.lv\/wp-content\/uploads\/2021\/03\/logo2021.svg\",\"contentUrl\":\"https:\/\/rigasfotomenesis.lv\/wp-content\/uploads\/2021\/03\/logo2021.svg\",\"width\":70,\"height\":69,\"caption\":\"Society \\u201cRiga Photomonth\\u201d\"},\"image\":{\"@id\":\"https:\/\/rigasfotomenesis.lv\/2021\/#logo\"}},{\"@type\":\"WebSite\",\"@id\":\"https:\/\/rigasfotomenesis.lv\/2021\/#website\",\"url\":\"https:\/\/rigasfotomenesis.lv\/2021\/\",\"name\":\"Riga Photomonth\",\"description\":\"May 24\\u2013July 18\",\"publisher\":{\"@id\":\"https:\/\/rigasfotomenesis.lv\/2021\/#organization\"},\"potentialAction\":[{\"@type\":\"SearchAction\",\"target\":\"https:\/\/rigasfotomenesis.lv\/2021\/?s={search_term_string}\",\"query-input\":\"required name=search_term_string\"}],\"inLanguage\":\"en-US\"},{\"@type\":\"ImageObject\",\"@id\":\"https:\/\/rigasfotomenesis.lv\/2021\/lv\/events\/aivars-liepins-man-patik-dzivot-uz-salas\/#primaryimage\",\"inLanguage\":\"en-US\",\"url\":\"https:\/\/rigasfotomenesis.lv\/2021\/wp-content\/uploads\/sites\/2\/2021\/05\/Scan-190707-00031.jpg\",\"contentUrl\":\"https:\/\/rigasfotomenesis.lv\/2021\/wp-content\/uploads\/sites\/2\/2021\/05\/Scan-190707-00031.jpg\",\"width\":1600,\"height\":1047,\"caption\":\"Aivars Liepi\\u0146\\u0161\"},{\"@type\":\"WebPage\",\"@id\":\"https:\/\/rigasfotomenesis.lv\/2021\/lv\/events\/aivars-liepins-man-patik-dzivot-uz-salas\/#webpage\",\"url\":\"https:\/\/rigasfotomenesis.lv\/2021\/lv\/events\/aivars-liepins-man-patik-dzivot-uz-salas\/\",\"name\":\"Aivars Liepi\\u0146\\u0161. Man pat\\u012bk dz\\u012bvot uz salas - Riga Photomonth 2021\",\"isPartOf\":{\"@id\":\"https:\/\/rigasfotomenesis.lv\/2021\/#website\"},\"primaryImageOfPage\":{\"@id\":\"https:\/\/rigasfotomenesis.lv\/2021\/lv\/events\/aivars-liepins-man-patik-dzivot-uz-salas\/#primaryimage\"},\"datePublished\":\"2021-05-11T08:41:51+00:00\",\"dateModified\":\"2021-06-24T08:18:17+00:00\",\"description\":\"Kundzi\\u0146sala un Siksala Aivara Liepi\\u0146a fotogr\\u0101fij\\u0101s.\",\"breadcrumb\":{\"@id\":\"https:\/\/rigasfotomenesis.lv\/2021\/lv\/events\/aivars-liepins-man-patik-dzivot-uz-salas\/#breadcrumb\"},\"inLanguage\":\"en-US\",\"potentialAction\":[{\"@type\":\"ReadAction\",\"target\":[\"https:\/\/rigasfotomenesis.lv\/2021\/lv\/events\/aivars-liepins-man-patik-dzivot-uz-salas\/\"]}]},{\"@type\":\"BreadcrumbList\",\"@id\":\"https:\/\/rigasfotomenesis.lv\/2021\/lv\/events\/aivars-liepins-man-patik-dzivot-uz-salas\/#breadcrumb\",\"itemListElement\":[{\"@type\":\"ListItem\",\"position\":1,\"item\":{\"@type\":\"WebPage\",\"@id\":\"https:\/\/rigasfotomenesis.lv\/2021\/\",\"url\":\"https:\/\/rigasfotomenesis.lv\/2021\/\",\"name\":\"Home\"}},{\"@type\":\"ListItem\",\"position\":2,\"item\":{\"@type\":\"WebPage\",\"@id\":\"https:\/\/rigasfotomenesis.lv\/2021\/lv\/events\/aivars-liepins-man-patik-dzivot-uz-salas\/\",\"url\":\"https:\/\/rigasfotomenesis.lv\/2021\/lv\/events\/aivars-liepins-man-patik-dzivot-uz-salas\/\",\"name\":\"Aivars Liepi\\u0146\\u0161. Man pat\\u012bk dz\\u012bvot uz salas\"}}]}]}<\/script>\n<!-- \/ Yoast SEO plugin. -->","_links":{"self":[{"href":"https:\/\/rigasfotomenesis.lv\/2021\/wp-json\/wp\/v2\/event\/533","targetHints":{"allow":["GET"]}}],"collection":[{"href":"https:\/\/rigasfotomenesis.lv\/2021\/wp-json\/wp\/v2\/event"}],"about":[{"href":"https:\/\/rigasfotomenesis.lv\/2021\/wp-json\/wp\/v2\/types\/event"}],"wp:featuredmedia":[{"embeddable":true,"href":"https:\/\/rigasfotomenesis.lv\/2021\/wp-json\/wp\/v2\/media\/534"}],"wp:attachment":[{"href":"https:\/\/rigasfotomenesis.lv\/2021\/wp-json\/wp\/v2\/media?parent=533"}],"wp:term":[{"taxonomy":"event_tag","embeddable":true,"href":"https:\/\/rigasfotomenesis.lv\/2021\/wp-json\/wp\/v2\/event_tag?post=533"}],"curies":[{"name":"wp","href":"https:\/\/api.w.org\/{rel}","templated":true}]}}