{"id":518,"date":"2021-05-10T19:45:10","date_gmt":"2021-05-10T16:45:10","guid":{"rendered":"https:\/\/rigasfotomenesis.lv\/?post_type=event&#038;p=518"},"modified":"2021-05-27T10:33:17","modified_gmt":"2021-05-27T07:33:17","slug":"aptuvena-ekskursija-ar-martinu-engeli","status":"publish","type":"event","link":"https:\/\/rigasfotomenesis.lv\/2021\/lv\/events\/aptuvena-ekskursija-ar-martinu-engeli\/","title":{"rendered":"Aptuven\u0101 ekskursija ar M\u0101rti\u0146u E\u0146\u0123eli"},"content":{"rendered":"\n<p>Aptuvena fotom\u0101ksla aptuven\u0101 dro\u0161\u012bb\u0101 tikai aptuveni nojau\u0161am\u0101 telp\u0101 uz ielas, kurai tikai nesen un tikai aptuveni izveidojusies jauna identit\u0101te.<\/p>\n\n\n\n<p>R\u012bgas Fotom\u0113ne\u0161a ietvaros norisin\u0101sies &#8220;Aptuven\u0101 ekskursija&#8221;, ko tie\u0161raid\u0113 vad\u012bs pils\u0113tvides izp\u0113tnieks, t\u016brisma kriti\u0137is, blogeris un LTV person\u012bba M\u0101rti\u0146\u0161 E\u0146\u0123elis, lai Avotu ielas garum\u0101 aptuveni saprastu, par ko ir t\u0101s st\u0101sts, par ko v\u0113sta R\u012bgas Fotom\u0113ne\u0161a darbi un kas ir sak\u0101ms \u0161o darbu autoriem. Varb\u016bt notiks neiedom\u0101jam\u0101kais, varb\u016bt nenotiks nekas, tas viss &#8211; t\u0101 aptuveni, bet \u013coti kl\u0101teso\u0161i un informat\u012bvi.<\/p>\n\n\n<p><\/p><center><p><\/p>\n<p><iframe loading=\"lazy\" src=\"https:\/\/www.youtube.com\/embed\/vO0eH5Wq5xI\" title=\"YouTube video player\" allow=\"accelerometer; autoplay; clipboard-write; encrypted-media; gyroscope; picture-in-picture\" allowfullscreen=\"\" width=\"560\" height=\"315\" frameborder=\"0\"><\/iframe><\/p>\n<p><\/p><\/center><p><\/p>","protected":false},"featured_media":519,"template":"","event_tag":[89],"class_list":["post-518","event","type-event","status-publish","has-post-thumbnail","hentry","event_tag-ekskursija"],"yoast_head":"<!-- This site is optimized with the Yoast SEO plugin v16.1.1 - https:\/\/yoast.com\/wordpress\/plugins\/seo\/ -->\n<title>Aptuven\u0101 ekskursija ar M\u0101rti\u0146u E\u0146\u0123eli - Riga Photomonth 2021<\/title>\n<meta name=\"description\" content=\"LTV person\u012bba M\u0101rti\u0146\u0161 E\u0146\u0123elis dosies Avotu ielas garum\u0101.\" \/>\n<link rel=\"canonical\" href=\"https:\/\/rigasfotomenesis.lv\/2021\/lv\/events\/aptuvena-ekskursija-ar-martinu-engeli\/\" \/>\n<meta property=\"og:locale\" content=\"en_US\" \/>\n<meta property=\"og:type\" content=\"article\" \/>\n<meta property=\"og:title\" content=\"Aptuven\u0101 ekskursija ar M\u0101rti\u0146u E\u0146\u0123eli - Riga Photomonth 2021\" \/>\n<meta property=\"og:description\" content=\"LTV person\u012bba M\u0101rti\u0146\u0161 E\u0146\u0123elis dosies Avotu ielas garum\u0101.\" \/>\n<meta property=\"og:url\" content=\"https:\/\/rigasfotomenesis.lv\/2021\/lv\/events\/aptuvena-ekskursija-ar-martinu-engeli\/\" \/>\n<meta property=\"og:site_name\" content=\"Riga Photomonth 2021\" \/>\n<meta property=\"article:publisher\" content=\"https:\/\/www.facebook.com\/RigaPhotomonth\" \/>\n<meta property=\"article:modified_time\" content=\"2021-05-27T07:33:17+00:00\" \/>\n<meta property=\"og:image\" content=\"https:\/\/rigasfotomenesis.lv\/2021\/wp-content\/uploads\/sites\/2\/2021\/05\/Kristija-Grisina-samazinata.jpg\" \/>\n\t<meta property=\"og:image:width\" content=\"1500\" \/>\n\t<meta property=\"og:image:height\" content=\"1162\" \/>\n<meta name=\"twitter:card\" content=\"summary_large_image\" \/>\n<meta name=\"twitter:label1\" content=\"Est. reading time\">\n\t<meta name=\"twitter:data1\" content=\"1 minute\">\n<script type=\"application\/ld+json\" class=\"yoast-schema-graph\">{\"@context\":\"https:\/\/schema.org\",\"@graph\":[{\"@type\":\"Organization\",\"@id\":\"https:\/\/rigasfotomenesis.lv\/2021\/#organization\",\"name\":\"Society \\u201cRiga Photomonth\\u201d\",\"url\":\"https:\/\/rigasfotomenesis.lv\/2021\/\",\"sameAs\":[\"https:\/\/www.facebook.com\/RigaPhotomonth\",\"https:\/\/www.instagram.com\/rigaphotomonth\/\",\"https:\/\/www.youtube.com\/channel\/UC6c5PFSPCWtbaekT7icz3-A\"],\"logo\":{\"@type\":\"ImageObject\",\"@id\":\"https:\/\/rigasfotomenesis.lv\/2021\/#logo\",\"inLanguage\":\"en-US\",\"url\":\"https:\/\/rigasfotomenesis.lv\/wp-content\/uploads\/2021\/03\/logo2021.svg\",\"contentUrl\":\"https:\/\/rigasfotomenesis.lv\/wp-content\/uploads\/2021\/03\/logo2021.svg\",\"width\":70,\"height\":69,\"caption\":\"Society \\u201cRiga Photomonth\\u201d\"},\"image\":{\"@id\":\"https:\/\/rigasfotomenesis.lv\/2021\/#logo\"}},{\"@type\":\"WebSite\",\"@id\":\"https:\/\/rigasfotomenesis.lv\/2021\/#website\",\"url\":\"https:\/\/rigasfotomenesis.lv\/2021\/\",\"name\":\"Riga Photomonth\",\"description\":\"May 24\\u2013July 18\",\"publisher\":{\"@id\":\"https:\/\/rigasfotomenesis.lv\/2021\/#organization\"},\"potentialAction\":[{\"@type\":\"SearchAction\",\"target\":\"https:\/\/rigasfotomenesis.lv\/2021\/?s={search_term_string}\",\"query-input\":\"required name=search_term_string\"}],\"inLanguage\":\"en-US\"},{\"@type\":\"ImageObject\",\"@id\":\"https:\/\/rigasfotomenesis.lv\/2021\/lv\/events\/aptuvena-ekskursija-ar-martinu-engeli\/#primaryimage\",\"inLanguage\":\"en-US\",\"url\":\"https:\/\/rigasfotomenesis.lv\/2021\/wp-content\/uploads\/sites\/2\/2021\/05\/Kristija-Grisina-samazinata.jpg\",\"contentUrl\":\"https:\/\/rigasfotomenesis.lv\/2021\/wp-content\/uploads\/sites\/2\/2021\/05\/Kristija-Grisina-samazinata.jpg\",\"width\":1500,\"height\":1162,\"caption\":\"Kristija Gri\\u0161ina\"},{\"@type\":\"WebPage\",\"@id\":\"https:\/\/rigasfotomenesis.lv\/2021\/lv\/events\/aptuvena-ekskursija-ar-martinu-engeli\/#webpage\",\"url\":\"https:\/\/rigasfotomenesis.lv\/2021\/lv\/events\/aptuvena-ekskursija-ar-martinu-engeli\/\",\"name\":\"Aptuven\\u0101 ekskursija ar M\\u0101rti\\u0146u E\\u0146\\u0123eli - Riga Photomonth 2021\",\"isPartOf\":{\"@id\":\"https:\/\/rigasfotomenesis.lv\/2021\/#website\"},\"primaryImageOfPage\":{\"@id\":\"https:\/\/rigasfotomenesis.lv\/2021\/lv\/events\/aptuvena-ekskursija-ar-martinu-engeli\/#primaryimage\"},\"datePublished\":\"2021-05-10T16:45:10+00:00\",\"dateModified\":\"2021-05-27T07:33:17+00:00\",\"description\":\"LTV person\\u012bba M\\u0101rti\\u0146\\u0161 E\\u0146\\u0123elis dosies Avotu ielas garum\\u0101.\",\"breadcrumb\":{\"@id\":\"https:\/\/rigasfotomenesis.lv\/2021\/lv\/events\/aptuvena-ekskursija-ar-martinu-engeli\/#breadcrumb\"},\"inLanguage\":\"en-US\",\"potentialAction\":[{\"@type\":\"ReadAction\",\"target\":[\"https:\/\/rigasfotomenesis.lv\/2021\/lv\/events\/aptuvena-ekskursija-ar-martinu-engeli\/\"]}]},{\"@type\":\"BreadcrumbList\",\"@id\":\"https:\/\/rigasfotomenesis.lv\/2021\/lv\/events\/aptuvena-ekskursija-ar-martinu-engeli\/#breadcrumb\",\"itemListElement\":[{\"@type\":\"ListItem\",\"position\":1,\"item\":{\"@type\":\"WebPage\",\"@id\":\"https:\/\/rigasfotomenesis.lv\/2021\/\",\"url\":\"https:\/\/rigasfotomenesis.lv\/2021\/\",\"name\":\"Home\"}},{\"@type\":\"ListItem\",\"position\":2,\"item\":{\"@type\":\"WebPage\",\"@id\":\"https:\/\/rigasfotomenesis.lv\/2021\/lv\/events\/aptuvena-ekskursija-ar-martinu-engeli\/\",\"url\":\"https:\/\/rigasfotomenesis.lv\/2021\/lv\/events\/aptuvena-ekskursija-ar-martinu-engeli\/\",\"name\":\"Aptuven\\u0101 ekskursija ar M\\u0101rti\\u0146u E\\u0146\\u0123eli\"}}]}]}<\/script>\n<!-- \/ Yoast SEO plugin. -->","_links":{"self":[{"href":"https:\/\/rigasfotomenesis.lv\/2021\/wp-json\/wp\/v2\/event\/518","targetHints":{"allow":["GET"]}}],"collection":[{"href":"https:\/\/rigasfotomenesis.lv\/2021\/wp-json\/wp\/v2\/event"}],"about":[{"href":"https:\/\/rigasfotomenesis.lv\/2021\/wp-json\/wp\/v2\/types\/event"}],"wp:featuredmedia":[{"embeddable":true,"href":"https:\/\/rigasfotomenesis.lv\/2021\/wp-json\/wp\/v2\/media\/519"}],"wp:attachment":[{"href":"https:\/\/rigasfotomenesis.lv\/2021\/wp-json\/wp\/v2\/media?parent=518"}],"wp:term":[{"taxonomy":"event_tag","embeddable":true,"href":"https:\/\/rigasfotomenesis.lv\/2021\/wp-json\/wp\/v2\/event_tag?post=518"}],"curies":[{"name":"wp","href":"https:\/\/api.w.org\/{rel}","templated":true}]}}