{"id":435,"date":"2021-05-03T12:03:22","date_gmt":"2021-05-03T09:03:22","guid":{"rendered":"https:\/\/rigasfotomenesis.lv\/?post_type=event&#038;p=435"},"modified":"2021-05-31T21:36:02","modified_gmt":"2021-05-31T18:36:02","slug":"fotografi-katastrofu-laikmeta","status":"publish","type":"event","link":"https:\/\/rigasfotomenesis.lv\/2021\/lv\/events\/fotografi-katastrofu-laikmeta\/","title":{"rendered":"Fotogr\u0101fi katastrofu laikmet\u0101"},"content":{"rendered":"\n<p>Diskusija ar Tanvi Mi\u0161ru (Tanvi Mishra, <em>Caravan Magazine<\/em>, Indija), Ninu Bermanu (Nina Berman, <em>Noor Images<\/em>, ASV) un Mohamedu Z\u0101nonu (Mohammed Zaanoun, <em>Activestills collective<\/em>, Gaza). Sarunu moder\u0113s Karol\u012bna Gembara (Karolina Gembara, <em>Archive of Public Protests<\/em>, Polija).<\/p>\n\n\n\n<p>&#8220;\u0160is ir kar\u0161, kuru m\u0113s nepaz\u012bstam,&#8221; sac\u012bja politisk\u0101 rakstniece Anne Aplbauma, raksturojot Krievijas paramilit\u0101r\u0101s darb\u012bbas Austrumukrain\u0101 2014. gad\u0101. \u0160is kar\u0161 bija l\u0113ns, mask\u0113ts, nospiedo\u0161s, bez iespaid\u012bg\u0101m darb\u012bb\u0101m un \u0101tr\u0101m uzvar\u0101m, gandr\u012bz neredzams, gandr\u012bz nedzirdams, bet neatlaid\u012bgs un m\u0101n\u012bgs. Tas bija kaut kas, par ko mums j\u0101m\u0101c\u0101s un tas j\u0101atz\u012bst, vi\u0146a piebilda.<\/p>\n\n\n\n<p>2021. gad\u0101 \u0161o aprakstu var izmantot, atsaucoties uz daudz\u0101m pasaules probl\u0113m\u0101m. Da\u017eas katastrofas notiek p\u0113k\u0161\u0146i, bet citas velkas un sl\u0113pjas: gal\u0113ji lab\u0113jo sp\u0113ku pieaugums, demokr\u0101tiju likvid\u0113\u0161ana, viltus zi\u0146as, klimata p\u0101rmai\u0146as. T\u0101s ir tik vecas, aizmirstas un normaliz\u0113tas katastrofas, ka neviens vairs negrib par t\u0101m dzird\u0113t.<\/p>\n\n\n\n<p>Fotogr\u0101fi jau kop\u0161 medija izgudro\u0161anas vienm\u0113r biju\u0161i kl\u0101teso\u0161i k\u0101 liecinieki. Tom\u0113r vi\u0146u loma main\u0101s, t\u0101pat k\u0101 att\u012bst\u0101s katastrofu veidi. Lai ar\u012b notikumu fiks\u0113\u0161anai vienm\u0113r b\u016bs iz\u0161\u0137iro\u0161a noz\u012bme, tom\u0113r ar\u012b fotogr\u0101fiem ir j\u0101piel\u0101gojas, atpaz\u012bstot taktikas un telpas, izmantojot att\u0113lus, att\u0113lojot, esot kl\u0101t kopien\u0101m, nevis t\u0101s tikai fotograf\u0113jot. M\u016bsdien\u0101s vizu\u0101lie m\u0101kslinieki dokument\u0113 protestus un post-\u017eurn\u0101listikas fotogr\u0101fi veido m\u0101kslas gr\u0101matas, da\u017ei r\u012bko fotograf\u0113\u0161anas darbn\u012bcas b\u0113rniem konfliktu plos\u012btos rajonos. Bet vai m\u0113s varam teikt, ka fotogr\u0101fi ir pie\u0146\u0113mu\u0161i soci\u0101lo un \u0113tisko pav\u0113rsienu?<\/p>\n\n\n\n<p>Diskusijas laik\u0101 m\u0113s apl\u016bkosim da\u017e\u0101du vizu\u0101lo prak\u0161u b\u016bt\u012bbu ikdienas katastrofu kontekst\u0101. Atceroties D\u017eo Spensa v\u0101rdus par to, ka fotogr\u0101fi vienm\u0113r tiek iegremd\u0113ti politik\u0101, m\u0113s p\u0101rdom\u0101sim vi\u0146u main\u012bgo lomu m\u016bsdienu pasaul\u0113.<\/p>\n\n\n<div class=\"swiper-container\">\n    <div class=\"swiper-wrapper\">\n              <div class=\"swiper-slide\">\n          <figure class=\"wp-caption alignnone\">\n            <a href=\"https:\/\/rigasfotomenesis.lv\/2021\/wp-content\/uploads\/sites\/2\/2021\/04\/APP_002Alicja-Lesiak-1.jpg\">\n              <img loading=\"lazy\" decoding=\"async\" width=\"2500\" height=\"1667\" src=\"https:\/\/rigasfotomenesis.lv\/2021\/wp-content\/uploads\/sites\/2\/2021\/04\/APP_002Alicja-Lesiak-1.jpg\" class=\"attachment-full size-full\" alt=\"\" srcset=\"https:\/\/rigasfotomenesis.lv\/2021\/wp-content\/uploads\/sites\/2\/2021\/04\/APP_002Alicja-Lesiak-1.jpg 2500w, https:\/\/rigasfotomenesis.lv\/2021\/wp-content\/uploads\/sites\/2\/2021\/04\/APP_002Alicja-Lesiak-1-300x200.jpg 300w, https:\/\/rigasfotomenesis.lv\/2021\/wp-content\/uploads\/sites\/2\/2021\/04\/APP_002Alicja-Lesiak-1-1024x683.jpg 1024w, https:\/\/rigasfotomenesis.lv\/2021\/wp-content\/uploads\/sites\/2\/2021\/04\/APP_002Alicja-Lesiak-1-768x512.jpg 768w, https:\/\/rigasfotomenesis.lv\/2021\/wp-content\/uploads\/sites\/2\/2021\/04\/APP_002Alicja-Lesiak-1-1536x1024.jpg 1536w, https:\/\/rigasfotomenesis.lv\/2021\/wp-content\/uploads\/sites\/2\/2021\/04\/APP_002Alicja-Lesiak-1-2048x1366.jpg 2048w\" sizes=\"auto, (max-width: 2500px) 100vw, 2500px\" \/>\n            <\/a>\n                          <figcaption class=\"wp-caption-text\">Alicja Le\u0161aka<\/figcaption>\n                      <\/figure>\n        <\/div>\n              <div class=\"swiper-slide\">\n          <figure class=\"wp-caption alignnone\">\n            <a href=\"https:\/\/rigasfotomenesis.lv\/2021\/wp-content\/uploads\/sites\/2\/2021\/04\/APP_009Dawid-Zielin\u0301ski-1.jpg\">\n              <img loading=\"lazy\" decoding=\"async\" width=\"2500\" height=\"1667\" src=\"https:\/\/rigasfotomenesis.lv\/2021\/wp-content\/uploads\/sites\/2\/2021\/04\/APP_009Dawid-Zielin\u0301ski-1.jpg\" class=\"attachment-full size-full\" alt=\"\" srcset=\"https:\/\/rigasfotomenesis.lv\/2021\/wp-content\/uploads\/sites\/2\/2021\/04\/APP_009Dawid-Zielin\u0301ski-1.jpg 2500w, https:\/\/rigasfotomenesis.lv\/2021\/wp-content\/uploads\/sites\/2\/2021\/04\/APP_009Dawid-Zielin\u0301ski-1-300x200.jpg 300w, https:\/\/rigasfotomenesis.lv\/2021\/wp-content\/uploads\/sites\/2\/2021\/04\/APP_009Dawid-Zielin\u0301ski-1-1024x683.jpg 1024w, https:\/\/rigasfotomenesis.lv\/2021\/wp-content\/uploads\/sites\/2\/2021\/04\/APP_009Dawid-Zielin\u0301ski-1-768x512.jpg 768w, https:\/\/rigasfotomenesis.lv\/2021\/wp-content\/uploads\/sites\/2\/2021\/04\/APP_009Dawid-Zielin\u0301ski-1-1536x1024.jpg 1536w, https:\/\/rigasfotomenesis.lv\/2021\/wp-content\/uploads\/sites\/2\/2021\/04\/APP_009Dawid-Zielin\u0301ski-1-2048x1366.jpg 2048w\" sizes=\"auto, (max-width: 2500px) 100vw, 2500px\" \/>\n            <\/a>\n                          <figcaption class=\"wp-caption-text\">D\u0101vids Ze\u013cinskis<\/figcaption>\n                      <\/figure>\n        <\/div>\n              <div class=\"swiper-slide\">\n          <figure class=\"wp-caption alignnone\">\n            <a href=\"https:\/\/rigasfotomenesis.lv\/2021\/wp-content\/uploads\/sites\/2\/2021\/04\/APP_013Michalina-Kuczyn\u0301ska-1.jpg\">\n              <img loading=\"lazy\" decoding=\"async\" width=\"1664\" height=\"2500\" src=\"https:\/\/rigasfotomenesis.lv\/2021\/wp-content\/uploads\/sites\/2\/2021\/04\/APP_013Michalina-Kuczyn\u0301ska-1.jpg\" class=\"attachment-full size-full\" alt=\"\" srcset=\"https:\/\/rigasfotomenesis.lv\/2021\/wp-content\/uploads\/sites\/2\/2021\/04\/APP_013Michalina-Kuczyn\u0301ska-1.jpg 1664w, https:\/\/rigasfotomenesis.lv\/2021\/wp-content\/uploads\/sites\/2\/2021\/04\/APP_013Michalina-Kuczyn\u0301ska-1-200x300.jpg 200w, https:\/\/rigasfotomenesis.lv\/2021\/wp-content\/uploads\/sites\/2\/2021\/04\/APP_013Michalina-Kuczyn\u0301ska-1-682x1024.jpg 682w, https:\/\/rigasfotomenesis.lv\/2021\/wp-content\/uploads\/sites\/2\/2021\/04\/APP_013Michalina-Kuczyn\u0301ska-1-768x1154.jpg 768w, https:\/\/rigasfotomenesis.lv\/2021\/wp-content\/uploads\/sites\/2\/2021\/04\/APP_013Michalina-Kuczyn\u0301ska-1-1022x1536.jpg 1022w, https:\/\/rigasfotomenesis.lv\/2021\/wp-content\/uploads\/sites\/2\/2021\/04\/APP_013Michalina-Kuczyn\u0301ska-1-1363x2048.jpg 1363w\" sizes=\"auto, (max-width: 1664px) 100vw, 1664px\" \/>\n            <\/a>\n                          <figcaption class=\"wp-caption-text\">Mihalina Ku\u010di\u0146ska<\/figcaption>\n                      <\/figure>\n        <\/div>\n              <div class=\"swiper-slide\">\n          <figure class=\"wp-caption alignnone\">\n            <a href=\"https:\/\/rigasfotomenesis.lv\/2021\/wp-content\/uploads\/sites\/2\/2021\/04\/APP_014Lukasz-GLowala-1.jpg\">\n              <img loading=\"lazy\" decoding=\"async\" width=\"1667\" height=\"2500\" src=\"https:\/\/rigasfotomenesis.lv\/2021\/wp-content\/uploads\/sites\/2\/2021\/04\/APP_014Lukasz-GLowala-1.jpg\" class=\"attachment-full size-full\" alt=\"\" srcset=\"https:\/\/rigasfotomenesis.lv\/2021\/wp-content\/uploads\/sites\/2\/2021\/04\/APP_014Lukasz-GLowala-1.jpg 1667w, https:\/\/rigasfotomenesis.lv\/2021\/wp-content\/uploads\/sites\/2\/2021\/04\/APP_014Lukasz-GLowala-1-200x300.jpg 200w, https:\/\/rigasfotomenesis.lv\/2021\/wp-content\/uploads\/sites\/2\/2021\/04\/APP_014Lukasz-GLowala-1-683x1024.jpg 683w, https:\/\/rigasfotomenesis.lv\/2021\/wp-content\/uploads\/sites\/2\/2021\/04\/APP_014Lukasz-GLowala-1-768x1152.jpg 768w, https:\/\/rigasfotomenesis.lv\/2021\/wp-content\/uploads\/sites\/2\/2021\/04\/APP_014Lukasz-GLowala-1-1024x1536.jpg 1024w, https:\/\/rigasfotomenesis.lv\/2021\/wp-content\/uploads\/sites\/2\/2021\/04\/APP_014Lukasz-GLowala-1-1366x2048.jpg 1366w\" sizes=\"auto, (max-width: 1667px) 100vw, 1667px\" \/>\n            <\/a>\n                          <figcaption class=\"wp-caption-text\">Luka\u0161s Glovala<\/figcaption>\n                      <\/figure>\n        <\/div>\n              <div class=\"swiper-slide\">\n          <figure class=\"wp-caption alignnone\">\n            <a href=\"https:\/\/rigasfotomenesis.lv\/2021\/wp-content\/uploads\/sites\/2\/2021\/04\/APP_016Rafal-Milach-2.jpg\">\n              <img loading=\"lazy\" decoding=\"async\" width=\"2500\" height=\"1984\" src=\"https:\/\/rigasfotomenesis.lv\/2021\/wp-content\/uploads\/sites\/2\/2021\/04\/APP_016Rafal-Milach-2.jpg\" class=\"attachment-full size-full\" alt=\"\" srcset=\"https:\/\/rigasfotomenesis.lv\/2021\/wp-content\/uploads\/sites\/2\/2021\/04\/APP_016Rafal-Milach-2.jpg 2500w, https:\/\/rigasfotomenesis.lv\/2021\/wp-content\/uploads\/sites\/2\/2021\/04\/APP_016Rafal-Milach-2-300x238.jpg 300w, https:\/\/rigasfotomenesis.lv\/2021\/wp-content\/uploads\/sites\/2\/2021\/04\/APP_016Rafal-Milach-2-1024x813.jpg 1024w, https:\/\/rigasfotomenesis.lv\/2021\/wp-content\/uploads\/sites\/2\/2021\/04\/APP_016Rafal-Milach-2-768x609.jpg 768w, https:\/\/rigasfotomenesis.lv\/2021\/wp-content\/uploads\/sites\/2\/2021\/04\/APP_016Rafal-Milach-2-1536x1219.jpg 1536w, https:\/\/rigasfotomenesis.lv\/2021\/wp-content\/uploads\/sites\/2\/2021\/04\/APP_016Rafal-Milach-2-2048x1625.jpg 2048w\" sizes=\"auto, (max-width: 2500px) 100vw, 2500px\" \/>\n            <\/a>\n                          <figcaption class=\"wp-caption-text\">Rafals Milahs<\/figcaption>\n                      <\/figure>\n        <\/div>\n              <div class=\"swiper-slide\">\n          <figure class=\"wp-caption alignnone\">\n            <a href=\"https:\/\/rigasfotomenesis.lv\/2021\/wp-content\/uploads\/sites\/2\/2021\/04\/APP_007Chris-Niedenthal-1-1.jpg\">\n              <img loading=\"lazy\" decoding=\"async\" width=\"1500\" height=\"1000\" src=\"https:\/\/rigasfotomenesis.lv\/2021\/wp-content\/uploads\/sites\/2\/2021\/04\/APP_007Chris-Niedenthal-1-1.jpg\" class=\"attachment-full size-full\" alt=\"\" srcset=\"https:\/\/rigasfotomenesis.lv\/2021\/wp-content\/uploads\/sites\/2\/2021\/04\/APP_007Chris-Niedenthal-1-1.jpg 1500w, https:\/\/rigasfotomenesis.lv\/2021\/wp-content\/uploads\/sites\/2\/2021\/04\/APP_007Chris-Niedenthal-1-1-300x200.jpg 300w, https:\/\/rigasfotomenesis.lv\/2021\/wp-content\/uploads\/sites\/2\/2021\/04\/APP_007Chris-Niedenthal-1-1-1024x683.jpg 1024w, https:\/\/rigasfotomenesis.lv\/2021\/wp-content\/uploads\/sites\/2\/2021\/04\/APP_007Chris-Niedenthal-1-1-768x512.jpg 768w\" sizes=\"auto, (max-width: 1500px) 100vw, 1500px\" \/>\n            <\/a>\n                          <figcaption class=\"wp-caption-text\">Kriss N\u012bdent\u0101ls<\/figcaption>\n                      <\/figure>\n        <\/div>\n              <div class=\"swiper-slide\">\n          <figure class=\"wp-caption alignnone\">\n            <a href=\"https:\/\/rigasfotomenesis.lv\/2021\/wp-content\/uploads\/sites\/2\/2021\/04\/APP_006Joanna-Musial-1.jpg\">\n              <img loading=\"lazy\" decoding=\"async\" width=\"1667\" height=\"2500\" src=\"https:\/\/rigasfotomenesis.lv\/2021\/wp-content\/uploads\/sites\/2\/2021\/04\/APP_006Joanna-Musial-1.jpg\" class=\"attachment-full size-full\" alt=\"\" srcset=\"https:\/\/rigasfotomenesis.lv\/2021\/wp-content\/uploads\/sites\/2\/2021\/04\/APP_006Joanna-Musial-1.jpg 1667w, https:\/\/rigasfotomenesis.lv\/2021\/wp-content\/uploads\/sites\/2\/2021\/04\/APP_006Joanna-Musial-1-200x300.jpg 200w, https:\/\/rigasfotomenesis.lv\/2021\/wp-content\/uploads\/sites\/2\/2021\/04\/APP_006Joanna-Musial-1-683x1024.jpg 683w, https:\/\/rigasfotomenesis.lv\/2021\/wp-content\/uploads\/sites\/2\/2021\/04\/APP_006Joanna-Musial-1-768x1152.jpg 768w, https:\/\/rigasfotomenesis.lv\/2021\/wp-content\/uploads\/sites\/2\/2021\/04\/APP_006Joanna-Musial-1-1024x1536.jpg 1024w, https:\/\/rigasfotomenesis.lv\/2021\/wp-content\/uploads\/sites\/2\/2021\/04\/APP_006Joanna-Musial-1-1366x2048.jpg 1366w\" sizes=\"auto, (max-width: 1667px) 100vw, 1667px\" \/>\n            <\/a>\n                          <figcaption class=\"wp-caption-text\">Joanna Mu\u0161ala<\/figcaption>\n                      <\/figure>\n        <\/div>\n          <\/div>\n          <div class=\"swiper-button-prev\"><\/div>\n      <div class=\"swiper-button-next\"><\/div>\n      <\/div>\n\n\n\n<p><\/p>\n\n\n\n<div class=\"wp-block-image\"><figure class=\"aligncenter size-medium\"><img loading=\"lazy\" decoding=\"async\" width=\"225\" height=\"300\" src=\"https:\/\/rigasfotomenesis.lv\/wp-content\/uploads\/2021\/04\/Tanvi-Mishra-\u00a9-Aditya-Kapoor-1-225x300.jpg\" alt=\"\" class=\"wp-image-444\" srcset=\"https:\/\/rigasfotomenesis.lv\/2021\/wp-content\/uploads\/sites\/2\/2021\/04\/Tanvi-Mishra-\u00a9-Aditya-Kapoor-1-225x300.jpg 225w, https:\/\/rigasfotomenesis.lv\/2021\/wp-content\/uploads\/sites\/2\/2021\/04\/Tanvi-Mishra-\u00a9-Aditya-Kapoor-1.jpg 375w\" sizes=\"auto, (max-width: 225px) 100vw, 225px\" \/><figcaption>Tanvi Mi\u0161ra<\/figcaption><\/figure><\/div>\n\n\n\n<p>Tanvi Mi\u0161ra ir fotoredaktore, kuratore un rakstniece no Deli. Vi\u0146as intere\u0161u lok\u0101 ir reprezent\u0101cijas politika fotogr\u0101fijas medij\u0101 un t\u0101 ietekme uz Dienvid\u0101zijas v\u0113sturi un narat\u012bviem, k\u0101 ar\u012b fantastikas j\u0113dziens fotogr\u0101fij\u0101, it \u012bpa\u0161i pa\u0161reiz\u0113j\u0101 politiskaj\u0101 ainav\u0101. \u0160obr\u012bd Mi\u0161ra str\u0101d\u0101 k\u0101 Deli izdot\u0101 politikas un kult\u016bras \u017eurn\u0101la <em>The Caravan<\/em> rado\u0161\u0101 direktore. Vi\u0146a str\u0101d\u0101jusi <em>Hindu Photojournalism Awards 2019 <\/em>\u017e\u016brij\u0101, <em>World Press Photo\u2019s Joop Swart<\/em> <em>Masterclass<\/em> atlases komisij\u0101 un bijusi <em>Greenpeace Photo Award 2018<\/em> kuratore. Vi\u0146a ir ar\u012b 2019. gada <em>Women Photograph<\/em> programmas mentore.<\/p>\n\n\n\n<div class=\"wp-block-image\"><figure class=\"aligncenter size-medium is-resized\"><img loading=\"lazy\" decoding=\"async\" src=\"https:\/\/rigasfotomenesis.lv\/wp-content\/uploads\/2021\/04\/NinaBerman_head-1-214x300.jpg\" alt=\"\" class=\"wp-image-445\" width=\"248\" height=\"348\" srcset=\"https:\/\/rigasfotomenesis.lv\/2021\/wp-content\/uploads\/sites\/2\/2021\/04\/NinaBerman_head-1-214x300.jpg 214w, https:\/\/rigasfotomenesis.lv\/2021\/wp-content\/uploads\/sites\/2\/2021\/04\/NinaBerman_head-1-729x1024.jpg 729w, https:\/\/rigasfotomenesis.lv\/2021\/wp-content\/uploads\/sites\/2\/2021\/04\/NinaBerman_head-1-768x1078.jpg 768w, https:\/\/rigasfotomenesis.lv\/2021\/wp-content\/uploads\/sites\/2\/2021\/04\/NinaBerman_head-1-1094x1536.jpg 1094w, https:\/\/rigasfotomenesis.lv\/2021\/wp-content\/uploads\/sites\/2\/2021\/04\/NinaBerman_head-1-1459x2048.jpg 1459w, https:\/\/rigasfotomenesis.lv\/2021\/wp-content\/uploads\/sites\/2\/2021\/04\/NinaBerman_head-1-scaled.jpg 1823w\" sizes=\"auto, (max-width: 248px) 100vw, 248px\" \/><figcaption>Nina Bermane<\/figcaption><\/figure><\/div>\n\n\n\n<p>Nina Bermane ir dokument\u0101l\u0101 fotogr\u0101fe, filmu veidot\u0101ja, autore un pedago\u0123e no ASV. Vi\u0146as pla\u0161\u0101 spektra darbi velt\u012bti t\u0101d\u0101m t\u0113m\u0101m k\u0101 Amerikas politika, milit\u0101risms, p\u0113c-vardarb\u012bbas traumas un pretest\u012bba. Vi\u0146as fotogr\u0101fijas un videoklipi ir izst\u0101d\u012bti vair\u0101k nek\u0101 100 viet\u0101s &#8211; no Za&#8217;atari b\u0113g\u013cu nometnes dro\u0161\u012bbas sien\u0101m l\u012bdz Vitnijas Amerik\u0101\u0146u m\u0101kslas muzejam. Bermane ir fotogr\u0101fijas un filmu kolekt\u012bva <em>NOOR Images<\/em> biedre un profesore Kolumbijas Universit\u0101tes \u017durn\u0101listikas augstskol\u0101, kur vada fotogr\u0101fijas programmu.<\/p>\n\n\n\n<p>Mohameds Z\u0101nons ir fotogr\u0101fs, kas dz\u012bvo Gazas pils\u0113t\u0101, un <em>Activestills<\/em> kolekt\u012bva loceklis kop\u0161 2018. gada. Vi\u0146\u0161 ir str\u0101d\u0101jis da\u017e\u0101d\u0101s mediju a\u0123ent\u016br\u0101s, tostarp <em>Maan News<\/em> un <em>Nur Photo Agency<\/em>, un sadarbojies ar t\u0101d\u0101m NVO k\u0101 <em>Medecins Sans Fronti\u00e8res<\/em>. 2012. gad\u0101 vi\u0146\u0161 vad\u012bja mediju darbn\u012bcu Z\u0101tari b\u0113g\u013cu nometn\u0113 Jord\u0101nij\u0101. <\/p>\n\n\n\n<div class=\"wp-block-image\"><figure class=\"aligncenter size-medium\"><img loading=\"lazy\" decoding=\"async\" width=\"229\" height=\"300\" src=\"https:\/\/rigasfotomenesis.lv\/wp-content\/uploads\/2021\/04\/karolina-g-1-229x300.jpg\" alt=\"\" class=\"wp-image-446\" srcset=\"https:\/\/rigasfotomenesis.lv\/2021\/wp-content\/uploads\/sites\/2\/2021\/04\/karolina-g-1-229x300.jpg 229w, https:\/\/rigasfotomenesis.lv\/2021\/wp-content\/uploads\/sites\/2\/2021\/04\/karolina-g-1-782x1024.jpg 782w, https:\/\/rigasfotomenesis.lv\/2021\/wp-content\/uploads\/sites\/2\/2021\/04\/karolina-g-1-768x1006.jpg 768w, https:\/\/rigasfotomenesis.lv\/2021\/wp-content\/uploads\/sites\/2\/2021\/04\/karolina-g-1.jpg 920w\" sizes=\"auto, (max-width: 229px) 100vw, 229px\" \/><figcaption>Karol\u012bna Gembara<\/figcaption><\/figure><\/div>\n\n\n\n<p>Karol\u012bna Gembara ir po\u013cu fotogr\u0101fe un p\u0113tniece. Vi\u0146as darbi saist\u012bti ar m\u0101j\u0101m, pieder\u012bbu, migr\u0101ciju, valsts un identit\u0101tes mai\u0146u. P\u0113d\u0113j\u0101 laik\u0101 vi\u0146a ir fokus\u0113jusies uz politisko situ\u0101ciju sav\u0101 valst\u012b. Vi\u0146u interes\u0113 izmantot fotogr\u0101fiju k\u0101 instrumentu, ieganstu sadarb\u012bbai un procesu rad\u012b\u0161anai. 2013. gad\u0101 vi\u0146a izdeva savu pirmo gr\u0101matu <em>Fitting Rooms<\/em>, kas atspogu\u013co sievie\u0161u lomu vi\u0146as paaudz\u0113. P\u0113d\u0113jo tr\u012bs gadu laik\u0101 vi\u0146a ir realiz\u0113jusi vair\u0101kus l\u012bdzdal\u012bbas projektus ar b\u0113g\u013ciem un migrantiem. Gembara sadarbojas ar <em>Archive of<\/em> <em>Public Protest<\/em> \u2013 arh\u012bva fotogr\u0101fi dokument\u0113 politisko spriedzi Polij\u0101. Vi\u0146a ir ar\u012b <em>Sputnik Photos<\/em> dal\u012bbniece un mentoringa programmas pasniedz\u0113ja.<\/p>\n\n\n<p><\/p><center><iframe loading=\"lazy\" src=\"https:\/\/www.youtube.com\/embed\/rWcNAQnFv9Y\" title=\"YouTube video player\" allow=\"accelerometer; autoplay; clipboard-write; encrypted-media; gyroscope; picture-in-picture\" allowfullscreen=\"\" width=\"560\" height=\"315\" frameborder=\"0\"><\/iframe><\/center><p><\/p>","protected":false},"featured_media":439,"template":"","event_tag":[41],"class_list":["post-435","event","type-event","status-publish","has-post-thumbnail","hentry","event_tag-diskusija"],"yoast_head":"<!-- This site is optimized with the Yoast SEO plugin v16.1.1 - https:\/\/yoast.com\/wordpress\/plugins\/seo\/ -->\n<title>Fotogr\u0101fi katastrofu laikmet\u0101 - Riga Photomonth 2021<\/title>\n<meta name=\"description\" content=\"Diskusija ar Tanvi Mi\u0161ru (Caravan Magazine, Indija), Mohamedu Z\u0101nounu un Ninu Bermanu (Noor Images, ASV). Sarunu moder\u0113s Karol\u012bna Gembara (Archive of Public Protests, Polija).\" \/>\n<link rel=\"canonical\" href=\"https:\/\/rigasfotomenesis.lv\/2021\/lv\/events\/fotografi-katastrofu-laikmeta\/\" \/>\n<meta property=\"og:locale\" content=\"en_US\" \/>\n<meta property=\"og:type\" content=\"article\" \/>\n<meta property=\"og:title\" content=\"Fotogr\u0101fi katastrofu laikmet\u0101 - Riga Photomonth 2021\" \/>\n<meta property=\"og:description\" content=\"Diskusija ar Tanvi Mi\u0161ru (Caravan Magazine, Indija), Mohamedu Z\u0101nounu un Ninu Bermanu (Noor Images, ASV). Sarunu moder\u0113s Karol\u012bna Gembara (Archive of Public Protests, Polija).\" \/>\n<meta property=\"og:url\" content=\"https:\/\/rigasfotomenesis.lv\/2021\/lv\/events\/fotografi-katastrofu-laikmeta\/\" \/>\n<meta property=\"og:site_name\" content=\"Riga Photomonth 2021\" \/>\n<meta property=\"article:publisher\" content=\"https:\/\/www.facebook.com\/RigaPhotomonth\" \/>\n<meta property=\"article:modified_time\" content=\"2021-05-31T18:36:02+00:00\" \/>\n<meta property=\"og:image\" content=\"https:\/\/rigasfotomenesis.lv\/2021\/wp-content\/uploads\/sites\/2\/2021\/04\/APP_016Rafal-Milach-2.jpg\" \/>\n\t<meta property=\"og:image:width\" content=\"2500\" \/>\n\t<meta property=\"og:image:height\" content=\"1984\" \/>\n<meta name=\"twitter:card\" content=\"summary_large_image\" \/>\n<meta name=\"twitter:label1\" content=\"Est. reading time\">\n\t<meta name=\"twitter:data1\" content=\"3 minutes\">\n<script type=\"application\/ld+json\" class=\"yoast-schema-graph\">{\"@context\":\"https:\/\/schema.org\",\"@graph\":[{\"@type\":\"Organization\",\"@id\":\"https:\/\/rigasfotomenesis.lv\/2021\/#organization\",\"name\":\"Society \\u201cRiga Photomonth\\u201d\",\"url\":\"https:\/\/rigasfotomenesis.lv\/2021\/\",\"sameAs\":[\"https:\/\/www.facebook.com\/RigaPhotomonth\",\"https:\/\/www.instagram.com\/rigaphotomonth\/\",\"https:\/\/www.youtube.com\/channel\/UC6c5PFSPCWtbaekT7icz3-A\"],\"logo\":{\"@type\":\"ImageObject\",\"@id\":\"https:\/\/rigasfotomenesis.lv\/2021\/#logo\",\"inLanguage\":\"en-US\",\"url\":\"https:\/\/rigasfotomenesis.lv\/wp-content\/uploads\/2021\/03\/logo2021.svg\",\"contentUrl\":\"https:\/\/rigasfotomenesis.lv\/wp-content\/uploads\/2021\/03\/logo2021.svg\",\"width\":70,\"height\":69,\"caption\":\"Society \\u201cRiga Photomonth\\u201d\"},\"image\":{\"@id\":\"https:\/\/rigasfotomenesis.lv\/2021\/#logo\"}},{\"@type\":\"WebSite\",\"@id\":\"https:\/\/rigasfotomenesis.lv\/2021\/#website\",\"url\":\"https:\/\/rigasfotomenesis.lv\/2021\/\",\"name\":\"Riga Photomonth\",\"description\":\"May 24\\u2013July 18\",\"publisher\":{\"@id\":\"https:\/\/rigasfotomenesis.lv\/2021\/#organization\"},\"potentialAction\":[{\"@type\":\"SearchAction\",\"target\":\"https:\/\/rigasfotomenesis.lv\/2021\/?s={search_term_string}\",\"query-input\":\"required name=search_term_string\"}],\"inLanguage\":\"en-US\"},{\"@type\":\"ImageObject\",\"@id\":\"https:\/\/rigasfotomenesis.lv\/2021\/lv\/events\/fotografi-katastrofu-laikmeta\/#primaryimage\",\"inLanguage\":\"en-US\",\"url\":\"https:\/\/rigasfotomenesis.lv\/2021\/wp-content\/uploads\/sites\/2\/2021\/04\/APP_016Rafal-Milach-2.jpg\",\"contentUrl\":\"https:\/\/rigasfotomenesis.lv\/2021\/wp-content\/uploads\/sites\/2\/2021\/04\/APP_016Rafal-Milach-2.jpg\",\"width\":2500,\"height\":1984,\"caption\":\"Rafals Milahs\"},{\"@type\":\"WebPage\",\"@id\":\"https:\/\/rigasfotomenesis.lv\/2021\/lv\/events\/fotografi-katastrofu-laikmeta\/#webpage\",\"url\":\"https:\/\/rigasfotomenesis.lv\/2021\/lv\/events\/fotografi-katastrofu-laikmeta\/\",\"name\":\"Fotogr\\u0101fi katastrofu laikmet\\u0101 - Riga Photomonth 2021\",\"isPartOf\":{\"@id\":\"https:\/\/rigasfotomenesis.lv\/2021\/#website\"},\"primaryImageOfPage\":{\"@id\":\"https:\/\/rigasfotomenesis.lv\/2021\/lv\/events\/fotografi-katastrofu-laikmeta\/#primaryimage\"},\"datePublished\":\"2021-05-03T09:03:22+00:00\",\"dateModified\":\"2021-05-31T18:36:02+00:00\",\"description\":\"Diskusija ar Tanvi Mi\\u0161ru (Caravan Magazine, Indija), Mohamedu Z\\u0101nounu un Ninu Bermanu (Noor Images, ASV). Sarunu moder\\u0113s Karol\\u012bna Gembara (Archive of Public Protests, Polija).\",\"breadcrumb\":{\"@id\":\"https:\/\/rigasfotomenesis.lv\/2021\/lv\/events\/fotografi-katastrofu-laikmeta\/#breadcrumb\"},\"inLanguage\":\"en-US\",\"potentialAction\":[{\"@type\":\"ReadAction\",\"target\":[\"https:\/\/rigasfotomenesis.lv\/2021\/lv\/events\/fotografi-katastrofu-laikmeta\/\"]}]},{\"@type\":\"BreadcrumbList\",\"@id\":\"https:\/\/rigasfotomenesis.lv\/2021\/lv\/events\/fotografi-katastrofu-laikmeta\/#breadcrumb\",\"itemListElement\":[{\"@type\":\"ListItem\",\"position\":1,\"item\":{\"@type\":\"WebPage\",\"@id\":\"https:\/\/rigasfotomenesis.lv\/2021\/\",\"url\":\"https:\/\/rigasfotomenesis.lv\/2021\/\",\"name\":\"Home\"}},{\"@type\":\"ListItem\",\"position\":2,\"item\":{\"@type\":\"WebPage\",\"@id\":\"https:\/\/rigasfotomenesis.lv\/2021\/lv\/events\/fotografi-katastrofu-laikmeta\/\",\"url\":\"https:\/\/rigasfotomenesis.lv\/2021\/lv\/events\/fotografi-katastrofu-laikmeta\/\",\"name\":\"Fotogr\\u0101fi katastrofu laikmet\\u0101\"}}]}]}<\/script>\n<!-- \/ Yoast SEO plugin. -->","_links":{"self":[{"href":"https:\/\/rigasfotomenesis.lv\/2021\/wp-json\/wp\/v2\/event\/435","targetHints":{"allow":["GET"]}}],"collection":[{"href":"https:\/\/rigasfotomenesis.lv\/2021\/wp-json\/wp\/v2\/event"}],"about":[{"href":"https:\/\/rigasfotomenesis.lv\/2021\/wp-json\/wp\/v2\/types\/event"}],"wp:featuredmedia":[{"embeddable":true,"href":"https:\/\/rigasfotomenesis.lv\/2021\/wp-json\/wp\/v2\/media\/439"}],"wp:attachment":[{"href":"https:\/\/rigasfotomenesis.lv\/2021\/wp-json\/wp\/v2\/media?parent=435"}],"wp:term":[{"taxonomy":"event_tag","embeddable":true,"href":"https:\/\/rigasfotomenesis.lv\/2021\/wp-json\/wp\/v2\/event_tag?post=435"}],"curies":[{"name":"wp","href":"https:\/\/api.w.org\/{rel}","templated":true}]}}