{"id":676,"date":"2021-06-23T09:58:48","date_gmt":"2021-06-23T06:58:48","guid":{"rendered":"https:\/\/rigasfotomenesis.lv\/?post_type=artist&#038;p=676"},"modified":"2021-06-23T09:58:49","modified_gmt":"2021-06-23T06:58:49","slug":"daniela-vetra","status":"publish","type":"artist","link":"https:\/\/rigasfotomenesis.lv\/2021\/lv\/artists\/daniela-vetra\/","title":{"rendered":"Daniela V\u0113tra"},"content":{"rendered":"\n<p>Daniela V\u0113tra ir m\u0101ksliniece, kuras darb\u012bbas lauks ietver performanci, <em>live art<\/em>, instal\u0101ciju un laikmet\u012bgo te\u0101tri. Daniela ir stud\u0113jusi m\u016bsdienu cirka m\u0101kslu <em>L\u2019Escola de Circ Rogelio Rivel<\/em> Barselon\u0101 un ap\u0123\u0113rbu dizainu R\u012bgas Dizaina un m\u0101kslas vidusskol\u0101. Vi\u0146as darbos \u0137ermenis vienm\u0113r ir centr\u0101lais objekts, ap kuru tiek b\u016bv\u0113tas da\u017e\u0101das telpisk\u0101s un audiovizu\u0101las pieredzes &#8211; t\u0101s veido ritu\u0101ls process, izpild\u012bt\u0101ja un skat\u012bt\u0101ja mijiedarb\u012bba, ekstr\u0113ms, fizisks p\u0101rbaud\u012bjums, kas risin\u0101s telp\u0101 un laik\u0101. M\u0101kslinieces darbi ir izr\u0101d\u012bti performances festiv\u0101los un galerij\u0101s Latvij\u0101, Igaunij\u0101, Sp\u0101nij\u0101, N\u012bderland\u0113, Gruzij\u0101 un Somij\u0101.<\/p>\n\n\n\n<p>Danielas V\u0113tras performance <em>Man ar\u012b b\u016btu bail<\/em> norisin\u0101sies 15. j\u016blij\u0101 plkst. 22:00 \u0101rtelp\u0101 pie <em>Free Riga<\/em> \u0113kas Viska\u013cu iel\u0101, festiv\u0101la <em>R\u012bgas Fotom\u0113nesis 2021<\/em> ietvaros. Tas veidots k\u0101 dialogs pa\u0161ai ar sevi sav\u0101 simboliskaj\u0101 2 x 2 m dro\u0161\u0101s telpas \u201ccell\u0113\u201d. Ar \u0161o darbu autore v\u0113las izgaismot savu iek\u0161\u0113jo konfliktu un atkl\u0101t savas bailes, ieskat\u012bties tai realitat\u0113, kur\u0101 non\u0101k cilv\u0113ki, kas uzdro\u0161in\u0101s c\u012bn\u012bties, atkl\u0101t varo\u0146a seju un cenu, ko tie maks\u0101 par savu drosmi.<\/p>\n\n\n\n<p><strong>K\u0101 rad\u0101s ideja tavai performancei?<\/strong><\/p>\n\n\n\n<p>Var\u0113tu teikt, ka performance\/instal\u0101cija <em>Man ar\u012b b\u016btu bail<\/em> ir atbilde jaut\u0101jumam, ko uzdodu sev kop\u0161 jaun\u0101s <em>Covid<\/em> realit\u0101tes s\u0101kuma &#8211; K\u0101p\u0113c es nec\u012bnos? \u0160o darbu ir iedvesmoju\u0161i\u00a0<em>Black Lives Matter<\/em>\u00a0protestu kust\u012bba, Baltkrievijas br\u012bv\u012bbas c\u012b\u0146as, Polijas sievietes, kas nebeidz c\u012bn\u012bties un, visbeidzot, Tukuma dedzin\u0101\u0161ana. Es nev\u0113los veidot politisku darbu burtisk\u0101 noz\u012bm\u0113, bet gan t\u0101du k\u0101 savu darb\u012bbu vai \u0161in\u012b gad\u012bjum\u0101 &#8211; bezdarb\u012bbu, dekonstrukciju, kas balst\u0101s man\u0101 iek\u0161\u0113j\u0101 konflikt\u0101, kur c\u012b\u0146a notiek starp pa\u0161saglab\u0101\u0161an\u0101s instinktu un v\u0113lmi iemiesot idealiz\u0113to varo\u0146a t\u0113lu, t\u0101du k\u0101, piem\u0113ram, \u017danis Lipke, vai dz\u012bvot savu komfortablo dz\u012bvi. \u0160o darbu var\u0113tu aprakst\u012bt k\u0101 savdab\u012bgu gr\u0113ks\u016bdzi &#8211; atz\u012b\u0161anos sav\u0101s bail\u0113s, v\u0101jum\u0101, bet ar\u012b savos centienos b\u016bt lab\u0101kai.<\/p>\n\n\n\n<p><strong>No p\u0113d\u0113j\u0101 laika soci\u0101lpolitiskajiem satricin\u0101jumiem, kas tevi uztrauc visvair\u0101k?<\/strong><\/p>\n\n\n\n<p>Nenoliedzami var teikt, ka p\u0113d\u0113j\u0101 gada \u0161\u0137\u0113rsgriezum\u0101 ir daudz dramatisku, pr\u0101tam neaptveramu notikumu, par ko m\u016bs \u013coti uzc\u012bt\u012bgi inform\u0113 zi\u0146as un soci\u0101lie mediji. Nosaukt vienu vien\u012bgu b\u016btu neadekv\u0101ti, t\u0101d\u0113\u013c es v\u0113l\u0113tos atbild\u0113t cit\u0101di &#8211; mani visvair\u0101k satrauc hiper-agres\u012bvi eksploz\u012bvais diskurss. Nepamet saj\u016bta, ka st\u0101vu uz bumbas ar laika degli. Varb\u016bt t\u0101d\u0113\u013c ar\u012b radies \u0161is darbs, k\u0101 t\u0101ds kaujas iedvesmas sauciens, jo liekas, ka dr\u012bz vien b\u016bs j\u0101c\u012bn\u0101s. \u0160\u012b agresija ir nov\u0113rojama ne tikai politisk\u0101 l\u012bmen\u012b, bet ar\u012b visvienkar\u0161akaj\u0101 inform\u0101cijas apmai\u0146\u0101 &#8211; visi rej, rej no vis\u0101m pus\u0113m, un tik \u013coti, ka ir gr\u016bti nov\u0113rot sapr\u0101ta kl\u0101tb\u016btni, vai vismaz konstrukt\u012bvu anal\u012btisku dom\u0101\u0161anu. Piesedzoties ar emp\u0101tiju, karstie <em>topiki<\/em> tiek apspriesti veid\u0101, kas tikai vairo agresiju. Ir saj\u016bta, ka sabiedr\u012bba b\u016btu p\u0101rdoz\u0113jusi stero\u012bdus, un tas viss risin\u0101s \u013coti \u0161aur\u0101 dz\u012bves telp\u0101\u2026 Tas mani satrauc visvair\u0101k.<\/p>\n\n\n\n<p><strong>Cik \u013coti tev ir svar\u012bgi izaicin\u0101t skat\u012bt\u0101ju?<\/strong><\/p>\n\n\n\n<p>Tas ir atkar\u012bgs no darba. Man nepat\u012bk neviena forma, kas past\u0101v t\u012bri pa\u0161t\u012bksmin\u0101\u0161an\u0101s d\u0113\u013c. Ja provok\u0101cija un psiholo\u0123isks spiediens ir nepiecie\u0161ami, lai nodotu konkr\u0113t\u0101 darba v\u0113st\u012bjumu, tad es nebaidos to izmantot. Es dom\u0101ju, ja runa ir par izaicin\u0101\u0161anu, tad m\u0101ksliniekam ir jauz\u0146emas atbild\u012bba ar\u012b par p\u0113creakciju. L\u012bdz ar to, izaicinot skat\u012bt\u0101ju, ir j\u0101zina, kur tie\u0161i tu vi\u0146u v\u0113lies aizvest, un tas j\u0101dara apzin\u0101ti. T\u0101 bliezt ar \u0101muru pa galvu, ir t\u0101ds&nbsp;<em>easy way out<\/em>, ta\u010du es stipri ap\u0161aubu &#8211; vai tas ir veids, kas pan\u0101ks v\u0113lamo rezult\u0101tu.<\/p>\n\n\n\n<p><strong>K\u0101das ir tavas attiec\u012bbas ar fotogr\u0101fiju?<\/strong><\/p>\n\n\n\n<p>T\u0101 k\u0101 mans medijs ir dz\u012bv\u0101 m\u0101ksla, tad fotogr\u0101fija un video ir vien\u012bg\u0101 forma, k\u0101 mans darbs sp\u0113j dz\u012bvot t\u0101l\u0101k. Caur att\u0113lu, iedom\u0101tu vai re\u0101lu, ar\u012b veidoju un att\u012bstu savus darbus. \u0160aj\u0101 darb\u0101, ko b\u016bs iesp\u0113jams apl\u016bkot 15. j\u016blij\u0101, gan divos citos projektos, pie kuriem \u0161obr\u012bd str\u0101d\u0101ju, fotogr\u0101fija b\u016bs ne tikai dokument\u0101cijas forma, bet ar\u012b fundament\u0101la vides instal\u0101cijas sast\u0101vda\u013ca. T\u0101 ne tikai atspogu\u013cos ideju un t\u0113lu, bet ar\u012b b\u016bs noz\u012bm\u012bga da\u013ca manas fizisk\u0101s valodas izveid\u0113. T\u0101 tiks balst\u012bta manis izveidotaj\u0101 att\u0113lu kr\u0101jum\u0101, kas atspogu\u013co protest\u0113t\u0101jus, vi\u0146u pozas un m\u012bmiku.<\/p>\n\n\n\n<p><strong>K\u0101di ir tavi tuv\u0101kie rado\u0161ie pl\u0101ni?<\/strong><\/p>\n\n\n\n<p>Tie\u0161i p\u0113c \u0161\u012b performances es do\u0161os uz P\u0113rnavu piedal\u012bties <em>Parnu Art Week<\/em>, kur kop\u0101 ar m\u0101kslinieku Art\u016bru Virtmani test\u0113sim m\u016bsu jaun\u0101k\u0101 darba <em>Love Is a Dog Frm Hell<\/em> pilotversiju. P\u0113rnava mums ir k\u013cuvusi par t\u0101du k\u0101&nbsp;<em>testing ground<\/em>, kur\u0101 mes at\u013caujamies eksperiment\u0113t ar darbiem, ko v\u0113l\u0101k, liel\u0101k\u0101 m\u0113rog\u0101, realiz\u0113jam citur. V\u0113l\u0101k MABOCA bus iesp\u0113jams piedz\u012bvot m\u016bsu \u0161\u0137\u0113pu performanci, bet nu jau piln\u012bgi cit\u0101&nbsp;<em>amplu\u0101.<\/em>&nbsp;Ja finansi\u0101lie dievi b\u016bs labv\u0113l\u012bgi, varb\u016bt v\u0113l \u0161ovasar b\u016bs iesp\u0113ja redz\u0113t manu instal\u0101ciju\/performanci <em>Zayebalastan<\/em>. Es \u013coti ceru uz to, jo tas ir darbs mums visiem, t\u0101 ir v\u012bziju manifest\u0101cija, ko veidotu daudzi cilv\u0113ki kop\u0101 &#8211; templis jaunai pasaulei.<\/p>\n","protected":false},"excerpt":{"rendered":"<p>Person\u012bga atz\u012b\u0161an\u0101s par uzdro\u0161in\u0101\u0161anos c\u012bn\u012bties. <\/p>\n","protected":false},"featured_media":678,"template":"","class_list":["post-676","artist","type-artist","status-publish","has-post-thumbnail","hentry"],"yoast_head":"<!-- This site is optimized with the Yoast SEO plugin v16.1.1 - https:\/\/yoast.com\/wordpress\/plugins\/seo\/ -->\n<title>Daniela V\u0113tra - Riga Photomonth 2021<\/title>\n<link rel=\"canonical\" href=\"https:\/\/rigasfotomenesis.lv\/2021\/lv\/artists\/daniela-vetra\/\" \/>\n<meta property=\"og:locale\" content=\"en_US\" \/>\n<meta property=\"og:type\" content=\"article\" \/>\n<meta property=\"og:title\" content=\"Daniela V\u0113tra - Riga Photomonth 2021\" \/>\n<meta property=\"og:description\" content=\"Person\u012bga atz\u012b\u0161an\u0101s par uzdro\u0161in\u0101\u0161anos c\u012bn\u012bties.\" \/>\n<meta property=\"og:url\" content=\"https:\/\/rigasfotomenesis.lv\/2021\/lv\/artists\/daniela-vetra\/\" \/>\n<meta property=\"og:site_name\" content=\"Riga Photomonth 2021\" \/>\n<meta property=\"article:publisher\" content=\"https:\/\/www.facebook.com\/RigaPhotomonth\" \/>\n<meta property=\"article:modified_time\" content=\"2021-06-23T06:58:49+00:00\" \/>\n<meta property=\"og:image\" content=\"https:\/\/rigasfotomenesis.lv\/2021\/wp-content\/uploads\/sites\/2\/2021\/06\/M-A-B-B-poster-1-scaled.jpg\" \/>\n\t<meta property=\"og:image:width\" content=\"2560\" \/>\n\t<meta property=\"og:image:height\" content=\"1673\" \/>\n<meta name=\"twitter:card\" content=\"summary_large_image\" \/>\n<meta name=\"twitter:label1\" content=\"Est. reading time\">\n\t<meta name=\"twitter:data1\" content=\"4 minutes\">\n<script type=\"application\/ld+json\" class=\"yoast-schema-graph\">{\"@context\":\"https:\/\/schema.org\",\"@graph\":[{\"@type\":\"Organization\",\"@id\":\"https:\/\/rigasfotomenesis.lv\/2021\/#organization\",\"name\":\"Society \\u201cRiga Photomonth\\u201d\",\"url\":\"https:\/\/rigasfotomenesis.lv\/2021\/\",\"sameAs\":[\"https:\/\/www.facebook.com\/RigaPhotomonth\",\"https:\/\/www.instagram.com\/rigaphotomonth\/\",\"https:\/\/www.youtube.com\/channel\/UC6c5PFSPCWtbaekT7icz3-A\"],\"logo\":{\"@type\":\"ImageObject\",\"@id\":\"https:\/\/rigasfotomenesis.lv\/2021\/#logo\",\"inLanguage\":\"en-US\",\"url\":\"https:\/\/rigasfotomenesis.lv\/wp-content\/uploads\/2021\/03\/logo2021.svg\",\"contentUrl\":\"https:\/\/rigasfotomenesis.lv\/wp-content\/uploads\/2021\/03\/logo2021.svg\",\"width\":70,\"height\":69,\"caption\":\"Society \\u201cRiga Photomonth\\u201d\"},\"image\":{\"@id\":\"https:\/\/rigasfotomenesis.lv\/2021\/#logo\"}},{\"@type\":\"WebSite\",\"@id\":\"https:\/\/rigasfotomenesis.lv\/2021\/#website\",\"url\":\"https:\/\/rigasfotomenesis.lv\/2021\/\",\"name\":\"Riga Photomonth\",\"description\":\"May 24\\u2013July 18\",\"publisher\":{\"@id\":\"https:\/\/rigasfotomenesis.lv\/2021\/#organization\"},\"potentialAction\":[{\"@type\":\"SearchAction\",\"target\":\"https:\/\/rigasfotomenesis.lv\/2021\/?s={search_term_string}\",\"query-input\":\"required name=search_term_string\"}],\"inLanguage\":\"en-US\"},{\"@type\":\"ImageObject\",\"@id\":\"https:\/\/rigasfotomenesis.lv\/2021\/lv\/artists\/daniela-vetra\/#primaryimage\",\"inLanguage\":\"en-US\",\"url\":\"https:\/\/rigasfotomenesis.lv\/2021\/wp-content\/uploads\/sites\/2\/2021\/06\/M-A-B-B-poster-1-scaled.jpg\",\"contentUrl\":\"https:\/\/rigasfotomenesis.lv\/2021\/wp-content\/uploads\/sites\/2\/2021\/06\/M-A-B-B-poster-1-scaled.jpg\",\"width\":2560,\"height\":1673,\"caption\":\"MAN AR\\u012a B\\u016aTU BAIL\"},{\"@type\":\"WebPage\",\"@id\":\"https:\/\/rigasfotomenesis.lv\/2021\/lv\/artists\/daniela-vetra\/#webpage\",\"url\":\"https:\/\/rigasfotomenesis.lv\/2021\/lv\/artists\/daniela-vetra\/\",\"name\":\"Daniela V\\u0113tra - Riga Photomonth 2021\",\"isPartOf\":{\"@id\":\"https:\/\/rigasfotomenesis.lv\/2021\/#website\"},\"primaryImageOfPage\":{\"@id\":\"https:\/\/rigasfotomenesis.lv\/2021\/lv\/artists\/daniela-vetra\/#primaryimage\"},\"datePublished\":\"2021-06-23T06:58:48+00:00\",\"dateModified\":\"2021-06-23T06:58:49+00:00\",\"breadcrumb\":{\"@id\":\"https:\/\/rigasfotomenesis.lv\/2021\/lv\/artists\/daniela-vetra\/#breadcrumb\"},\"inLanguage\":\"en-US\",\"potentialAction\":[{\"@type\":\"ReadAction\",\"target\":[\"https:\/\/rigasfotomenesis.lv\/2021\/lv\/artists\/daniela-vetra\/\"]}]},{\"@type\":\"BreadcrumbList\",\"@id\":\"https:\/\/rigasfotomenesis.lv\/2021\/lv\/artists\/daniela-vetra\/#breadcrumb\",\"itemListElement\":[{\"@type\":\"ListItem\",\"position\":1,\"item\":{\"@type\":\"WebPage\",\"@id\":\"https:\/\/rigasfotomenesis.lv\/2021\/\",\"url\":\"https:\/\/rigasfotomenesis.lv\/2021\/\",\"name\":\"Home\"}},{\"@type\":\"ListItem\",\"position\":2,\"item\":{\"@type\":\"WebPage\",\"@id\":\"https:\/\/rigasfotomenesis.lv\/2021\/lv\/artists\/daniela-vetra\/\",\"url\":\"https:\/\/rigasfotomenesis.lv\/2021\/lv\/artists\/daniela-vetra\/\",\"name\":\"Daniela V\\u0113tra\"}}]}]}<\/script>\n<!-- \/ Yoast SEO plugin. -->","_links":{"self":[{"href":"https:\/\/rigasfotomenesis.lv\/2021\/wp-json\/wp\/v2\/artist\/676","targetHints":{"allow":["GET"]}}],"collection":[{"href":"https:\/\/rigasfotomenesis.lv\/2021\/wp-json\/wp\/v2\/artist"}],"about":[{"href":"https:\/\/rigasfotomenesis.lv\/2021\/wp-json\/wp\/v2\/types\/artist"}],"wp:featuredmedia":[{"embeddable":true,"href":"https:\/\/rigasfotomenesis.lv\/2021\/wp-json\/wp\/v2\/media\/678"}],"wp:attachment":[{"href":"https:\/\/rigasfotomenesis.lv\/2021\/wp-json\/wp\/v2\/media?parent=676"}],"curies":[{"name":"wp","href":"https:\/\/api.w.org\/{rel}","templated":true}]}}