{"id":623,"date":"2021-05-21T14:26:45","date_gmt":"2021-05-21T11:26:45","guid":{"rendered":"https:\/\/rigasfotomenesis.lv\/?post_type=artist&#038;p=623"},"modified":"2021-05-25T11:38:49","modified_gmt":"2021-05-25T08:38:49","slug":"anna-niskanena","status":"publish","type":"artist","link":"https:\/\/rigasfotomenesis.lv\/2021\/lv\/artists\/anna-niskanena\/","title":{"rendered":"Anna Niskanena"},"content":{"rendered":"\n<p>Anna Niskanena ir vizu\u0101l\u0101 m\u0101ksliniece no Helsinkiem. Vi\u0146a str\u0101d\u0101 ar fotogr\u0101fiju, grafiku un gr\u0101matu iesie\u0161anu. Vi\u0146a ir stud\u0113jusi fotogr\u0101fiju \u0100lto universit\u0101t\u0113. Anna Niskanena ir dz\u012bvojusi un stud\u0113jusi ar\u012b \u0145ujork\u0101 un Vank\u016bver\u0101. Vi\u0146a ir viena no m\u0101kslas telpas <em>Kosminen<\/em> un t\u0101da pa\u0161a nosaukuma m\u0101kslinieku kolekt\u012bva dibin\u0101t\u0101j\u0101m.<\/p>\n\n\n\n<p>Vi\u0146as projekts <em>Tum\u0161\u0101ks laiks (Darker Weather) <\/em>skat\u0101ms R\u012bgas Fotom\u0113ne\u0161a publisk\u0101s m\u0101kslas izst\u0101d\u0113 <em>Dz\u012bve p\u0113c Covid?.<\/em> <em>Tum\u0161\u0101ks laiks<\/em> r\u0101da klusuma pilnus mirk\u013cus p\u0113c posto\u0161\u0101 ugunsgr\u0113ka Austr\u0101lijas dab\u0101. Darbu pamat\u0101 ir fotogr\u0101fijas, kas uz\u0146emtas 2020. gada s\u0101kum\u0101 tie\u0161i pirms pand\u0113mijas. Suven\u012bru un fotogr\u0101fiju kolekcion\u0113\u0161ana ir da\u013ca no ce\u013co\u0161anas un m\u0101kslinieces darba procesa. \u0160ie d\u0101rgumi ir piepild\u012bti ar cer\u012bb\u0101m par atcer\u0113\u0161anos.<\/p>\n\n\n\n<p><strong>K\u0101 rad\u0101s ideja \u0161im projektam?<\/strong><\/p>\n\n\n\n<p>Darbs, kas tiks prezent\u0113ts R\u012bgas fotom\u0113nes\u012b, ir fragmentsareprodukcija no daudzda\u013c\u012bga, 16 metrus gara darba <em>Parad\u012bze<\/em> (Paradise), kas veidots cianotipijas tehnik\u0101. Att\u0113los redzami t\u0113jas koki no piekrastes ve\u0123et\u0101cijas zonas Austr\u0101lijas pludmal\u0113, kur es ce\u013coju pag\u0101ju\u0161\u0101 gada s\u0101kum\u0101. Man gad\u012bj\u0101s atrasties Austr\u0101lij\u0101 br\u012bd\u012b, kad tur plos\u012bj\u0101s posto\u0161ie ugunsgr\u0113ki, k\u0101 ar\u012b pasaule uzzin\u0101ja par koronav\u012brusa izplat\u012b\u0161anos. \u0160is darbs ir no projekta, kas bija k\u0101 atbilde kr\u012bzei dab\u0101 un veidam, k\u0101 t\u0101 dzied\u0113 un aizsarg\u0101 pati sevi.<\/p>\n\n\n\n<p>Mans darbs ir par vietas atcer\u0113\u0161anos. \u0160ajos darbos tradicion\u0101l\u0101s tipogr\u0101fijas un fotogr\u0101fijas metodes ir asimil\u0113tas ar dabiskiem nospiedumiem. Organisk\u0101s formas un materi\u0101li veido \u012bpa\u0161u noska\u0146u, kas atkl\u0101j paties\u012bbu par dabu un klimata probl\u0113m\u0101m.<\/p>\n\n\n\n<div class=\"wp-block-image\"><figure class=\"aligncenter size-large\"><img loading=\"lazy\" decoding=\"async\" width=\"1024\" height=\"768\" src=\"https:\/\/rigasfotomenesis.lv\/wp-content\/uploads\/2021\/05\/IMG_1553-1-1024x768.jpg\" alt=\"\" class=\"wp-image-633\" srcset=\"https:\/\/rigasfotomenesis.lv\/2021\/wp-content\/uploads\/sites\/2\/2021\/05\/IMG_1553-1-1024x768.jpg 1024w, https:\/\/rigasfotomenesis.lv\/2021\/wp-content\/uploads\/sites\/2\/2021\/05\/IMG_1553-1-300x225.jpg 300w, https:\/\/rigasfotomenesis.lv\/2021\/wp-content\/uploads\/sites\/2\/2021\/05\/IMG_1553-1-768x576.jpg 768w, https:\/\/rigasfotomenesis.lv\/2021\/wp-content\/uploads\/sites\/2\/2021\/05\/IMG_1553-1-1536x1152.jpg 1536w, https:\/\/rigasfotomenesis.lv\/2021\/wp-content\/uploads\/sites\/2\/2021\/05\/IMG_1553-1.jpg 2016w\" sizes=\"auto, (max-width: 1024px) 100vw, 1024px\" \/><figcaption>Anna Niskanena<\/figcaption><\/figure><\/div>\n\n\n\n<p><strong>K\u0101p\u0113c digit\u0101laj\u0101 laikmet\u0101 tu izmanto cianotipiju un citas alternat\u012bv\u0101s metodes?<\/strong><\/p>\n\n\n\n<p>Cianotipija ir viens no sen\u0101kajiem fotograf\u0113\u0161anas procesiem. Gaismj\u016bt\u012bg\u0101 emulsija tiek uzkl\u0101ta uz izv\u0113l\u0113t\u0101s virsmas, pak\u013cauta dienasgaismai un mazg\u0101ta ar \u016bdeni. Mani interes\u0113 izp\u0113t\u012bt diskursu starp v\u0113sturiskajiem atrib\u016btiem un procesa izmanto\u0161anu laikmet\u012bg\u0101s m\u0101kslas kontekst\u0101. Tas st\u0101sta par fotogr\u0101fijas, bot\u0101nikas, arhitekt\u016bras un daudz k\u0101 cita v\u0113sturi unik\u0101l\u0101 un intens\u012bv\u0101 nokr\u0101s\u0101. \u0160is process piedod k\u013c\u016bdas visos norises posmos un tam vajag tikai saules gaismu un \u016bdeni.<\/p>\n\n\n\n<p>Fotogr\u0101fija vienm\u0113r ir kl\u0101teso\u0161a taj\u0101, ko es daru, pat ja t\u0101 tiek abstrah\u0113ta vai modific\u0113ta. Ar saviem darbiem es uzdodu jaut\u0101jumus: kas veido fotogr\u0101fiju? un k\u0101 fotogr\u0101fijai vajadz\u0113tu vai var\u0113tu par\u0101d\u012bties? Mana metode ir saist\u012bta ar fotogr\u0101fiju dekonstru\u0113\u0161anu, lai p\u0113c tam fragmentus p\u0101rk\u0101rtotu un saliktu tos kop\u0101. Konkr\u0113t\u0101k, tas noz\u012bm\u0113 darbu rad\u012b\u0161anu no nulles: es uz\u0146emu digit\u0101l\u0101s fotogr\u0101fijas, izveidoju no t\u0101m kol\u0101\u017eas un p\u0113c tam izdruk\u0101ju digit\u0101los negat\u012bvus. Es tos dienasgaism\u0101 ekspon\u0113ju uz da\u017e\u0101diem materi\u0101liem un beidzot apdarinu izdrukas ar rok\u0101m. Man\u0101 praks\u0113 iz\u0161\u0137iro\u0161a noz\u012bme ir darbam ar rok\u0101m un digit\u0101l\u0101 un analog\u0101 kombin\u0101cijai.<\/p>\n\n\n\n<p><strong>K\u0101 m\u0101kslinieki Somij\u0101 p\u0101rdz\u012bvoju\u0161i \u0161o <em>Covid<\/em> gadu?<\/strong><\/p>\n\n\n\n<p>Somij\u0101 ierobe\u017eojumi \u012bpa\u0161i smagi sk\u0101ra skatuves m\u0101kslas industriju un vald\u012bba ir \u013coti slikti str\u0101d\u0101jusi, lai pal\u012bdz\u0113tu un atbalst\u012btu cilv\u0113kus, kas str\u0101d\u0101 \u0161aj\u0101 nozar\u0113. Ir piln\u012bgi skaidrs, ka attiec\u012bb\u0101 uz politisko l\u0113mumu pie\u0146em\u0161anu, Somij\u0101 visi m\u0101kslas \u017eanri un m\u0101kslinieki ir \u0101rk\u0101rt\u012bgi nenov\u0113rt\u0113ti. Interesanti, ka ir nelielas izmai\u0146as&nbsp; &#8211; cilv\u0113ki p\u0113rk m\u0101kslas darbus no galerij\u0101m vai tie\u0161i no m\u0101ksliniekiem. \u0160\u012b ir pat\u012bkama tendence, kas, es ceru, k\u013c\u016bs arvien izplat\u012bt\u0101ka.<\/p>\n\n\n\n<p><strong>K\u0101da b\u016bs dz\u012bve p\u0113c <em>Covid<\/em>? Kas b\u016bs jaun\u0101s normalit\u0101tes?<\/strong><\/p>\n\n\n\n<p>Protams, m\u0113s adapt\u0113sim da\u017eus ieradumus no dz\u012bvo\u0161anas izol\u0101cij\u0101. Ce\u013co\u0161ana, iesp\u0113jams, b\u016bs viena no liet\u0101m, kas main\u012bsies uz visiem laikiem. Tagad, kad visi \u0161ie digit\u0101lie sazi\u0146as r\u012bki ir paz\u012bstam\u0101ki, es ceru, ka kopiena un sadarb\u012bba ieg\u016bs jaunas formas. Ceru, ka redz\u0113sim vair\u0101k starptautisku iniciat\u012bvu, ideju apmai\u0146u un kopum\u0101 vair\u0101k rad\u012b\u0161anas un dom\u0101\u0161anas kop\u0101.<\/p>\n\n\n\n<p>P\u0113d\u0113j\u0101 gada laik\u0101 esmu iem\u0101c\u012bjusies samazin\u0101t dz\u012bves \u0101trumu, pavad\u012bt laiku dab\u0101 un baud\u012bt klusumu. To es ceru saglab\u0101t k\u0101 da\u013cu no savas ikdienas.<\/p>\n\n\n\n<p><strong>Ar k\u0101du projektu tu str\u0101d\u0101 \u0161obr\u012bd?<\/strong><\/p>\n\n\n\n<p>Es str\u0101d\u0101ju pie projekta ar nosaukumu <em>Bower<\/em>. \u0160is v\u0101rds apz\u012bm\u0113 vietu dab\u0101, kas atg\u0101dina sap\u0146ainu ligzdu, un ar\u012b sievietes person\u012bgo istabu. Es veidoju jaunus darbus no saviem fotoatt\u0113lu arh\u012bviem, kas galu gal\u0101 veidos lielu instal\u0101ciju par vis\u0101m viet\u0101m, kuru apmekl\u0113jumu es atceros. Ideja s\u0101k\u0101s veidoties pag\u0101ju\u0161aj\u0101 gad\u0101, kad atrados izol\u0101cij\u0101 sav\u0101 m\u0101ji\u0146\u0101 me\u017e\u0101.<\/p>\n\n\n\n<p>Projekts b\u016bs skat\u0101ms oktobr\u012b, V\u0101sas pils\u0113tas m\u0101kslas galerij\u0101.<\/p>\n","protected":false},"excerpt":{"rendered":"<p>Klusuma pilni mirk\u013ci p\u0113c haosa. <\/p>\n","protected":false},"featured_media":632,"template":"","class_list":["post-623","artist","type-artist","status-publish","has-post-thumbnail","hentry"],"yoast_head":"<!-- This site is optimized with the Yoast SEO plugin v16.1.1 - https:\/\/yoast.com\/wordpress\/plugins\/seo\/ -->\n<title>Anna Niskanena - Riga Photomonth 2021<\/title>\n<link rel=\"canonical\" href=\"https:\/\/rigasfotomenesis.lv\/2021\/lv\/artists\/anna-niskanena\/\" \/>\n<meta property=\"og:locale\" content=\"en_US\" \/>\n<meta property=\"og:type\" content=\"article\" \/>\n<meta property=\"og:title\" content=\"Anna Niskanena - Riga Photomonth 2021\" \/>\n<meta property=\"og:description\" content=\"Klusuma pilni mirk\u013ci p\u0113c haosa.\" \/>\n<meta property=\"og:url\" content=\"https:\/\/rigasfotomenesis.lv\/2021\/lv\/artists\/anna-niskanena\/\" \/>\n<meta property=\"og:site_name\" content=\"Riga Photomonth 2021\" \/>\n<meta property=\"article:publisher\" content=\"https:\/\/www.facebook.com\/RigaPhotomonth\" \/>\n<meta property=\"article:modified_time\" content=\"2021-05-25T08:38:49+00:00\" \/>\n<meta property=\"og:image\" content=\"https:\/\/rigasfotomenesis.lv\/2021\/wp-content\/uploads\/sites\/2\/2021\/05\/anna_niskanen_01-1.jpg\" \/>\n\t<meta property=\"og:image:width\" content=\"2500\" \/>\n\t<meta property=\"og:image:height\" content=\"1773\" \/>\n<meta name=\"twitter:card\" content=\"summary_large_image\" \/>\n<meta name=\"twitter:label1\" content=\"Est. reading time\">\n\t<meta name=\"twitter:data1\" content=\"3 minutes\">\n<script type=\"application\/ld+json\" class=\"yoast-schema-graph\">{\"@context\":\"https:\/\/schema.org\",\"@graph\":[{\"@type\":\"Organization\",\"@id\":\"https:\/\/rigasfotomenesis.lv\/2021\/#organization\",\"name\":\"Society \\u201cRiga Photomonth\\u201d\",\"url\":\"https:\/\/rigasfotomenesis.lv\/2021\/\",\"sameAs\":[\"https:\/\/www.facebook.com\/RigaPhotomonth\",\"https:\/\/www.instagram.com\/rigaphotomonth\/\",\"https:\/\/www.youtube.com\/channel\/UC6c5PFSPCWtbaekT7icz3-A\"],\"logo\":{\"@type\":\"ImageObject\",\"@id\":\"https:\/\/rigasfotomenesis.lv\/2021\/#logo\",\"inLanguage\":\"en-US\",\"url\":\"https:\/\/rigasfotomenesis.lv\/wp-content\/uploads\/2021\/03\/logo2021.svg\",\"contentUrl\":\"https:\/\/rigasfotomenesis.lv\/wp-content\/uploads\/2021\/03\/logo2021.svg\",\"width\":70,\"height\":69,\"caption\":\"Society \\u201cRiga Photomonth\\u201d\"},\"image\":{\"@id\":\"https:\/\/rigasfotomenesis.lv\/2021\/#logo\"}},{\"@type\":\"WebSite\",\"@id\":\"https:\/\/rigasfotomenesis.lv\/2021\/#website\",\"url\":\"https:\/\/rigasfotomenesis.lv\/2021\/\",\"name\":\"Riga Photomonth\",\"description\":\"May 24\\u2013July 18\",\"publisher\":{\"@id\":\"https:\/\/rigasfotomenesis.lv\/2021\/#organization\"},\"potentialAction\":[{\"@type\":\"SearchAction\",\"target\":\"https:\/\/rigasfotomenesis.lv\/2021\/?s={search_term_string}\",\"query-input\":\"required name=search_term_string\"}],\"inLanguage\":\"en-US\"},{\"@type\":\"ImageObject\",\"@id\":\"https:\/\/rigasfotomenesis.lv\/2021\/lv\/artists\/anna-niskanena\/#primaryimage\",\"inLanguage\":\"en-US\",\"url\":\"https:\/\/rigasfotomenesis.lv\/2021\/wp-content\/uploads\/sites\/2\/2021\/05\/anna_niskanen_01-1.jpg\",\"contentUrl\":\"https:\/\/rigasfotomenesis.lv\/2021\/wp-content\/uploads\/sites\/2\/2021\/05\/anna_niskanen_01-1.jpg\",\"width\":2500,\"height\":1773,\"caption\":\"Anna Niskanena\"},{\"@type\":\"WebPage\",\"@id\":\"https:\/\/rigasfotomenesis.lv\/2021\/lv\/artists\/anna-niskanena\/#webpage\",\"url\":\"https:\/\/rigasfotomenesis.lv\/2021\/lv\/artists\/anna-niskanena\/\",\"name\":\"Anna Niskanena - Riga Photomonth 2021\",\"isPartOf\":{\"@id\":\"https:\/\/rigasfotomenesis.lv\/2021\/#website\"},\"primaryImageOfPage\":{\"@id\":\"https:\/\/rigasfotomenesis.lv\/2021\/lv\/artists\/anna-niskanena\/#primaryimage\"},\"datePublished\":\"2021-05-21T11:26:45+00:00\",\"dateModified\":\"2021-05-25T08:38:49+00:00\",\"breadcrumb\":{\"@id\":\"https:\/\/rigasfotomenesis.lv\/2021\/lv\/artists\/anna-niskanena\/#breadcrumb\"},\"inLanguage\":\"en-US\",\"potentialAction\":[{\"@type\":\"ReadAction\",\"target\":[\"https:\/\/rigasfotomenesis.lv\/2021\/lv\/artists\/anna-niskanena\/\"]}]},{\"@type\":\"BreadcrumbList\",\"@id\":\"https:\/\/rigasfotomenesis.lv\/2021\/lv\/artists\/anna-niskanena\/#breadcrumb\",\"itemListElement\":[{\"@type\":\"ListItem\",\"position\":1,\"item\":{\"@type\":\"WebPage\",\"@id\":\"https:\/\/rigasfotomenesis.lv\/2021\/\",\"url\":\"https:\/\/rigasfotomenesis.lv\/2021\/\",\"name\":\"Home\"}},{\"@type\":\"ListItem\",\"position\":2,\"item\":{\"@type\":\"WebPage\",\"@id\":\"https:\/\/rigasfotomenesis.lv\/2021\/lv\/artists\/anna-niskanena\/\",\"url\":\"https:\/\/rigasfotomenesis.lv\/2021\/lv\/artists\/anna-niskanena\/\",\"name\":\"Anna Niskanena\"}}]}]}<\/script>\n<!-- \/ Yoast SEO plugin. -->","_links":{"self":[{"href":"https:\/\/rigasfotomenesis.lv\/2021\/wp-json\/wp\/v2\/artist\/623","targetHints":{"allow":["GET"]}}],"collection":[{"href":"https:\/\/rigasfotomenesis.lv\/2021\/wp-json\/wp\/v2\/artist"}],"about":[{"href":"https:\/\/rigasfotomenesis.lv\/2021\/wp-json\/wp\/v2\/types\/artist"}],"wp:featuredmedia":[{"embeddable":true,"href":"https:\/\/rigasfotomenesis.lv\/2021\/wp-json\/wp\/v2\/media\/632"}],"wp:attachment":[{"href":"https:\/\/rigasfotomenesis.lv\/2021\/wp-json\/wp\/v2\/media?parent=623"}],"curies":[{"name":"wp","href":"https:\/\/api.w.org\/{rel}","templated":true}]}}