{"id":612,"date":"2021-05-21T14:01:26","date_gmt":"2021-05-21T11:01:26","guid":{"rendered":"https:\/\/rigasfotomenesis.lv\/?post_type=artist&#038;p=612"},"modified":"2021-05-21T14:12:55","modified_gmt":"2021-05-21T11:12:55","slug":"katrina-gelze","status":"publish","type":"artist","link":"https:\/\/rigasfotomenesis.lv\/2021\/lv\/artists\/katrina-gelze\/","title":{"rendered":"Katr\u012bna \u0122elze"},"content":{"rendered":"\n<p>Katr\u012bna \u0122elze m\u0101c\u012bjusies RDMV un LMA, str\u0101d\u0101jusi k\u0101 fotogr\u0101fe <a href=\"https:\/\/arterritory.com\/\">Arterritory.com<\/a> un fond\u0101 <em>M\u0101kslai Vajag Telpu<\/em>. 2015. gad\u0101 Ven\u0113cijas Bienn\u0101les laik\u0101 str\u0101d\u0101jusi Latvijas izst\u0101d\u0113 <em>Ornament\u0101lisms<\/em>. Pa\u0161laik darbojas modes z\u012bmol\u0101 <em>One Wolf<\/em> soci\u0101lo mediju m\u0101rketing\u0101 un k\u0101 fotogr\u0101fs. 2019. gad\u0101 \u012bstenota debijas person\u0101lizst\u0101de <em>Piespiedu Pr\u0101ts<\/em> rokm\u016bzikas b\u0101r\u0101 <em>Nemiers<\/em>, atgrie\u017eoties pie m\u0101kslas k\u0101 savas galven\u0101s m\u0113r\u0137nodarbo\u0161an\u0101s.<\/p>\n\n\n\n<p>Vi\u0146as fotogr\u0101fija <em>M\u012blest\u012bba ir m\u012blest\u012bba<\/em> b\u016bs skat\u0101ma afi\u0161u stend\u0101 Stabu iel\u0101 72 R\u012bgas Fotom\u0113ne\u0161a izst\u0101des <em>Dz\u012bve p\u0113c Covid?<\/em> ietvaros. Katr\u012bna ar\u012b veidojusi Fotom\u0113ne\u0161a publicit\u0101tes att\u0113lus.<\/p>\n\n\n\n<p><strong>K\u0101 rad\u0101s ideja \u0161im darbam?<\/strong><\/p>\n\n\n\n<p>Savos darbos nereti iedvesmu rodu t\u0113lniec\u012bbas vai glezniec\u012bbas m\u0101kslas v\u0113stur\u0113. \u0160aj\u0101 gad\u012bjum\u0101, figur\u0101li atsaucoties uz Ren\u0113 Magrita gleznu <em>The Lovers<\/em>, tapa darbs <em>Love is Love<\/em>, kas ir bie\u017ei lietota fr\u0101ze LGBTQ+ kom\u016bn\u0101, pau\u017eot visu orient\u0101ciju vienl\u012bdz\u012bbu.<\/p>\n\n\n\n<p>Pirms k\u0101diem 10 gadiem viens no maniem lab\u0101kajiem draugiem atkl\u0101ja, ka ir homoseksu\u0101ls. Toreiz nesp\u0113ju notic\u0113t, ka vair\u0101ku m\u016bsu draudz\u012bbas gadu gait\u0101 vi\u0146\u0161 bija baid\u012bjies man to atkl\u0101t, jo ac\u012bmredzot nejut\u0101s dro\u0161i par manu iesp\u0113jamo reakciju, kaut uzskat\u012bju sevi par \u013coti br\u012bvdom\u0101jo\u0161u personu. V\u0113l\u0113jos izveidot darbu, kas atainotu gan \u0161o nepiecie\u0161am\u012bbu p\u0113c identit\u0101tes sl\u0113p\u0161anas, gan manu nost\u0101ju par cilv\u0113ku ties\u012bb\u0101m br\u012bvi m\u012bl\u0113t. K\u0101 ar\u012b atbr\u012bvot skat\u012bt\u0101ju no konkr\u0113ta attiec\u012bbu mode\u013ca, \u013caujot katram pie\u0161\u0137irt t\u0113liem savas subjekt\u012bv\u0101s identit\u0101tes.<\/p>\n\n\n\n<p><strong>Vai Latvij\u0101 m\u0101kslai b\u016btu j\u0101b\u016bt vair\u0101k soci\u0101li vai politiski akt\u012bvai?<\/strong><\/p>\n\n\n\n<p>M\u0101kslai, manupr\u0101t, visv\u0113rt\u012bg\u0101k ir paust to, kas pa\u0161u autoru interes\u0113 un aizrauj. Ja pie\u0146emu, ka \u0161\u0101da veida m\u0101kslas Latvij\u0101 tr\u016bkst, tad man rodas jaut\u0101jums, vai da\u013ca m\u0101kslinieku kaut k\u0101du iemeslu d\u0113\u013c izv\u0113las savos darbos par to nerun\u0101t? Vai varb\u016bt tom\u0113r m\u0113s k\u0101 sabiedr\u012bba esam par maz ieinteres\u0113ti b\u016bt soci\u0101li un politiski akt\u012bvi, un t\u0101p\u0113c tas neatainojas darbos?<\/p>\n\n\n\n<div class=\"wp-block-image\"><figure class=\"aligncenter size-large is-resized\"><img decoding=\"async\" src=\"https:\/\/rigasfotomenesis.lv\/wp-content\/uploads\/2021\/05\/rfm21-jcdecaux-preview-1-697x1024.jpg\" alt=\"\" class=\"wp-image-615\" width=\"-19\" height=\"-27\" srcset=\"https:\/\/rigasfotomenesis.lv\/2021\/wp-content\/uploads\/sites\/2\/2021\/05\/rfm21-jcdecaux-preview-1-697x1024.jpg 697w, https:\/\/rigasfotomenesis.lv\/2021\/wp-content\/uploads\/sites\/2\/2021\/05\/rfm21-jcdecaux-preview-1-204x300.jpg 204w, https:\/\/rigasfotomenesis.lv\/2021\/wp-content\/uploads\/sites\/2\/2021\/05\/rfm21-jcdecaux-preview-1.jpg 700w\" sizes=\"(max-width: 697px) 100vw, 697px\" \/><figcaption>Foto &#8211; Katr\u012bna \u0122elze, dizains &#8211; Aleksejs Mura\u0161ko<\/figcaption><\/figure><\/div>\n\n\n\n<p><strong>K\u0101 tu raksturotu savu interesi fotogr\u0101fij\u0101?<\/strong><\/p>\n\n\n\n<p>Man laim\u0113j\u0101s ar fotoapar\u0101tu iepaz\u012bties jau b\u0113rn\u012bb\u0101. Man tas alla\u017e ir bijis veids, k\u0101 socializ\u0113ties un sniegt savu pienesumu. Bie\u017ei vien tas ir bijis iemesls atrasties sabiedr\u012bb\u0101, kur citk\u0101rt nezin\u0101tu, kur likt rokas vai nost\u0101ties. Fotogr\u0101fija ir mana m\u012b\u013c\u0101k\u0101 valoda ar cilv\u0113kiem man l\u012bdz\u0101s.<\/p>\n\n\n\n<p><strong>Skatoties uz Covid laikmetu, kas tev pa\u0161ai \u0161\u0137iet vissatrauco\u0161\u0101kais?<\/strong><\/p>\n\n\n\n<p>Ja uz v\u0101rdu \u201csatrauco\u0161s\u201d dr\u012bkst skat\u012bties pozit\u012bvi, tad mani visvair\u0101k interes\u0113, k\u0101das glob\u0101las strukt\u016bras m\u0113s nojauksim, lai viet\u0101 celtu jaunas, lab\u0101kas, piem\u0113rot\u0101kas n\u0101kotnes cilv\u0113cei. Bet vissatrauco\u0161\u0101k\u0101 \u0161\u0137iet apzi\u0146a, ka esmu glob\u0101la v\u0113sturiska notikuma lieciniece.<\/p>\n\n\n\n<p><strong>K\u0101di ir tavi tuv\u0101kie rado\u0161ie pl\u0101ni?<\/strong><\/p>\n\n\n\n<p>Tuv\u0101kais rado\u0161ais pl\u0101ns ir darbs pie jaunas person\u0101lizst\u0101des, ta\u010du <em>Covid<\/em> laik\u0101 t\u0101s gala veidols pagaid\u0101m ir nob\u012bd\u012bjies. Tikm\u0113r mans \u0161\u012b br\u012b\u017ea m\u0113r\u0137is ir p\u0113c iesp\u0113jas izmantot \u0161o laiku eksperimentiem ar da\u017e\u0101diem medijiem, mekl\u0113t savu ni\u0161u, rokrakstu un izkopt sevi k\u0101 m\u0101kslinieku.<\/p>\n","protected":false},"excerpt":{"rendered":"<p>M\u012blest\u012bba ir m\u012blest\u012bba.<\/p>\n","protected":false},"featured_media":614,"template":"","class_list":["post-612","artist","type-artist","status-publish","has-post-thumbnail","hentry"],"yoast_head":"<!-- This site is optimized with the Yoast SEO plugin v16.1.1 - https:\/\/yoast.com\/wordpress\/plugins\/seo\/ -->\n<title>Katr\u012bna \u0122elze - Riga Photomonth 2021<\/title>\n<link rel=\"canonical\" href=\"https:\/\/rigasfotomenesis.lv\/2021\/lv\/artists\/katrina-gelze\/\" \/>\n<meta property=\"og:locale\" content=\"en_US\" \/>\n<meta property=\"og:type\" content=\"article\" \/>\n<meta property=\"og:title\" content=\"Katr\u012bna \u0122elze - Riga Photomonth 2021\" \/>\n<meta property=\"og:description\" content=\"M\u012blest\u012bba ir m\u012blest\u012bba.\" \/>\n<meta property=\"og:url\" content=\"https:\/\/rigasfotomenesis.lv\/2021\/lv\/artists\/katrina-gelze\/\" \/>\n<meta property=\"og:site_name\" content=\"Riga Photomonth 2021\" \/>\n<meta property=\"article:publisher\" content=\"https:\/\/www.facebook.com\/RigaPhotomonth\" \/>\n<meta property=\"article:modified_time\" content=\"2021-05-21T11:12:55+00:00\" \/>\n<meta property=\"og:image\" content=\"https:\/\/rigasfotomenesis.lv\/2021\/wp-content\/uploads\/sites\/2\/2021\/05\/gelze-LOVEs.jpg\" \/>\n\t<meta property=\"og:image:width\" content=\"1500\" \/>\n\t<meta property=\"og:image:height\" content=\"1000\" \/>\n<meta name=\"twitter:card\" content=\"summary_large_image\" \/>\n<meta name=\"twitter:label1\" content=\"Est. reading time\">\n\t<meta name=\"twitter:data1\" content=\"2 minutes\">\n<script type=\"application\/ld+json\" class=\"yoast-schema-graph\">{\"@context\":\"https:\/\/schema.org\",\"@graph\":[{\"@type\":\"Organization\",\"@id\":\"https:\/\/rigasfotomenesis.lv\/2021\/#organization\",\"name\":\"Society \\u201cRiga Photomonth\\u201d\",\"url\":\"https:\/\/rigasfotomenesis.lv\/2021\/\",\"sameAs\":[\"https:\/\/www.facebook.com\/RigaPhotomonth\",\"https:\/\/www.instagram.com\/rigaphotomonth\/\",\"https:\/\/www.youtube.com\/channel\/UC6c5PFSPCWtbaekT7icz3-A\"],\"logo\":{\"@type\":\"ImageObject\",\"@id\":\"https:\/\/rigasfotomenesis.lv\/2021\/#logo\",\"inLanguage\":\"en-US\",\"url\":\"https:\/\/rigasfotomenesis.lv\/wp-content\/uploads\/2021\/03\/logo2021.svg\",\"contentUrl\":\"https:\/\/rigasfotomenesis.lv\/wp-content\/uploads\/2021\/03\/logo2021.svg\",\"width\":70,\"height\":69,\"caption\":\"Society \\u201cRiga Photomonth\\u201d\"},\"image\":{\"@id\":\"https:\/\/rigasfotomenesis.lv\/2021\/#logo\"}},{\"@type\":\"WebSite\",\"@id\":\"https:\/\/rigasfotomenesis.lv\/2021\/#website\",\"url\":\"https:\/\/rigasfotomenesis.lv\/2021\/\",\"name\":\"Riga Photomonth\",\"description\":\"May 24\\u2013July 18\",\"publisher\":{\"@id\":\"https:\/\/rigasfotomenesis.lv\/2021\/#organization\"},\"potentialAction\":[{\"@type\":\"SearchAction\",\"target\":\"https:\/\/rigasfotomenesis.lv\/2021\/?s={search_term_string}\",\"query-input\":\"required name=search_term_string\"}],\"inLanguage\":\"en-US\"},{\"@type\":\"ImageObject\",\"@id\":\"https:\/\/rigasfotomenesis.lv\/2021\/lv\/artists\/katrina-gelze\/#primaryimage\",\"inLanguage\":\"en-US\",\"url\":\"https:\/\/rigasfotomenesis.lv\/2021\/wp-content\/uploads\/sites\/2\/2021\/05\/gelze-LOVEs.jpg\",\"contentUrl\":\"https:\/\/rigasfotomenesis.lv\/2021\/wp-content\/uploads\/sites\/2\/2021\/05\/gelze-LOVEs.jpg\",\"width\":1500,\"height\":1000,\"caption\":\"Katr\\u012bna \\u0122elze\"},{\"@type\":\"WebPage\",\"@id\":\"https:\/\/rigasfotomenesis.lv\/2021\/lv\/artists\/katrina-gelze\/#webpage\",\"url\":\"https:\/\/rigasfotomenesis.lv\/2021\/lv\/artists\/katrina-gelze\/\",\"name\":\"Katr\\u012bna \\u0122elze - Riga Photomonth 2021\",\"isPartOf\":{\"@id\":\"https:\/\/rigasfotomenesis.lv\/2021\/#website\"},\"primaryImageOfPage\":{\"@id\":\"https:\/\/rigasfotomenesis.lv\/2021\/lv\/artists\/katrina-gelze\/#primaryimage\"},\"datePublished\":\"2021-05-21T11:01:26+00:00\",\"dateModified\":\"2021-05-21T11:12:55+00:00\",\"breadcrumb\":{\"@id\":\"https:\/\/rigasfotomenesis.lv\/2021\/lv\/artists\/katrina-gelze\/#breadcrumb\"},\"inLanguage\":\"en-US\",\"potentialAction\":[{\"@type\":\"ReadAction\",\"target\":[\"https:\/\/rigasfotomenesis.lv\/2021\/lv\/artists\/katrina-gelze\/\"]}]},{\"@type\":\"BreadcrumbList\",\"@id\":\"https:\/\/rigasfotomenesis.lv\/2021\/lv\/artists\/katrina-gelze\/#breadcrumb\",\"itemListElement\":[{\"@type\":\"ListItem\",\"position\":1,\"item\":{\"@type\":\"WebPage\",\"@id\":\"https:\/\/rigasfotomenesis.lv\/2021\/\",\"url\":\"https:\/\/rigasfotomenesis.lv\/2021\/\",\"name\":\"Home\"}},{\"@type\":\"ListItem\",\"position\":2,\"item\":{\"@type\":\"WebPage\",\"@id\":\"https:\/\/rigasfotomenesis.lv\/2021\/lv\/artists\/katrina-gelze\/\",\"url\":\"https:\/\/rigasfotomenesis.lv\/2021\/lv\/artists\/katrina-gelze\/\",\"name\":\"Katr\\u012bna \\u0122elze\"}}]}]}<\/script>\n<!-- \/ Yoast SEO plugin. -->","_links":{"self":[{"href":"https:\/\/rigasfotomenesis.lv\/2021\/wp-json\/wp\/v2\/artist\/612","targetHints":{"allow":["GET"]}}],"collection":[{"href":"https:\/\/rigasfotomenesis.lv\/2021\/wp-json\/wp\/v2\/artist"}],"about":[{"href":"https:\/\/rigasfotomenesis.lv\/2021\/wp-json\/wp\/v2\/types\/artist"}],"wp:featuredmedia":[{"embeddable":true,"href":"https:\/\/rigasfotomenesis.lv\/2021\/wp-json\/wp\/v2\/media\/614"}],"wp:attachment":[{"href":"https:\/\/rigasfotomenesis.lv\/2021\/wp-json\/wp\/v2\/media?parent=612"}],"curies":[{"name":"wp","href":"https:\/\/api.w.org\/{rel}","templated":true}]}}