{"id":602,"date":"2021-05-19T02:59:55","date_gmt":"2021-05-18T23:59:55","guid":{"rendered":"https:\/\/rigasfotomenesis.lv\/?post_type=artist&#038;p=602"},"modified":"2021-05-19T11:08:56","modified_gmt":"2021-05-19T08:08:56","slug":"leticija-zika","status":"publish","type":"artist","link":"https:\/\/rigasfotomenesis.lv\/2021\/lv\/artists\/leticija-zika\/","title":{"rendered":"Let\u012bcija Zika"},"content":{"rendered":"\n<p>Let\u012bcija Zika (1994) ir m\u0101ksliniece no Braz\u012blijas, kas \u0161obr\u012bd dz\u012bvo un str\u0101d\u0101 Par\u012bz\u0113, Francij\u0101. Kamera vi\u0146ai bijusi blakus jau no pusaud\u017eu laika &#8211; 14 gadu vecum\u0101 vi\u0146a izveidoja pirmos pa\u0161portretus un kop\u0161 t\u0101 br\u012b\u017ea turpina fotograf\u0113t, p\u0113tot t\u0101das t\u0113mas k\u0101 feminisms, sirre\u0101listu kust\u012bba un Braz\u012blijas kult\u016bra. Vi\u0146as darbi ir biju\u0161i izst\u0101d\u012bti da\u017e\u0101d\u0101s pasaules viet\u0101s, k\u0101 Bogotas Laikmet\u012bg\u0101s m\u0101kslas muzejs, Losand\u017eelosas fotogr\u0101fijas m\u0113nesis, Tiradentes fotogr\u0101fijas festiv\u0101ls, <em>Les Rencontres d&#8217;Arles<\/em> un citviet.<\/p>\n\n\n\n<p>Let\u012bcijas Zikas projekts <em>P\u0101rtraukts<\/em> (Interrupted) b\u016bs skat\u0101ms R\u012bgas Fotom\u0113ne\u0161a izst\u0101d\u0113 <em>Dz\u012bve p\u0113c Covid?<\/em>, kas no 24. maija norisin\u0101sies Avotu iel\u0101. Tas st\u0101sta par autores \u0137ermeni, t\u0101 kl\u0101tb\u016btni telp\u0101. Tas ir par br\u012bdi, kad laiks apst\u0101jas, vairs neiet uz priek\u0161u un ir tik mier\u012bgi. N\u0101kotne tiek p\u0101rtraukta.<\/p>\n\n\n\n<p><strong>K\u0101 rad\u0101s ideja \u0161im projektam?<\/strong><\/p>\n\n\n\n<p>\u0160\u012b projekta ideja aizs\u0101k\u0101s vienlaikus ar <em>Covid.<\/em> Tas man bija liels izaicin\u0101jums, jo es visu laiku biju iesl\u0113gta sav\u0101 dz\u012bvokl\u012b un v\u0113l\u0113jos izveidot jaunu s\u0113riju, kas ar att\u0113lu pal\u012bdz\u012bbu var\u0113tu izskaidrot \u0161o br\u012bdi, kur\u0101 m\u0113s visi dz\u012bvoj\u0101m. Plat\u012bbas, dal\u012b\u0161an\u0101s tr\u016bkums. Nepiecie\u0161am\u012bba rad\u012bt, pat ja tas ir nere\u0101li. \u0160aj\u0101 darb\u0101 es izmantoju fotogr\u0101fiju un fotomont\u0101\u017eu, lai izp\u0113t\u012btu realit\u0101ti un distopiju. Tuk\u0161ums, aukstums, autom\u0101tisms. \u0136ermenis izmests kosmos\u0101. Mans \u0137ermenis telp\u0101, kuras varb\u016bt pat nav. Es sajaucu savus portretus ar da\u017eiem fotogr\u0101fiju fragmentiem, kuri dator\u0101 k\u013c\u016bst par jaunu materi\u0101lu. Jo br\u012bv\u0101ks att\u0113ls, jo nepaties\u0101ks tas ir. Bet cik neiesp\u0113jami tas ir, ja es redzu to sev priek\u0161\u0101?<\/p>\n\n\n\n<div class=\"wp-block-image\"><figure class=\"aligncenter size-large\"><img loading=\"lazy\" decoding=\"async\" width=\"683\" height=\"1024\" src=\"https:\/\/rigasfotomenesis.lv\/wp-content\/uploads\/2021\/05\/zica_leticia_02s-1-683x1024.jpg\" alt=\"\" class=\"wp-image-606\" srcset=\"https:\/\/rigasfotomenesis.lv\/2021\/wp-content\/uploads\/sites\/2\/2021\/05\/zica_leticia_02s-1-683x1024.jpg 683w, https:\/\/rigasfotomenesis.lv\/2021\/wp-content\/uploads\/sites\/2\/2021\/05\/zica_leticia_02s-1-200x300.jpg 200w, https:\/\/rigasfotomenesis.lv\/2021\/wp-content\/uploads\/sites\/2\/2021\/05\/zica_leticia_02s-1-768x1152.jpg 768w, https:\/\/rigasfotomenesis.lv\/2021\/wp-content\/uploads\/sites\/2\/2021\/05\/zica_leticia_02s-1.jpg 1000w\" sizes=\"auto, (max-width: 683px) 100vw, 683px\" \/><figcaption>Let\u012bcija Zika<\/figcaption><\/figure><\/div>\n\n\n\n<p><strong>K\u0101p\u0113c tu savos darbos galvenok\u0101rt izmanto pati sevi?<\/strong><\/p>\n\n\n\n<p>K\u0101 vizu\u0101l\u0101 m\u0101ksliniece es uzskatu, ka katrs akts ir politisks akts. Kails \u0137ermenis, kails sievietes \u0137ermenis, sve\u0161as sievietes kails \u0137ermenis ir tur, lai run\u0101tu un nepatiktu. Pa\u0161portretos man ir br\u012bv\u012bba rad\u012bt kaut ko jaunu un negaid\u012btu. Es izmantoju savu \u0137ermeni k\u0101 instrumentu, lai izaicin\u0101tu to, k\u0101 fotogr\u0101fija var att\u0113lot sievietes \u0137ermeni, rea\u0123\u0113jot uz tik daudz\u0101m nevienl\u012bdz\u012bb\u0101m m\u016bsu sabiedr\u012bb\u0101. Mans \u0137ermenis ir balts audekls, kas mekl\u0113 atbildes un sa\u0146em arvien vair\u0101k jaut\u0101jumu. Tas ir galvenais priek\u0161mets man\u0101 darb\u0101, p\u0113tot sevi un savu izt\u0113li. Es izmantoju savu \u0137ermeni k\u0101 s\u0101kumu dialogam.<\/p>\n\n\n\n<p><strong>Kas ir liel\u0101k\u0101 m\u0101c\u012bba, ko \u0161is <em>Covid<\/em> laiks tev ir devis?<\/strong><\/p>\n\n\n\n<p>\u0160is laiks man deva jaunu izj\u016btu par telpu, kur es dz\u012bvoju un k\u0101 dz\u012bvoju. Dom\u0101ju, ka tas man pal\u012bdz\u0113ja dzi\u013c\u0101k izprast savu ce\u013cu, k\u0101 ar\u012b saprast apk\u0101rt\u0113jos cilv\u0113kus ar liel\u0101ku cie\u0146u un mieru, apzin\u0101ties, ka m\u0113s visi esam tik ievainojami un tas ir tik norm\u0101li! \u0160is ir \u013coti izaicino\u0161s laiks, kur\u0101 m\u0113s visi dz\u012bvojam! Es dom\u0101ju, ka visliel\u0101k\u0101 m\u0101c\u012bba, ko <em>Covid <\/em>man devis, ir tas, cik \u013coti m\u016bsu politisk\u0101s izv\u0113les var v\u0113rsties pret mums k\u0101 sabiedr\u012bbu. Es jums min\u0113\u0161u Braz\u012blijas piem\u0113ru: vi\u0146i iev\u0113l\u0113ja fa\u0161istu prezidentu, un tagad iedz\u012bvot\u0101ji sav\u0101 dz\u012bv\u0113 c\u012bn\u0101s visos aspektos, vissvar\u012bg\u0101k ir palikt dz\u012bviem un izk\u013c\u016bt no \u0161\u012bs kr\u012bzes. T\u0101 rezult\u0101t\u0101 mums ir genoc\u012bds, ko izrais\u012bjis k\u0101ds, kur\u0161 nesp\u0113j vad\u012bt. <em>Covid<\/em> man diem\u017e\u0113l ir devis \u0161o apjausmu par to, cik svar\u012bga ir politika un cik tuvu t\u0101 mums ir, kad cie\u0161am kr\u012bz\u0113.<\/p>\n\n\n\n<p><strong>K\u0101 tu dom\u0101, vai pasaule k\u013c\u016bs par lab\u0101ku vietu, kad <em>Covid<\/em> b\u016bs beidzies?<\/strong><\/p>\n\n\n\n<p>Dom\u0101ju, ka pasaulei patie\u0161\u0101m ir j\u0101main\u0101s, citu izeju es neredzu &#8211; ar\u012b <em>Covid<\/em> mums to par\u0101d\u012bja. Tas noteica m\u016bsu dz\u012bves robe\u017eas un par\u0101d\u012bja to, k\u0101 daba cie\u0161 no tik ilgas cilv\u0113ku rad\u012bt\u0101s ekspluat\u0101cijas. Es grib\u0113tu saglab\u0101t optimismu un dom\u0101t, ka pasaule b\u016bs lab\u0101ka vieta, t\u0101 tam j\u0101b\u016bt! Ta\u010du tam mums ir vajadz\u012bgi ne tikai cilv\u0113ki, kas tic p\u0101rmai\u0146\u0101m, bet ar\u012b politi\u0137i, kas uz\u0146emas liel\u0101ku atbild\u012bbu par ekolo\u0123iju. Mums ir j\u0101p\u0101rdom\u0101 veids, k\u0101 m\u0113s pat\u0113r\u0113jam, un, protams, j\u0101dod zin\u0101mas cer\u012bbas b\u0113rniem, izmantojot izgl\u012bt\u012bbu un vienl\u012bdz\u012bbu. Attiec\u012bb\u0101 uz m\u0101kslu mums ir nepiecie\u0161ams vair\u0101k akt\u012bvisma un maz\u0101k pre\u010du.<\/p>\n\n\n\n<p><strong>Pie k\u0101da projekta tu pa\u0161laik str\u0101d\u0101?<\/strong><\/p>\n\n\n\n<p>\u0160obr\u012bd str\u0101d\u0101ju pie da\u017eiem rezident\u016bras projektiem Francij\u0101, kurus v\u0113los izp\u0113t\u012bt, nevis pie k\u0101da konkr\u0113ta projekta. Mani darbi ir saist\u012bti ar ideju par \u0137ermeni jaun\u0101 teritorij\u0101 un to, k\u0101du t\u0113lu \u0161\u012bs attiec\u012bbas var rad\u012bt. Mani interes\u0113 izp\u0113t\u012bt \u0137ermeni k\u0101 ainavu un to, k\u0101 atrast t\u0101 savva\u013cas pusi.<\/p>\n","protected":false},"excerpt":{"rendered":"<p>Mirklis, kad laiks apst\u0101jas un n\u0101kotne tiek p\u0101rtraukta. <\/p>\n","protected":false},"featured_media":605,"template":"","class_list":["post-602","artist","type-artist","status-publish","has-post-thumbnail","hentry"],"yoast_head":"<!-- This site is optimized with the Yoast SEO plugin v16.1.1 - https:\/\/yoast.com\/wordpress\/plugins\/seo\/ -->\n<title>Let\u012bcija Zika - Riga Photomonth 2021<\/title>\n<link rel=\"canonical\" href=\"https:\/\/rigasfotomenesis.lv\/2021\/lv\/artists\/leticija-zika\/\" \/>\n<meta property=\"og:locale\" content=\"en_US\" \/>\n<meta property=\"og:type\" content=\"article\" \/>\n<meta property=\"og:title\" content=\"Let\u012bcija Zika - Riga Photomonth 2021\" \/>\n<meta property=\"og:description\" content=\"Mirklis, kad laiks apst\u0101jas un n\u0101kotne tiek p\u0101rtraukta.\" \/>\n<meta property=\"og:url\" content=\"https:\/\/rigasfotomenesis.lv\/2021\/lv\/artists\/leticija-zika\/\" \/>\n<meta property=\"og:site_name\" content=\"Riga Photomonth 2021\" \/>\n<meta property=\"article:publisher\" content=\"https:\/\/www.facebook.com\/RigaPhotomonth\" \/>\n<meta property=\"article:modified_time\" content=\"2021-05-19T08:08:56+00:00\" \/>\n<meta property=\"og:image\" content=\"https:\/\/rigasfotomenesis.lv\/2021\/wp-content\/uploads\/sites\/2\/2021\/05\/zica_leticia_03s-1.jpg\" \/>\n\t<meta property=\"og:image:width\" content=\"1000\" \/>\n\t<meta property=\"og:image:height\" content=\"1500\" \/>\n<meta name=\"twitter:card\" content=\"summary_large_image\" \/>\n<meta name=\"twitter:label1\" content=\"Est. reading time\">\n\t<meta name=\"twitter:data1\" content=\"3 minutes\">\n<script type=\"application\/ld+json\" class=\"yoast-schema-graph\">{\"@context\":\"https:\/\/schema.org\",\"@graph\":[{\"@type\":\"Organization\",\"@id\":\"https:\/\/rigasfotomenesis.lv\/2021\/#organization\",\"name\":\"Society \\u201cRiga Photomonth\\u201d\",\"url\":\"https:\/\/rigasfotomenesis.lv\/2021\/\",\"sameAs\":[\"https:\/\/www.facebook.com\/RigaPhotomonth\",\"https:\/\/www.instagram.com\/rigaphotomonth\/\",\"https:\/\/www.youtube.com\/channel\/UC6c5PFSPCWtbaekT7icz3-A\"],\"logo\":{\"@type\":\"ImageObject\",\"@id\":\"https:\/\/rigasfotomenesis.lv\/2021\/#logo\",\"inLanguage\":\"en-US\",\"url\":\"https:\/\/rigasfotomenesis.lv\/wp-content\/uploads\/2021\/03\/logo2021.svg\",\"contentUrl\":\"https:\/\/rigasfotomenesis.lv\/wp-content\/uploads\/2021\/03\/logo2021.svg\",\"width\":70,\"height\":69,\"caption\":\"Society \\u201cRiga Photomonth\\u201d\"},\"image\":{\"@id\":\"https:\/\/rigasfotomenesis.lv\/2021\/#logo\"}},{\"@type\":\"WebSite\",\"@id\":\"https:\/\/rigasfotomenesis.lv\/2021\/#website\",\"url\":\"https:\/\/rigasfotomenesis.lv\/2021\/\",\"name\":\"Riga Photomonth\",\"description\":\"May 24\\u2013July 18\",\"publisher\":{\"@id\":\"https:\/\/rigasfotomenesis.lv\/2021\/#organization\"},\"potentialAction\":[{\"@type\":\"SearchAction\",\"target\":\"https:\/\/rigasfotomenesis.lv\/2021\/?s={search_term_string}\",\"query-input\":\"required name=search_term_string\"}],\"inLanguage\":\"en-US\"},{\"@type\":\"ImageObject\",\"@id\":\"https:\/\/rigasfotomenesis.lv\/2021\/lv\/artists\/leticija-zika\/#primaryimage\",\"inLanguage\":\"en-US\",\"url\":\"https:\/\/rigasfotomenesis.lv\/2021\/wp-content\/uploads\/sites\/2\/2021\/05\/zica_leticia_03s-1.jpg\",\"contentUrl\":\"https:\/\/rigasfotomenesis.lv\/2021\/wp-content\/uploads\/sites\/2\/2021\/05\/zica_leticia_03s-1.jpg\",\"width\":1000,\"height\":1500,\"caption\":\"Let\\u012bcija Zika\"},{\"@type\":\"WebPage\",\"@id\":\"https:\/\/rigasfotomenesis.lv\/2021\/lv\/artists\/leticija-zika\/#webpage\",\"url\":\"https:\/\/rigasfotomenesis.lv\/2021\/lv\/artists\/leticija-zika\/\",\"name\":\"Let\\u012bcija Zika - Riga Photomonth 2021\",\"isPartOf\":{\"@id\":\"https:\/\/rigasfotomenesis.lv\/2021\/#website\"},\"primaryImageOfPage\":{\"@id\":\"https:\/\/rigasfotomenesis.lv\/2021\/lv\/artists\/leticija-zika\/#primaryimage\"},\"datePublished\":\"2021-05-18T23:59:55+00:00\",\"dateModified\":\"2021-05-19T08:08:56+00:00\",\"breadcrumb\":{\"@id\":\"https:\/\/rigasfotomenesis.lv\/2021\/lv\/artists\/leticija-zika\/#breadcrumb\"},\"inLanguage\":\"en-US\",\"potentialAction\":[{\"@type\":\"ReadAction\",\"target\":[\"https:\/\/rigasfotomenesis.lv\/2021\/lv\/artists\/leticija-zika\/\"]}]},{\"@type\":\"BreadcrumbList\",\"@id\":\"https:\/\/rigasfotomenesis.lv\/2021\/lv\/artists\/leticija-zika\/#breadcrumb\",\"itemListElement\":[{\"@type\":\"ListItem\",\"position\":1,\"item\":{\"@type\":\"WebPage\",\"@id\":\"https:\/\/rigasfotomenesis.lv\/2021\/\",\"url\":\"https:\/\/rigasfotomenesis.lv\/2021\/\",\"name\":\"Home\"}},{\"@type\":\"ListItem\",\"position\":2,\"item\":{\"@type\":\"WebPage\",\"@id\":\"https:\/\/rigasfotomenesis.lv\/2021\/lv\/artists\/leticija-zika\/\",\"url\":\"https:\/\/rigasfotomenesis.lv\/2021\/lv\/artists\/leticija-zika\/\",\"name\":\"Let\\u012bcija Zika\"}}]}]}<\/script>\n<!-- \/ Yoast SEO plugin. -->","_links":{"self":[{"href":"https:\/\/rigasfotomenesis.lv\/2021\/wp-json\/wp\/v2\/artist\/602","targetHints":{"allow":["GET"]}}],"collection":[{"href":"https:\/\/rigasfotomenesis.lv\/2021\/wp-json\/wp\/v2\/artist"}],"about":[{"href":"https:\/\/rigasfotomenesis.lv\/2021\/wp-json\/wp\/v2\/types\/artist"}],"wp:featuredmedia":[{"embeddable":true,"href":"https:\/\/rigasfotomenesis.lv\/2021\/wp-json\/wp\/v2\/media\/605"}],"wp:attachment":[{"href":"https:\/\/rigasfotomenesis.lv\/2021\/wp-json\/wp\/v2\/media?parent=602"}],"curies":[{"name":"wp","href":"https:\/\/api.w.org\/{rel}","templated":true}]}}