{"id":409,"date":"2021-04-27T12:45:35","date_gmt":"2021-04-27T09:45:35","guid":{"rendered":"https:\/\/rigasfotomenesis.lv\/?post_type=artist&#038;p=409"},"modified":"2021-04-27T13:14:06","modified_gmt":"2021-04-27T10:14:06","slug":"elvira-blumfelde","status":"publish","type":"artist","link":"https:\/\/rigasfotomenesis.lv\/2021\/lv\/artists\/elvira-blumfelde\/","title":{"rendered":"Elv\u012bra Blumfelde"},"content":{"rendered":"\n<p><a href=\"https:\/\/www.elvirablumfelde.com\/\">Elv\u012bra Blumfelde<\/a> ir fotogr\u0101fe, re\u017eisore un grafisk\u0101 dizainere. Ieguvusi bakalaura gr\u0101du filmu un TV re\u017eij\u0101, k\u0101 ar\u012b stud\u0113jusi t\u0113lot\u0101jm\u0101kslu Somij\u0101. Veido da\u017e\u0101dus projektus, tostarp m\u016bzikas video, dokument\u0101l\u0101s un m\u0101kslas \u012bsfilmas. Izst\u0101d\u0113s piedal\u012bjusies gan ar sav\u0101m fotogr\u0101fij\u0101m, gan veidojot instal\u0101cijas.<\/p>\n\n\n\n<p>Elv\u012bras Blumfeldes projekts <em>Es n\u0101k\u0161u r\u012bt<\/em> tiks prezent\u0113ts R\u012bgas Fotom\u0113ne\u0161a laik\u0101. \u0160aj\u0101 laik\u0101, kad cilv\u0113ku dz\u012bves ir tik trauksmainas un stresa pilnas, m\u0101ksliniece izmanto Taro k\u0101rtis, lai pal\u012bdz\u0113tu sev un tuviniekiem. \u0160is process iedvesmojis rad\u012bt fotogr\u0101fiju s\u0113riju.<\/p>\n\n\n\n<p><strong>K\u0101 rad\u0101s ideja \u0161im projektam?<\/strong><\/p>\n\n\n\n<p>Man vienm\u0113r visam ir vajadz\u0113jis b\u016bt izpl\u0101notam &#8211; man bija j\u0101zina, ko es dar\u012b\u0161u r\u012bt un n\u0101kamned\u0113\u013c, kalend\u0101r\u0101 neielikts notikums vai neizpl\u0101nots pas\u0101kums man sag\u0101d\u0101ja stresu. Ta\u010du \u0161aj\u0101 laik\u0101 es iem\u0101c\u012bjos nepl\u0101not, nepie\u0137erties tam \u201ckad\u201c un vair\u0101k dz\u012bvot mirkl\u012b. Manupr\u0101t, zin\u0101t, kas notiks tuv\u0101k\u0101 vai t\u0101l\u0101k\u0101 n\u0101kotn\u0113, dod mums miera saj\u016btu &#8211; cilv\u0113ki baid\u0101s no nezin\u0101m\u0101, no p\u0113k\u0161\u0146\u0101m p\u0101rmai\u0146\u0101m, un, esot izv\u0113les priek\u0161\u0101, baid\u0101s pie\u0146emt nepareizo l\u0113mumu. T\u0101d\u0113\u013c, lai g\u016btu sirdsmieru, cilv\u0113ki piev\u0113r\u0161as ezot\u0113risk\u0101m liet\u0101m.<\/p>\n\n\n\n<p>Sav\u0101 darb\u0101 iedvesmojos no Taro k\u0101rt\u012bm, kuras parasti izmanto z\u012bl\u0113\u0161anai un uz kur\u0101m ir att\u0113loti skaisti, kr\u0101\u0161\u0146i t\u0113li un ainas. Ar\u012b person\u012bgi izmantoju Taro k\u0101rtis, lai sev un tuvajiem pal\u012bdz\u0113tu sak\u0101rtot pr\u0101tu un atbr\u012bvotos no trauksmain\u0101m dom\u0101m.&nbsp;<\/p>\n\n\n\n<div class=\"wp-block-image\"><figure class=\"aligncenter size-large\"><img loading=\"lazy\" decoding=\"async\" width=\"576\" height=\"1024\" src=\"https:\/\/rigasfotomenesis.lv\/wp-content\/uploads\/2021\/04\/elvira_blumfelde_2s1-1-576x1024.jpg\" alt=\"\" class=\"wp-image-413\" srcset=\"https:\/\/rigasfotomenesis.lv\/2021\/wp-content\/uploads\/sites\/2\/2021\/04\/elvira_blumfelde_2s1-1-576x1024.jpg 576w, https:\/\/rigasfotomenesis.lv\/2021\/wp-content\/uploads\/sites\/2\/2021\/04\/elvira_blumfelde_2s1-1-169x300.jpg 169w, https:\/\/rigasfotomenesis.lv\/2021\/wp-content\/uploads\/sites\/2\/2021\/04\/elvira_blumfelde_2s1-1-768x1365.jpg 768w, https:\/\/rigasfotomenesis.lv\/2021\/wp-content\/uploads\/sites\/2\/2021\/04\/elvira_blumfelde_2s1-1.jpg 800w\" sizes=\"auto, (max-width: 576px) 100vw, 576px\" \/><figcaption>Elv\u012bra Blumfelde<\/figcaption><\/figure><\/div>\n\n\n\n<p><strong>Vai tev pa\u0161ai pat\u012bk sp\u0113l\u0113t k\u0101rtis?<\/strong><\/p>\n\n\n\n<p>Sp\u0113\u013cu k\u0101rtis man saist\u0101s ar b\u0113rn\u012bbu. Telefoni tolaik nebija tik att\u012bst\u012bti, t\u0101p\u0113c k\u0101rtis sp\u0113l\u0113jam bie\u017ei un visur &#8211; nometn\u0113s, skol\u0101s, vilcienos, pludmal\u0113s, pie dabas un vienk\u0101r\u0161i ciemojoties. Atceros, ka bija pat p\u0101ris z\u012bl\u0113\u0161anas sp\u0113les, ko pamatskol\u0101 izmantoj\u0101m, lai uzzin\u0101tu &#8220;topo\u0161\u0101 v\u012bra v\u0101rdu&#8221;.<\/p>\n\n\n\n<p>Ironisk\u0101 k\u0101rt\u0101 Taro k\u0101rtis z\u012bl\u0113\u0161anai kop\u0161 pand\u0113mijas s\u0101kuma izmantoju daudz ret\u0101k. Iesp\u0113jams, esmu pie\u0146\u0113musi to, ka \u0161obr\u012bd m\u016bsu dz\u012bve nevar b\u016bt paredzama, un beidzot dz\u012bvoju tagadn\u0113.<\/p>\n\n\n\n<p><strong>K\u0101 tu raksturotu savu interesi fotogr\u0101fij\u0101?<\/strong><\/p>\n\n\n\n<p>Visi mani p\u0113d\u0113jie personiskie darbi ir biju\u0161i pa\u0161portreti. Ar\u012b citu darbos ir interesanti v\u0113rot, k\u0101 cilv\u0113ks sp\u0113j sevi transform\u0113t da\u017e\u0101dos t\u0113los. P\u0113c dabas esmu introverts cilv\u0113ks, ta\u010du pa\u0161portretu veido\u0161ana ir int\u012bms process, caur kuru var m\u0101c\u012bties pie\u0146emt sevi un ar katru fotogr\u0101fiju k\u013c\u016bt arvien drosm\u012bg\u0101ks.<\/p>\n\n\n\n<div class=\"wp-block-image\"><figure class=\"aligncenter size-large\"><img loading=\"lazy\" decoding=\"async\" width=\"576\" height=\"1024\" src=\"https:\/\/rigasfotomenesis.lv\/wp-content\/uploads\/2021\/04\/fading1-576x1024.jpg\" alt=\"\" class=\"wp-image-414\" srcset=\"https:\/\/rigasfotomenesis.lv\/2021\/wp-content\/uploads\/sites\/2\/2021\/04\/fading1-576x1024.jpg 576w, https:\/\/rigasfotomenesis.lv\/2021\/wp-content\/uploads\/sites\/2\/2021\/04\/fading1-169x300.jpg 169w, https:\/\/rigasfotomenesis.lv\/2021\/wp-content\/uploads\/sites\/2\/2021\/04\/fading1-768x1365.jpg 768w, https:\/\/rigasfotomenesis.lv\/2021\/wp-content\/uploads\/sites\/2\/2021\/04\/fading1.jpg 800w\" sizes=\"auto, (max-width: 576px) 100vw, 576px\" \/><figcaption>Elv\u012bra Blumfelde<\/figcaption><\/figure><\/div>\n\n\n\n<p><strong>Kas tev visvair\u0101k pat\u012bk un visvair\u0101k nepat\u012bk, dom\u0101jot par <em>Covid<\/em> laikmetu?<\/strong><\/p>\n\n\n\n<p>Ar katru dienu pand\u0113mij\u0101 j\u016btu, ka pr\u0101ts paliek arvien trauksmain\u0101ks. Bailes un trauksme par savu vesel\u012bbu, \u0123imeni, darbu, dz\u012bvi pand\u0113mij\u0101 kopum\u0101, kur\u0101 nesp\u0113jam paredz\u0113t vai pl\u0101not pat tuv\u0101ko n\u0101kotni. Lai ar\u012b mana ikdiena ir \u013coti darb\u012bga, tom\u0113r trauksme jau ir t\u0101ds konstants fona st\u0101voklis, kas nekad ne\u013cauj atsl\u0101bt.<\/p>\n\n\n\n<p>Tom\u0113r pand\u0113mijas laiks ir \u013c\u0101vis \u013cauties mirklim, daudz vair\u0101k laika velt\u012bt sev un saviem person\u012bgajiem m\u0113r\u0137iem, piev\u0113rsties savai pa\u0161saj\u016btai un ment\u0101lajai vesel\u012bbai. Daudz vair\u0101k laika velt\u012bt dabai, fotogr\u0101fijai un m\u0101kslai kopum\u0101. Mans dz\u012bves ritms ir k\u013cuvis daudz l\u0113n\u0101ks un vesel\u012bg\u0101ks, beidzot esmu iem\u0101c\u012bjusies \u013caut sev ar\u012b paslinkot un atp\u016bsties, jo nekur jau nav j\u0101steidzas un nekur nav j\u0101b\u016bt.<\/p>\n\n\n\n<p><strong>K\u0101di ir tavi tuv\u0101kie rado\u0161ie pl\u0101ni?<\/strong><\/p>\n\n\n\n<p>\u0160obr\u012bd \u013coti akt\u012bvi darbojos pie sava izst\u0101des darba ISSP Skolas ietvaros. Kop\u0101 ar v\u0113l da\u017e\u0101m burv\u012bg\u0101m m\u0101ksliniec\u0113m v\u0113rsim va\u013c\u0101, manupr\u0101t, \u013coti interesantu un \u013coti daudzpus\u012bgu izst\u0101di. S\u0101kotn\u0113ji izst\u0101de bija pl\u0101nota maija beig\u0101s, ta\u010du nol\u0113m\u0101m pagaid\u012bt l\u012bdz var\u0113sim pilnv\u0113rt\u012bgi to atv\u0113rt, tikties kl\u0101tien\u0113 un nosvin\u0113t paveikto, t\u0101d\u0113\u013c izst\u0101des datumi v\u0113l nav zin\u0101mi.<\/p>\n","protected":false},"excerpt":{"rendered":"<p>K\u0101 nebaid\u012bties no nezin\u0101m\u0101?<\/p>\n","protected":false},"featured_media":411,"template":"","class_list":["post-409","artist","type-artist","status-publish","has-post-thumbnail","hentry"],"yoast_head":"<!-- This site is optimized with the Yoast SEO plugin v16.1.1 - https:\/\/yoast.com\/wordpress\/plugins\/seo\/ -->\n<title>Elv\u012bra Blumfelde - Riga Photomonth 2021<\/title>\n<link rel=\"canonical\" href=\"https:\/\/rigasfotomenesis.lv\/2021\/lv\/artists\/elvira-blumfelde\/\" \/>\n<meta property=\"og:locale\" content=\"en_US\" \/>\n<meta property=\"og:type\" content=\"article\" \/>\n<meta property=\"og:title\" content=\"Elv\u012bra Blumfelde - Riga Photomonth 2021\" \/>\n<meta property=\"og:description\" content=\"K\u0101 nebaid\u012bties no nezin\u0101m\u0101?\" \/>\n<meta property=\"og:url\" content=\"https:\/\/rigasfotomenesis.lv\/2021\/lv\/artists\/elvira-blumfelde\/\" \/>\n<meta property=\"og:site_name\" content=\"Riga Photomonth 2021\" \/>\n<meta property=\"article:publisher\" content=\"https:\/\/www.facebook.com\/RigaPhotomonth\" \/>\n<meta property=\"article:modified_time\" content=\"2021-04-27T10:14:06+00:00\" \/>\n<meta property=\"og:image\" content=\"https:\/\/rigasfotomenesis.lv\/2021\/wp-content\/uploads\/sites\/2\/2021\/04\/myst2-elvira.jpg\" \/>\n\t<meta property=\"og:image:width\" content=\"800\" \/>\n\t<meta property=\"og:image:height\" content=\"1422\" \/>\n<meta name=\"twitter:card\" content=\"summary_large_image\" \/>\n<meta name=\"twitter:label1\" content=\"Est. reading time\">\n\t<meta name=\"twitter:data1\" content=\"3 minutes\">\n<script type=\"application\/ld+json\" class=\"yoast-schema-graph\">{\"@context\":\"https:\/\/schema.org\",\"@graph\":[{\"@type\":\"Organization\",\"@id\":\"https:\/\/rigasfotomenesis.lv\/2021\/#organization\",\"name\":\"Society \\u201cRiga Photomonth\\u201d\",\"url\":\"https:\/\/rigasfotomenesis.lv\/2021\/\",\"sameAs\":[\"https:\/\/www.facebook.com\/RigaPhotomonth\",\"https:\/\/www.instagram.com\/rigaphotomonth\/\",\"https:\/\/www.youtube.com\/channel\/UC6c5PFSPCWtbaekT7icz3-A\"],\"logo\":{\"@type\":\"ImageObject\",\"@id\":\"https:\/\/rigasfotomenesis.lv\/2021\/#logo\",\"inLanguage\":\"en-US\",\"url\":\"https:\/\/rigasfotomenesis.lv\/wp-content\/uploads\/2021\/03\/logo2021.svg\",\"contentUrl\":\"https:\/\/rigasfotomenesis.lv\/wp-content\/uploads\/2021\/03\/logo2021.svg\",\"width\":70,\"height\":69,\"caption\":\"Society \\u201cRiga Photomonth\\u201d\"},\"image\":{\"@id\":\"https:\/\/rigasfotomenesis.lv\/2021\/#logo\"}},{\"@type\":\"WebSite\",\"@id\":\"https:\/\/rigasfotomenesis.lv\/2021\/#website\",\"url\":\"https:\/\/rigasfotomenesis.lv\/2021\/\",\"name\":\"Riga Photomonth\",\"description\":\"May 24\\u2013July 18\",\"publisher\":{\"@id\":\"https:\/\/rigasfotomenesis.lv\/2021\/#organization\"},\"potentialAction\":[{\"@type\":\"SearchAction\",\"target\":\"https:\/\/rigasfotomenesis.lv\/2021\/?s={search_term_string}\",\"query-input\":\"required name=search_term_string\"}],\"inLanguage\":\"en-US\"},{\"@type\":\"ImageObject\",\"@id\":\"https:\/\/rigasfotomenesis.lv\/2021\/lv\/artists\/elvira-blumfelde\/#primaryimage\",\"inLanguage\":\"en-US\",\"url\":\"https:\/\/rigasfotomenesis.lv\/2021\/wp-content\/uploads\/sites\/2\/2021\/04\/myst2-elvira.jpg\",\"contentUrl\":\"https:\/\/rigasfotomenesis.lv\/2021\/wp-content\/uploads\/sites\/2\/2021\/04\/myst2-elvira.jpg\",\"width\":800,\"height\":1422,\"caption\":\"Elv\\u012bra Blumfelde\"},{\"@type\":\"WebPage\",\"@id\":\"https:\/\/rigasfotomenesis.lv\/2021\/lv\/artists\/elvira-blumfelde\/#webpage\",\"url\":\"https:\/\/rigasfotomenesis.lv\/2021\/lv\/artists\/elvira-blumfelde\/\",\"name\":\"Elv\\u012bra Blumfelde - Riga Photomonth 2021\",\"isPartOf\":{\"@id\":\"https:\/\/rigasfotomenesis.lv\/2021\/#website\"},\"primaryImageOfPage\":{\"@id\":\"https:\/\/rigasfotomenesis.lv\/2021\/lv\/artists\/elvira-blumfelde\/#primaryimage\"},\"datePublished\":\"2021-04-27T09:45:35+00:00\",\"dateModified\":\"2021-04-27T10:14:06+00:00\",\"breadcrumb\":{\"@id\":\"https:\/\/rigasfotomenesis.lv\/2021\/lv\/artists\/elvira-blumfelde\/#breadcrumb\"},\"inLanguage\":\"en-US\",\"potentialAction\":[{\"@type\":\"ReadAction\",\"target\":[\"https:\/\/rigasfotomenesis.lv\/2021\/lv\/artists\/elvira-blumfelde\/\"]}]},{\"@type\":\"BreadcrumbList\",\"@id\":\"https:\/\/rigasfotomenesis.lv\/2021\/lv\/artists\/elvira-blumfelde\/#breadcrumb\",\"itemListElement\":[{\"@type\":\"ListItem\",\"position\":1,\"item\":{\"@type\":\"WebPage\",\"@id\":\"https:\/\/rigasfotomenesis.lv\/2021\/\",\"url\":\"https:\/\/rigasfotomenesis.lv\/2021\/\",\"name\":\"Home\"}},{\"@type\":\"ListItem\",\"position\":2,\"item\":{\"@type\":\"WebPage\",\"@id\":\"https:\/\/rigasfotomenesis.lv\/2021\/lv\/artists\/elvira-blumfelde\/\",\"url\":\"https:\/\/rigasfotomenesis.lv\/2021\/lv\/artists\/elvira-blumfelde\/\",\"name\":\"Elv\\u012bra Blumfelde\"}}]}]}<\/script>\n<!-- \/ Yoast SEO plugin. -->","_links":{"self":[{"href":"https:\/\/rigasfotomenesis.lv\/2021\/wp-json\/wp\/v2\/artist\/409","targetHints":{"allow":["GET"]}}],"collection":[{"href":"https:\/\/rigasfotomenesis.lv\/2021\/wp-json\/wp\/v2\/artist"}],"about":[{"href":"https:\/\/rigasfotomenesis.lv\/2021\/wp-json\/wp\/v2\/types\/artist"}],"wp:featuredmedia":[{"embeddable":true,"href":"https:\/\/rigasfotomenesis.lv\/2021\/wp-json\/wp\/v2\/media\/411"}],"wp:attachment":[{"href":"https:\/\/rigasfotomenesis.lv\/2021\/wp-json\/wp\/v2\/media?parent=409"}],"curies":[{"name":"wp","href":"https:\/\/api.w.org\/{rel}","templated":true}]}}