{"id":395,"date":"2021-04-23T18:32:01","date_gmt":"2021-04-23T15:32:01","guid":{"rendered":"https:\/\/rigasfotomenesis.lv\/?post_type=artist&#038;p=395"},"modified":"2021-04-23T18:34:38","modified_gmt":"2021-04-23T15:34:38","slug":"brams-van-deiks","status":"publish","type":"artist","link":"https:\/\/rigasfotomenesis.lv\/2021\/lv\/artists\/brams-van-deiks\/","title":{"rendered":"Brams van Deiks"},"content":{"rendered":"\n<p><a href=\"https:\/\/www.nahmlos.com\/\">Brams van Deiks<\/a> (jeb NAHMLOS) ir holandie\u0161u izcelsmes fotogr\u0101fs un filmu veidot\u0101js, kur\u0161 dz\u012bvo Par\u012bz\u0113. Stud\u0113jis audiovizu\u0101lo m\u0101kslu Vilema de K\u016bniga akad\u0113mij\u0101 Roterdam\u0101. Brama van Deika fotoprojekts tiks prezent\u0113ts R\u012bgas Fotom\u0113ne\u0161a laik\u0101. T\u0101 ir dokument\u0101cija par protestiem Par\u012bz\u0113 pret da\u017e\u0101d\u0101m izmai\u0146\u0101m valst\u012b un pasaul\u0113, s\u0101kot no augstiem nodok\u013ciem l\u012bdz kust\u012bbai <em>Black Lives Matter<\/em>. Vi\u0146u iedvesmojis tas, k\u0101 laik\u0101, kad m\u0113s esam tik sa\u0161\u0137elti, \u0161\u012bs cilv\u0113ku grupas sp\u0113j san\u0101kt kop\u0101, lai paustu savu tic\u012bbu un ideolo\u0123iju.<\/p>\n\n\n\n<p><strong>Kur tu atradi ideju savam projektam?&nbsp;<\/strong><\/p>\n\n\n\n<p>Pirms p\u0101ris gadiem es s\u0101ku daudz fotograf\u0113t iel\u0101s. P\u0113c tik da\u017e\u0101du cilv\u0113ku, situ\u0101ciju, raksturu un vietu fotograf\u0113\u0161anas man s\u0101ka veidoties neliels att\u0113lu arh\u012bvs. Neesmu radis veidot s\u0113rijas, iepriek\u0161 izpl\u0101nojot t\u0113mas, galvenok\u0101rt t\u0101p\u0113c, ka v\u0113l neesmu to \u012bsti m\u0113\u0123in\u0101jis. Parasti es p\u0113tu savu arh\u012bvu un mekl\u0113ju k\u0101das saiknes starp da\u017e\u0101d\u0101m fotogr\u0101fij\u0101m. \u0160\u012b konkr\u0113t\u0101 s\u0113rija ir fotogr\u0101fiju izlase, kuras uz\u0146emtas laik\u0101 no 2016. l\u012bdz 2020. gadam. Visas fotogr\u0101fijas ir no Par\u012bzes, kur \u0161obr\u012bd uzturos.<\/p>\n\n\n\n<p><strong>K\u0101 filmu veido\u0161anas pieredze papildina tavu fotogr\u0101fiju?<\/strong><\/p>\n\n\n\n<p>Kino studiju laik\u0101 es s\u0101ku eksperiment\u0113t ar fotogr\u0101fiju &#8211; mans m\u0113r\u0137is galvenok\u0101rt bija ieg\u016bt vair\u0101k pieredzes ar kadr\u0113\u0161anu, fokus\u0113\u0161anu un gaismu, lai lab\u0101k str\u0101d\u0101tu ar kameru film\u0101s. S\u0101kum\u0101 manas fotogr\u0101fijas visbie\u017e\u0101k bija horizont\u0101las, lai paliktu tradicion\u0101laj\u0101 filmas kadr\u0113jum\u0101. P\u0113c k\u0101da laika paman\u012bju, ka esmu s\u0101cis vair\u0101k fotograf\u0113t vertik\u0101li, eksperiment\u0113t ar zibspuldzes lieto\u0161anu. Pal\u0113n\u0101m manas fotogr\u0101fijas s\u0101ka dz\u012bvot pa\u0161as par sevi, \u0101rpus idejas, ka tren\u0113\u0161u savu skatienu, lai ieg\u016btu vair\u0101k pieredzes darbam ar kino kameru.<\/p>\n\n\n\n<p>Savas se\u0161u m\u0113ne\u0161u prakses laik\u0101 Par\u012bz\u0113 es uz\u0146\u0113mu daudz ielu fotogr\u0101fiju (da\u017eas no t\u0101m b\u016bs redzamas projekt\u0101). Atgriezies Holand\u0113, es nol\u0113mu izveidot fotogr\u0101matu un izmantot att\u0113lus\/vietas\/varo\u0146us k\u0101 galveno iedvesmas avotu manas absolv\u0113\u0161anas filmas <em>Gallivant<\/em> rakst\u012b\u0161anas proces\u0101. Ja film\u0113\u0161ana iedvesmoja mani s\u0101kt fotograf\u0113t, tad tagad fotogr\u0101fija iedvesmo mani str\u0101d\u0101t pie film\u0101m.<\/p>\n\n\n\n<figure class=\"wp-block-image size-large\"><img loading=\"lazy\" decoding=\"async\" width=\"1024\" height=\"683\" src=\"https:\/\/rigasfotomenesis.lv\/wp-content\/uploads\/2021\/04\/Bastille_Loi_Securite_Globale_bram1-1-1024x683.jpg\" alt=\"\" class=\"wp-image-398\" srcset=\"https:\/\/rigasfotomenesis.lv\/2021\/wp-content\/uploads\/sites\/2\/2021\/04\/Bastille_Loi_Securite_Globale_bram1-1-1024x683.jpg 1024w, https:\/\/rigasfotomenesis.lv\/2021\/wp-content\/uploads\/sites\/2\/2021\/04\/Bastille_Loi_Securite_Globale_bram1-1-300x200.jpg 300w, https:\/\/rigasfotomenesis.lv\/2021\/wp-content\/uploads\/sites\/2\/2021\/04\/Bastille_Loi_Securite_Globale_bram1-1-768x512.jpg 768w, https:\/\/rigasfotomenesis.lv\/2021\/wp-content\/uploads\/sites\/2\/2021\/04\/Bastille_Loi_Securite_Globale_bram1-1.jpg 1500w\" sizes=\"auto, (max-width: 1024px) 100vw, 1024px\" \/><figcaption>Brams van Deiks<\/figcaption><\/figure>\n\n\n\n<p><strong>Vai pats k\u0101dreiz esi iesaist\u012bjies protestos?<\/strong><\/p>\n\n\n\n<p>Piedaloties \u013coti da\u017e\u0101dos protestos, sapratu, ka mans viedoklis ir dal\u012bts. Da\u017eiem no tiem es piekritu, da\u017eiem \u2013 ne. Es neesmu bijis nopietni iesaist\u012bts zi\u0146u izplat\u012b\u0161an\u0101 vai nost\u0101jies k\u0101d\u0101 pus\u0113 protestu laik\u0101. Uzskatu, ka man k\u0101 personai, kas dokument\u0113 \u0161\u012bs lietas, vajadz\u0113tu palikt diezgan neitr\u0101lam. Esmu redz\u0113jis cilv\u0113kus, kuru viedoklim piekr\u012btu, dar\u0101m \u0161ajos protestos lietas, kuras neatz\u012bstu. Es ar\u012b v\u0113los, lai b\u016btu sp\u0113j\u012bgs dokument\u0113t cilv\u0113kus, kuriem nepiekr\u012btu, un k\u0101das nost\u0101jas izv\u0113l\u0113\u0161an\u0101s var\u0113tu sa\u0161aurin\u0101t manu skat\u012bjumu.<\/p>\n\n\n\n<p><strong>K\u0101 <em>Covid-19<\/em> ietekm\u0113jis tavu m\u0101ksliniecisko darb\u012bbu?<\/strong><\/p>\n\n\n\n<p><em>Covid<\/em> d\u0113\u013c es uz\u0146\u0113mu daudz maz\u0101k fotogr\u0101fiju \u2013 gan Par\u012bzes strikt\u0101 lokdauna d\u0113\u013c, gan ar\u012b t\u0101p\u0113c, ka publisk\u0101s viet\u0101s bija j\u0101valk\u0101 maskas. Fotograf\u0113jot iel\u0101s, man pat\u012bk notvert tie\u0161i cilv\u0113ku sejas un to izteiksmes. T\u0101 k\u0101 tik daudzu cilv\u0113ku sejas bija aizsegtas, bija gr\u016bti atrast to, ko v\u0113los nofotograf\u0113t.<\/p>\n\n\n\n<figure class=\"wp-block-image size-large\"><img loading=\"lazy\" decoding=\"async\" width=\"1024\" height=\"681\" src=\"https:\/\/rigasfotomenesis.lv\/wp-content\/uploads\/2021\/04\/1st-Protest-Nat0-bram3-1-1024x681.jpg\" alt=\"\" class=\"wp-image-397\" srcset=\"https:\/\/rigasfotomenesis.lv\/2021\/wp-content\/uploads\/sites\/2\/2021\/04\/1st-Protest-Nat0-bram3-1-1024x681.jpg 1024w, https:\/\/rigasfotomenesis.lv\/2021\/wp-content\/uploads\/sites\/2\/2021\/04\/1st-Protest-Nat0-bram3-1-300x200.jpg 300w, https:\/\/rigasfotomenesis.lv\/2021\/wp-content\/uploads\/sites\/2\/2021\/04\/1st-Protest-Nat0-bram3-1-768x511.jpg 768w, https:\/\/rigasfotomenesis.lv\/2021\/wp-content\/uploads\/sites\/2\/2021\/04\/1st-Protest-Nat0-bram3-1.jpg 1500w\" sizes=\"auto, (max-width: 1024px) 100vw, 1024px\" \/><figcaption>Brams van Deiks<\/figcaption><\/figure>\n\n\n\n<p><strong>Pie k\u0101da projekta tu str\u0101d\u0101 \u0161obr\u012bd?<\/strong><\/p>\n\n\n\n<p>T\u0101 k\u0101 fotograf\u0113ju mazliet maz\u0101k, s\u0101ku vair\u0101k fokus\u0113ties uz saviem filmu projektiem. Diem\u017e\u0113l mans m\u0113r\u0137is ir str\u0101d\u0101t pie \u0161iem projektiem ar p\u0113c iesp\u0113jas maz\u0101ku spriedzi. Str\u0101d\u0101ju ar domu, ka tie, iesp\u0113jams, nekad netiks public\u0113ti. Ja es tos \u0161eit piemin\u0113tu, padar\u012btu tos \u012bstus pirms tie visp\u0101r eksist\u0113. T\u0101p\u0113c baidos, ka tas ir viss, ko v\u0113los \u0161aj\u0101 sakar\u0101 teikt.<\/p>\n\n\n\n<p>Tom\u0113r ceru, ka dr\u012bz var\u0113\u0161u atkal vair\u0101k fotograf\u0113t. Man ir probl\u0113mas ar vienu no man\u0101m analogaj\u0101m kamer\u0101m, nezinu, vai to var\u0113s piln\u012bb\u0101 salabot, t\u0101p\u0113c m\u0113\u0123inu iekr\u0101t naudu, lai jau dr\u012bz var\u0113tu mekl\u0113t citu kameru.<\/p>\n","protected":false},"excerpt":{"rendered":"<p>K\u0101 dokument\u0113t protestus? <\/p>\n","protected":false},"featured_media":396,"template":"","class_list":["post-395","artist","type-artist","status-publish","has-post-thumbnail","hentry"],"yoast_head":"<!-- This site is optimized with the Yoast SEO plugin v16.1.1 - https:\/\/yoast.com\/wordpress\/plugins\/seo\/ -->\n<title>Brams van Deiks - Riga Photomonth 2021<\/title>\n<link rel=\"canonical\" href=\"https:\/\/rigasfotomenesis.lv\/2021\/lv\/artists\/brams-van-deiks\/\" \/>\n<meta property=\"og:locale\" content=\"en_US\" \/>\n<meta property=\"og:type\" content=\"article\" \/>\n<meta property=\"og:title\" content=\"Brams van Deiks - Riga Photomonth 2021\" \/>\n<meta property=\"og:description\" content=\"K\u0101 dokument\u0113t protestus?\" \/>\n<meta property=\"og:url\" content=\"https:\/\/rigasfotomenesis.lv\/2021\/lv\/artists\/brams-van-deiks\/\" \/>\n<meta property=\"og:site_name\" content=\"Riga Photomonth 2021\" \/>\n<meta property=\"article:publisher\" content=\"https:\/\/www.facebook.com\/RigaPhotomonth\" \/>\n<meta property=\"article:modified_time\" content=\"2021-04-23T15:34:38+00:00\" \/>\n<meta property=\"og:image\" content=\"https:\/\/rigasfotomenesis.lv\/2021\/wp-content\/uploads\/sites\/2\/2021\/04\/Bastille_Loi_Securite_Globale_bram2-1.jpg\" \/>\n\t<meta property=\"og:image:width\" content=\"1500\" \/>\n\t<meta property=\"og:image:height\" content=\"1000\" \/>\n<meta name=\"twitter:card\" content=\"summary_large_image\" \/>\n<meta name=\"twitter:label1\" content=\"Est. reading time\">\n\t<meta name=\"twitter:data1\" content=\"3 minutes\">\n<script type=\"application\/ld+json\" class=\"yoast-schema-graph\">{\"@context\":\"https:\/\/schema.org\",\"@graph\":[{\"@type\":\"Organization\",\"@id\":\"https:\/\/rigasfotomenesis.lv\/2021\/#organization\",\"name\":\"Society \\u201cRiga Photomonth\\u201d\",\"url\":\"https:\/\/rigasfotomenesis.lv\/2021\/\",\"sameAs\":[\"https:\/\/www.facebook.com\/RigaPhotomonth\",\"https:\/\/www.instagram.com\/rigaphotomonth\/\",\"https:\/\/www.youtube.com\/channel\/UC6c5PFSPCWtbaekT7icz3-A\"],\"logo\":{\"@type\":\"ImageObject\",\"@id\":\"https:\/\/rigasfotomenesis.lv\/2021\/#logo\",\"inLanguage\":\"en-US\",\"url\":\"https:\/\/rigasfotomenesis.lv\/wp-content\/uploads\/2021\/03\/logo2021.svg\",\"contentUrl\":\"https:\/\/rigasfotomenesis.lv\/wp-content\/uploads\/2021\/03\/logo2021.svg\",\"width\":70,\"height\":69,\"caption\":\"Society \\u201cRiga Photomonth\\u201d\"},\"image\":{\"@id\":\"https:\/\/rigasfotomenesis.lv\/2021\/#logo\"}},{\"@type\":\"WebSite\",\"@id\":\"https:\/\/rigasfotomenesis.lv\/2021\/#website\",\"url\":\"https:\/\/rigasfotomenesis.lv\/2021\/\",\"name\":\"Riga Photomonth\",\"description\":\"May 24\\u2013July 18\",\"publisher\":{\"@id\":\"https:\/\/rigasfotomenesis.lv\/2021\/#organization\"},\"potentialAction\":[{\"@type\":\"SearchAction\",\"target\":\"https:\/\/rigasfotomenesis.lv\/2021\/?s={search_term_string}\",\"query-input\":\"required name=search_term_string\"}],\"inLanguage\":\"en-US\"},{\"@type\":\"ImageObject\",\"@id\":\"https:\/\/rigasfotomenesis.lv\/2021\/lv\/artists\/brams-van-deiks\/#primaryimage\",\"inLanguage\":\"en-US\",\"url\":\"https:\/\/rigasfotomenesis.lv\/2021\/wp-content\/uploads\/sites\/2\/2021\/04\/Bastille_Loi_Securite_Globale_bram2-1.jpg\",\"contentUrl\":\"https:\/\/rigasfotomenesis.lv\/2021\/wp-content\/uploads\/sites\/2\/2021\/04\/Bastille_Loi_Securite_Globale_bram2-1.jpg\",\"width\":1500,\"height\":1000,\"caption\":\"Brams van Deiks\"},{\"@type\":\"WebPage\",\"@id\":\"https:\/\/rigasfotomenesis.lv\/2021\/lv\/artists\/brams-van-deiks\/#webpage\",\"url\":\"https:\/\/rigasfotomenesis.lv\/2021\/lv\/artists\/brams-van-deiks\/\",\"name\":\"Brams van Deiks - Riga Photomonth 2021\",\"isPartOf\":{\"@id\":\"https:\/\/rigasfotomenesis.lv\/2021\/#website\"},\"primaryImageOfPage\":{\"@id\":\"https:\/\/rigasfotomenesis.lv\/2021\/lv\/artists\/brams-van-deiks\/#primaryimage\"},\"datePublished\":\"2021-04-23T15:32:01+00:00\",\"dateModified\":\"2021-04-23T15:34:38+00:00\",\"breadcrumb\":{\"@id\":\"https:\/\/rigasfotomenesis.lv\/2021\/lv\/artists\/brams-van-deiks\/#breadcrumb\"},\"inLanguage\":\"en-US\",\"potentialAction\":[{\"@type\":\"ReadAction\",\"target\":[\"https:\/\/rigasfotomenesis.lv\/2021\/lv\/artists\/brams-van-deiks\/\"]}]},{\"@type\":\"BreadcrumbList\",\"@id\":\"https:\/\/rigasfotomenesis.lv\/2021\/lv\/artists\/brams-van-deiks\/#breadcrumb\",\"itemListElement\":[{\"@type\":\"ListItem\",\"position\":1,\"item\":{\"@type\":\"WebPage\",\"@id\":\"https:\/\/rigasfotomenesis.lv\/2021\/\",\"url\":\"https:\/\/rigasfotomenesis.lv\/2021\/\",\"name\":\"Home\"}},{\"@type\":\"ListItem\",\"position\":2,\"item\":{\"@type\":\"WebPage\",\"@id\":\"https:\/\/rigasfotomenesis.lv\/2021\/lv\/artists\/brams-van-deiks\/\",\"url\":\"https:\/\/rigasfotomenesis.lv\/2021\/lv\/artists\/brams-van-deiks\/\",\"name\":\"Brams van Deiks\"}}]}]}<\/script>\n<!-- \/ Yoast SEO plugin. -->","_links":{"self":[{"href":"https:\/\/rigasfotomenesis.lv\/2021\/wp-json\/wp\/v2\/artist\/395","targetHints":{"allow":["GET"]}}],"collection":[{"href":"https:\/\/rigasfotomenesis.lv\/2021\/wp-json\/wp\/v2\/artist"}],"about":[{"href":"https:\/\/rigasfotomenesis.lv\/2021\/wp-json\/wp\/v2\/types\/artist"}],"wp:featuredmedia":[{"embeddable":true,"href":"https:\/\/rigasfotomenesis.lv\/2021\/wp-json\/wp\/v2\/media\/396"}],"wp:attachment":[{"href":"https:\/\/rigasfotomenesis.lv\/2021\/wp-json\/wp\/v2\/media?parent=395"}],"curies":[{"name":"wp","href":"https:\/\/api.w.org\/{rel}","templated":true}]}}