{"id":333,"date":"2021-04-17T11:57:29","date_gmt":"2021-04-17T08:57:29","guid":{"rendered":"https:\/\/rigasfotomenesis.lv\/?post_type=artist&#038;p=333"},"modified":"2021-04-17T11:57:30","modified_gmt":"2021-04-17T08:57:30","slug":"peteris-kimsis","status":"publish","type":"artist","link":"https:\/\/rigasfotomenesis.lv\/2021\/lv\/artists\/peteris-kimsis\/","title":{"rendered":"P\u0113teris \u0136imsis"},"content":{"rendered":"\n<p>P\u0113teris \u0136imsis ir Latvijas m\u0101kslinieks, 2020. gad\u0101 pabeidzis LMA T\u0113lniec\u012bbas noda\u013cu, 2020. gad\u0101 piedal\u012bjies izst\u0101d\u0113 <em>Are we there yet?<\/em> PILOT galerij\u0101.<\/p>\n\n\n\n<p>R\u012bgas Fotom\u0113nes\u012b redz\u0113sim vi\u0146a vides objektu <em>Liela veiksme<\/em> \u2013 automa\u0161\u012bnu ar milz\u012bgu putnu kaku. \u201cDa\u017e\u0101d\u0101s kult\u016br\u0101s cilv\u0113ki tic, ka, ja virs\u016b uzkak\u0101 putns, tas nes veiksmi un laimi, vai ar\u012b uztver to k\u0101 sliktu z\u012bmi. \u0160aj\u0101 darb\u0101 putna izsk\u0101rn\u012bjums ir k\u0101 metafora \u0161ai situ\u0101cijai, kur\u0101 \u0161obr\u012bd dz\u012bvojam. Auto simboliz\u0113 kust\u012bbu uz priek\u0161u, bet attieksme pret situ\u0101ciju ir atkar\u012bga no indiv\u012bda,\u201d skaidro autors.<\/p>\n\n\n\n<p><strong>K\u0101 tu non\u0101ci l\u012bdz idejai par \u0161o projektu?<\/strong><\/p>\n\n\n\n<p>Biju izg\u0101jis pastaig\u0101ties ar draudzeni un vi\u0146as suni. G\u0101j\u0101m gar\u0101m v\u0101rnu aps\u0113stam kokam un p\u0113c br\u012b\u017ea paman\u012bju, ka sunim uz muguras ir uzkak\u0101jis putns. Kad non\u0101c\u0101m m\u0101jas, sapratu &#8211; kaka bija riko\u0161et\u0113jusi no manas jakas uz biks\u0113m l\u012bdz non\u0101ca uz su\u0146a muguras. Tas lika aizdom\u0101ties par ideju \u0161im darbam.<\/p>\n\n\n\n<p><strong>Vai tev bie\u017ei putns ir uzkak\u0101jis uz galvas un ko tu parasti dari taj\u0101 br\u012bd\u012b?<\/strong><\/p>\n\n\n\n<p>\u013boti bie\u017ei negad\u0101s, bet, kad gad\u0101s, parasti pasmejos, bet tas, protams, atkar\u012bgs no situ\u0101cijas.<\/p>\n\n\n\n<p><strong>K\u0101 <em>Covid-19<\/em> ietekm\u0113jis tavu rado\u0161o darb\u012bbu?<\/strong><\/p>\n\n\n\n<p>Ierobe\u017eojumi ietekm\u0113ju\u0161i manu rado\u0161o darb\u012bbu da\u017e\u0101dos veidos, k\u0101 piem\u0113ram, materi\u0101lu ieg\u0101de, ce\u013co\u0161anas ierobe\u017eojumi, pas\u0101kumu pl\u0101no\u0161anas utt.<\/p>\n\n\n\n<div class=\"wp-block-image\"><figure class=\"aligncenter size-large\"><img loading=\"lazy\" decoding=\"async\" width=\"1024\" height=\"721\" src=\"http:\/\/rigasfotomenesis.lv\/2021\/wp-content\/uploads\/sites\/2\/2021\/04\/FINAL_5-2-samazinata-1024x721.jpg\" alt=\"\" class=\"wp-image-336\" srcset=\"https:\/\/rigasfotomenesis.lv\/2021\/wp-content\/uploads\/sites\/2\/2021\/04\/FINAL_5-2-samazinata-1024x721.jpg 1024w, https:\/\/rigasfotomenesis.lv\/2021\/wp-content\/uploads\/sites\/2\/2021\/04\/FINAL_5-2-samazinata-300x211.jpg 300w, https:\/\/rigasfotomenesis.lv\/2021\/wp-content\/uploads\/sites\/2\/2021\/04\/FINAL_5-2-samazinata-768x541.jpg 768w, https:\/\/rigasfotomenesis.lv\/2021\/wp-content\/uploads\/sites\/2\/2021\/04\/FINAL_5-2-samazinata-1536x1082.jpg 1536w, https:\/\/rigasfotomenesis.lv\/2021\/wp-content\/uploads\/sites\/2\/2021\/04\/FINAL_5-2-samazinata.jpg 2000w\" sizes=\"auto, (max-width: 1024px) 100vw, 1024px\" \/><figcaption>P\u0113teris \u0136imsis<\/figcaption><\/figure><\/div>\n\n\n\n<p><strong>K\u0101ds ir tavs ieteikums &#8211; k\u0101 lai tiek \u0101r\u0101 no s\u016bdiem?<\/strong><\/p>\n\n\n\n<p>J\u0101turpina darboties un veidot n\u0101kotnes pl\u0101nus, pat tad, kad liek s\u0113d\u0113t m\u0101j\u0101s un gr\u016bti atrast iedvesmu. Kust\u0113ties, proporcion\u0101li vair\u0101k nek\u0101 lietot <em>junk food<\/em> un alkoholu.<\/p>\n\n\n\n<p><strong>K\u0101ds b\u016bs tavs n\u0101kamais projekts?<\/strong><\/p>\n\n\n\n<p>Pa\u0161laik str\u0101d\u0101ju pie vair\u0101k\u0101m idej\u0101m, iesp\u0113jams \u0161ovasar tais\u012b\u0161u person\u0101lizst\u0101di.&nbsp;<\/p>\n","protected":false},"excerpt":{"rendered":"<p>Liela veiksme un citas metaforas. <\/p>\n","protected":false},"featured_media":335,"template":"","class_list":["post-333","artist","type-artist","status-publish","has-post-thumbnail","hentry"],"yoast_head":"<!-- This site is optimized with the Yoast SEO plugin v16.1.1 - https:\/\/yoast.com\/wordpress\/plugins\/seo\/ -->\n<title>P\u0113teris \u0136imsis - Riga Photomonth 2021<\/title>\n<link rel=\"canonical\" href=\"https:\/\/rigasfotomenesis.lv\/2021\/lv\/artists\/peteris-kimsis\/\" \/>\n<meta property=\"og:locale\" content=\"en_US\" \/>\n<meta property=\"og:type\" content=\"article\" \/>\n<meta property=\"og:title\" content=\"P\u0113teris \u0136imsis - Riga Photomonth 2021\" \/>\n<meta property=\"og:description\" content=\"Liela veiksme un citas metaforas.\" \/>\n<meta property=\"og:url\" content=\"https:\/\/rigasfotomenesis.lv\/2021\/lv\/artists\/peteris-kimsis\/\" \/>\n<meta property=\"og:site_name\" content=\"Riga Photomonth 2021\" \/>\n<meta property=\"article:publisher\" content=\"https:\/\/www.facebook.com\/RigaPhotomonth\" \/>\n<meta property=\"article:modified_time\" content=\"2021-04-17T08:57:30+00:00\" \/>\n<meta property=\"og:image\" content=\"https:\/\/rigasfotomenesis.lv\/2021\/wp-content\/uploads\/sites\/2\/2021\/04\/peteris_kimsis_mock-up1.jpg\" \/>\n\t<meta property=\"og:image:width\" content=\"1904\" \/>\n\t<meta property=\"og:image:height\" content=\"1500\" \/>\n<meta name=\"twitter:card\" content=\"summary_large_image\" \/>\n<meta name=\"twitter:label1\" content=\"Est. reading time\">\n\t<meta name=\"twitter:data1\" content=\"2 minutes\">\n<script type=\"application\/ld+json\" class=\"yoast-schema-graph\">{\"@context\":\"https:\/\/schema.org\",\"@graph\":[{\"@type\":\"Organization\",\"@id\":\"https:\/\/rigasfotomenesis.lv\/2021\/#organization\",\"name\":\"Society \\u201cRiga Photomonth\\u201d\",\"url\":\"https:\/\/rigasfotomenesis.lv\/2021\/\",\"sameAs\":[\"https:\/\/www.facebook.com\/RigaPhotomonth\",\"https:\/\/www.instagram.com\/rigaphotomonth\/\",\"https:\/\/www.youtube.com\/channel\/UC6c5PFSPCWtbaekT7icz3-A\"],\"logo\":{\"@type\":\"ImageObject\",\"@id\":\"https:\/\/rigasfotomenesis.lv\/2021\/#logo\",\"inLanguage\":\"en-US\",\"url\":\"https:\/\/rigasfotomenesis.lv\/wp-content\/uploads\/2021\/03\/logo2021.svg\",\"contentUrl\":\"https:\/\/rigasfotomenesis.lv\/wp-content\/uploads\/2021\/03\/logo2021.svg\",\"width\":70,\"height\":69,\"caption\":\"Society \\u201cRiga Photomonth\\u201d\"},\"image\":{\"@id\":\"https:\/\/rigasfotomenesis.lv\/2021\/#logo\"}},{\"@type\":\"WebSite\",\"@id\":\"https:\/\/rigasfotomenesis.lv\/2021\/#website\",\"url\":\"https:\/\/rigasfotomenesis.lv\/2021\/\",\"name\":\"Riga Photomonth\",\"description\":\"May 24\\u2013July 18\",\"publisher\":{\"@id\":\"https:\/\/rigasfotomenesis.lv\/2021\/#organization\"},\"potentialAction\":[{\"@type\":\"SearchAction\",\"target\":\"https:\/\/rigasfotomenesis.lv\/2021\/?s={search_term_string}\",\"query-input\":\"required name=search_term_string\"}],\"inLanguage\":\"en-US\"},{\"@type\":\"ImageObject\",\"@id\":\"https:\/\/rigasfotomenesis.lv\/2021\/lv\/artists\/peteris-kimsis\/#primaryimage\",\"inLanguage\":\"en-US\",\"url\":\"https:\/\/rigasfotomenesis.lv\/2021\/wp-content\/uploads\/sites\/2\/2021\/04\/peteris_kimsis_mock-up1.jpg\",\"contentUrl\":\"https:\/\/rigasfotomenesis.lv\/2021\/wp-content\/uploads\/sites\/2\/2021\/04\/peteris_kimsis_mock-up1.jpg\",\"width\":1904,\"height\":1500,\"caption\":\"P\\u0113teris \\u0136imsis\"},{\"@type\":\"WebPage\",\"@id\":\"https:\/\/rigasfotomenesis.lv\/2021\/lv\/artists\/peteris-kimsis\/#webpage\",\"url\":\"https:\/\/rigasfotomenesis.lv\/2021\/lv\/artists\/peteris-kimsis\/\",\"name\":\"P\\u0113teris \\u0136imsis - Riga Photomonth 2021\",\"isPartOf\":{\"@id\":\"https:\/\/rigasfotomenesis.lv\/2021\/#website\"},\"primaryImageOfPage\":{\"@id\":\"https:\/\/rigasfotomenesis.lv\/2021\/lv\/artists\/peteris-kimsis\/#primaryimage\"},\"datePublished\":\"2021-04-17T08:57:29+00:00\",\"dateModified\":\"2021-04-17T08:57:30+00:00\",\"breadcrumb\":{\"@id\":\"https:\/\/rigasfotomenesis.lv\/2021\/lv\/artists\/peteris-kimsis\/#breadcrumb\"},\"inLanguage\":\"en-US\",\"potentialAction\":[{\"@type\":\"ReadAction\",\"target\":[\"https:\/\/rigasfotomenesis.lv\/2021\/lv\/artists\/peteris-kimsis\/\"]}]},{\"@type\":\"BreadcrumbList\",\"@id\":\"https:\/\/rigasfotomenesis.lv\/2021\/lv\/artists\/peteris-kimsis\/#breadcrumb\",\"itemListElement\":[{\"@type\":\"ListItem\",\"position\":1,\"item\":{\"@type\":\"WebPage\",\"@id\":\"https:\/\/rigasfotomenesis.lv\/2021\/\",\"url\":\"https:\/\/rigasfotomenesis.lv\/2021\/\",\"name\":\"Home\"}},{\"@type\":\"ListItem\",\"position\":2,\"item\":{\"@type\":\"WebPage\",\"@id\":\"https:\/\/rigasfotomenesis.lv\/2021\/lv\/artists\/peteris-kimsis\/\",\"url\":\"https:\/\/rigasfotomenesis.lv\/2021\/lv\/artists\/peteris-kimsis\/\",\"name\":\"P\\u0113teris \\u0136imsis\"}}]}]}<\/script>\n<!-- \/ Yoast SEO plugin. -->","_links":{"self":[{"href":"https:\/\/rigasfotomenesis.lv\/2021\/wp-json\/wp\/v2\/artist\/333","targetHints":{"allow":["GET"]}}],"collection":[{"href":"https:\/\/rigasfotomenesis.lv\/2021\/wp-json\/wp\/v2\/artist"}],"about":[{"href":"https:\/\/rigasfotomenesis.lv\/2021\/wp-json\/wp\/v2\/types\/artist"}],"wp:featuredmedia":[{"embeddable":true,"href":"https:\/\/rigasfotomenesis.lv\/2021\/wp-json\/wp\/v2\/media\/335"}],"wp:attachment":[{"href":"https:\/\/rigasfotomenesis.lv\/2021\/wp-json\/wp\/v2\/media?parent=333"}],"curies":[{"name":"wp","href":"https:\/\/api.w.org\/{rel}","templated":true}]}}