{"id":325,"date":"2021-04-16T19:00:19","date_gmt":"2021-04-16T16:00:19","guid":{"rendered":"https:\/\/rigasfotomenesis.lv\/?post_type=artist&#038;p=325"},"modified":"2021-04-16T19:00:20","modified_gmt":"2021-04-16T16:00:20","slug":"anja-redi","status":"publish","type":"artist","link":"https:\/\/rigasfotomenesis.lv\/2021\/lv\/artists\/anja-redi\/","title":{"rendered":"Anja Red\u012b"},"content":{"rendered":"\n<p>Anja Red\u012b (<em>Ania Ready<\/em>) ir po\u013cu izcelsmes fotom\u0101ksliniece no Lielbrit\u0101nijas. Vi\u0146as darbi fokus\u0113jas uz t\u0101d\u0101m idej\u0101m k\u0101 pieder\u012bba un atsve\u0161in\u0101t\u012bba, atmi\u0146a un t\u0101s zaud\u0113\u0161ana, gar\u012bgais trauslums un eksistences po\u0113tisms. M\u0101kslinieces darbi tiku\u0161i izst\u0101d\u012bti Modern\u0101s m\u0101kslas centr\u0101 Oksford\u0101, Pita Riversa muzej\u0101, Humanit&#8217;Art galerij\u0101, Oklendas Foto festiv\u0101l\u0101 Jaunz\u0113land\u0113 un citviet.<\/p>\n\n\n\n<p>Red\u012b projekts <em>Br\u012bni\u0161\u0137\u012bg\u0101 jaun\u0101 pasaule<\/em> tiks prezent\u0113ts R\u012bgas Fotom\u0113nes\u012b 2021. \u0160aj\u0101s s\u0113rij\u0101s att\u0113li no Rietumu lokdauna realit\u0101tes pretstat\u012bti Austrumu bloka arh\u012bva fotogr\u0101fij\u0101m, lai izveidotu distopisku v\u012bziju par jauno pasauli ar piespiedu soci\u0101l\u0101s distanc\u0113\u0161an\u0101s noteikumiem un uzved\u012bbas ierobe\u017eojumiem. Kol\u0101\u017eas pau\u017e pla\u0161i izjusto trauksmi par \u0101trumu, k\u0101d\u0101 m\u0113s zaud\u0113jam pilsonisko br\u012bv\u012bbu, un vieglumu, ar k\u0101du m\u0113s pie\u0146emam dz\u012bvi saska\u0146\u0101 ar \u0161iem drakoniskajiem noteikumiem.<\/p>\n\n\n\n<p><strong>K\u0101 rad\u0101s ideja tavam projektam?<\/strong><\/p>\n\n\n\n<p>P\u0113c pirm\u0101 lokdauna Lielbrit\u0101nij\u0101 pag\u0101ju\u0161\u0101 gada vasar\u0101 es pirmo reizi ieraudz\u012bju, k\u0101du postu striktie noteikumi nodar\u012bju\u0161i m\u016bsu pils\u0113t\u0101m. Oksfordas galven\u0101s ielas, kas parasti bija cilv\u0113ku pilnas, bija visai pamestas, liel\u0101k\u0101 da\u013ca kafejn\u012bcu un veikalu joproj\u0101m bija sl\u0113gtas, jo tr\u016bka naudas to uztur\u0113\u0161anai vai klientu, kurus apkalpot. G\u0101j\u0113jiem bija vienvirziena sist\u0113ma, kas noz\u012bm\u0113ja \u2013 ja grib\u0113ju iet pa ielu, bija j\u0101pietur\u0101s pie ietves kreis\u0101s puses. Tas viss veidoja \u013coti distopisku gaisotni, kura iedvesmoja mani rad\u012bt savu versiju par <em>Br\u012bni\u0161\u0137\u012bgo jauno pasauli<\/em>. Vien\u0101 no iel\u0101m redz\u0113ju garu rindu pie bankas. Jutu, ka esmu to piedz\u012bvojusi jau iepriek\u0161. Esmu st\u0101v\u0113jusi ar vecm\u0101mi\u0146u rind\u0101 uz p\u0101rtikas veikalu. Tas bija gar\u0161 un moko\u0161s process, un kad non\u0101c\u0101m pie letes, no ikdienas produktiem p\u0101ri paliku\u0161as bija tikai eti\u0137a pudeles un viena \u0161okol\u0101des t\u0101fel\u012bte. \u0160aj\u0101 atmi\u0146\u0101 bija kas pat\u012bkams \u2013 prieks kaut ko ieg\u016bt, nevis doties prom tuk\u0161\u0101m rok\u0101m. \u0160aj\u0101 p\u0101rsteidzo\u0161aj\u0101 mirkl\u012b bija kaut kas \u0161ausmino\u0161s, kad sapratu, ka \u0161odienas apst\u0101k\u013ci Rietumos s\u0101k atg\u0101din\u0101t mirk\u013cus no dz\u012bves disfunkcion\u0101l\u0101 re\u017e\u012bm\u0101 aiz Dzelzs priek\u0161kara. Saraksts ar l\u012bdz\u012bb\u0101m starp \u0161\u012bm div\u0101m pasaul\u0113m izr\u0101d\u012bj\u0101s visai gar\u0161: kontrole p\u0101r cilv\u0113ku p\u0101rvieto\u0161anos, strauji pieaugo\u0161s skaits zi\u0146ojumiem par kaimi\u0146iem policij\u0101, valsts model\u0113ta soci\u0101l\u0101 mijiedarb\u012bba, atcelta pilsonisk\u0101 br\u012bv\u012bba, aiztur\u0113t\u0101 eksistence, bailes utt. Es grib\u0113ju izp\u0113t\u012bt \u0161os atkl\u0101jumus kol\u0101\u017eas veid\u0101, pretnostatot toreiz\u0113j\u0101s dz\u012bves att\u0113lus un fotogr\u0101fijas ar manu dz\u012bvi tagad, radot rota\u013c\u012bgu, bet ar\u012b diezgan dr\u016bmu kopainu. T\u0101pat lik\u0101s dabiski att\u0113lus kaut k\u0101 izkrop\u013cot, lai izceltu \u0161o divu realit\u0101\u0161u&nbsp; kait\u012bgo ietekmi. T\u0101p\u0113c es piev\u0113rsos att\u0113lu sapl\u0113\u0161anas procesam.<\/p>\n\n\n\n<p><strong>Vai soci\u0101listisk\u0101 pag\u0101tne joproj\u0101m tevi vaj\u0101?<\/strong><\/p>\n\n\n\n<p>\u0160\u012b bija pirm\u0101 reize, kad piev\u0113rsos savam po\u013cu mantojumam. Bija interesanti redz\u0113t, cik emocion\u0101li pretrun\u012bgi tas man ir. 1980. gados, kad Polija joproj\u0101m bija da\u013ca no Austrumu bloka, es biju b\u0113rns, ac\u012bmredzot t\u0101p\u0113c \u0161aj\u0101s atmi\u0146\u0101s ir kaut kas sentiment\u0101ls: laiks ar vecm\u0101mi\u0146u, d\u0101rzs, kur\u0101 vi\u0146a tur\u0113ja da\u017eas vistas (lai neb\u016btu j\u0101uztrauc\u0101s par olu kr\u0101jumiem), neskait\u0101m\u0101s stundas, ar draugiem klejojot jaunuzceltajos blokm\u0101ju rajonos, kurus iesk\u0101va lauki utt. No otras puses, bija \u013coti strikta un \u0101rk\u0101rt\u012bgi milz\u012bga soci\u0101listisk\u0101 re\u017e\u012bma skola, ar kuru bija j\u0101sadz\u012bvo \u2013 oblig\u0101ta, pret\u012bga kr\u016bze karsta piena, kura j\u0101dzer katru r\u012btu, rupj\u0161 uzraugs, noklaus\u012b\u0161an\u0101s, korupcija, visp\u0101r\u0113js inertums, gr\u016bt\u012bbas tikt pie pirm\u0101s nepiecie\u0161am\u012bbas prec\u0113m<strong>, <\/strong>manu vec\u0101ku satraukums par n\u0101kotni utt.<\/p>\n\n\n\n<p>Es noteikti grib\u0113tu v\u0113l vair\u0101k izp\u0113t\u012bt savu pag\u0101tni. Ir viens posms Polijas soci\u0101listiskaj\u0101 v\u0113stur\u0113, kas mani \u012bpa\u0161i interes\u0113. Kad 1981. gada beig\u0101s valst\u012b tika ieviests karast\u0101voklis un uz iel\u0101m par\u0101d\u012bj\u0101s tanki, mans t\u0113vs str\u0101d\u0101ja uz kravas ku\u0123a, kas sasniedza ostu Zviedrij\u0101. Zviedrijas vald\u012bba pied\u0101v\u0101ja vi\u0146am tur palikt un v\u0113l\u0101k atvest ar\u012b \u0123imeni, bet vi\u0146\u0161 \u0161aub\u012bj\u0101s. Vi\u0146\u0161 nevar\u0113ja konsult\u0113ties ar manu mammu, jo nebija nek\u0101das sazi\u0146as ar Poliju, vi\u0146\u0161 baid\u012bj\u0101s \u2013 ja paliks, vi\u0146\u0161 var m\u016bs nekad vairs neredz\u0113t, t\u0101p\u0113c pied\u0101v\u0101jumu noraid\u012bja. Man b\u016btu \u013coti interesanti uzzin\u0101t, k\u0101da var\u0113ja b\u016bt m\u016bsu alternat\u012bv\u0101 dz\u012bve, ja vi\u0146\u0161 b\u016btu izl\u0113mis cit\u0101di.<\/p>\n\n\n\n<p><strong>Vai dom\u0101, ka demokr\u0101tija \u0161obr\u012bd piedz\u012bvo lielu izaicin\u0101jumu?<\/strong><\/p>\n\n\n\n<p>Tas mani tie\u0161\u0101m p\u0101rsteidza, cik viegli un bez piep\u016bl\u0113m vald\u012bbas, \u012bpa\u0161i Lielbrit\u0101nijas, uzspieda diezgan drakoniskos soci\u0101los ierobe\u017eojumus un aizliegumus. M\u0113s burtiski p\u0101rg\u0101j\u0101m no iesp\u0113jas pulc\u0113ties Ziemassv\u0113tkos l\u012bdz tam, ka ned\u0113\u013c\u0101m ilgi nevienu nevar\u0113j\u0101m redz\u0113t, no iesp\u0113jas ce\u013cot l\u012bdz oblig\u0101tai palik\u0161anai m\u0101j\u0101s. Tas man lika satraukties par \u0101trumu, k\u0101d\u0101 zaud\u0113j\u0101m savu pilsonisko br\u012bv\u012bbu un iem\u0101c\u012bj\u0101mies dz\u012bvot bez t\u0101s. Var\u0113tu b\u016bt, ka Rietumos ir liel\u0101ka uztic\u012bba valsts instit\u016bcij\u0101m, un pilso\u0146u vair\u0101kums uzskat\u012bja, ka tas nav uz ilgu laiku. Tom\u0113r tas man lika dom\u0101t, k\u0101 b\u016btu, ja \u0161is soci\u0101lais eksperiments b\u016btu \u0161eit uz palik\u0161anu. Vai mums pietiktu drosmes tam pretoties? Un ja m\u0113s to dar\u012btu, vai tas ko main\u012btu? Tam, ka esmu tik pesimistiski noska\u0146ota, iemesls ir daudzie protesti, ko m\u0113s p\u0113d\u0113j\u0101 laik\u0101 esam redz\u0113ju\u0161i \u2013 Polij\u0101, Ung\u0101rij\u0101, Baltkrievij\u0101, bet tie nav g\u0101zu\u0161i autorat\u012bv\u0101s vald\u012bbas, nav main\u012bju\u0161i darb\u012bbas re\u017e\u012bmu un tieksmi p\u0101rveidot patriarh\u0101lo, uz iek\u0161pusi v\u0113rsto sabiedr\u012bbu.<\/p>\n\n\n<div class=\"swiper-container\">\n    <div class=\"swiper-wrapper\">\n              <div class=\"swiper-slide\">\n          <figure class=\"wp-caption alignnone\">\n            <a href=\"https:\/\/rigasfotomenesis.lv\/2021\/wp-content\/uploads\/sites\/2\/2021\/04\/Ania_Ready_14-1.jpg\">\n              <img loading=\"lazy\" decoding=\"async\" width=\"2000\" height=\"1333\" src=\"https:\/\/rigasfotomenesis.lv\/2021\/wp-content\/uploads\/sites\/2\/2021\/04\/Ania_Ready_14-1.jpg\" class=\"attachment-full size-full\" alt=\"\" srcset=\"https:\/\/rigasfotomenesis.lv\/2021\/wp-content\/uploads\/sites\/2\/2021\/04\/Ania_Ready_14-1.jpg 2000w, https:\/\/rigasfotomenesis.lv\/2021\/wp-content\/uploads\/sites\/2\/2021\/04\/Ania_Ready_14-1-300x200.jpg 300w, https:\/\/rigasfotomenesis.lv\/2021\/wp-content\/uploads\/sites\/2\/2021\/04\/Ania_Ready_14-1-1024x682.jpg 1024w, https:\/\/rigasfotomenesis.lv\/2021\/wp-content\/uploads\/sites\/2\/2021\/04\/Ania_Ready_14-1-768x512.jpg 768w, https:\/\/rigasfotomenesis.lv\/2021\/wp-content\/uploads\/sites\/2\/2021\/04\/Ania_Ready_14-1-1536x1024.jpg 1536w\" sizes=\"auto, (max-width: 2000px) 100vw, 2000px\" \/>\n            <\/a>\n                          <figcaption class=\"wp-caption-text\">Ania Ready<\/figcaption>\n                      <\/figure>\n        <\/div>\n              <div class=\"swiper-slide\">\n          <figure class=\"wp-caption alignnone\">\n            <a href=\"https:\/\/rigasfotomenesis.lv\/2021\/wp-content\/uploads\/sites\/2\/2021\/04\/Ania_Ready_01-1.jpg\">\n              <img loading=\"lazy\" decoding=\"async\" width=\"2000\" height=\"1333\" src=\"https:\/\/rigasfotomenesis.lv\/2021\/wp-content\/uploads\/sites\/2\/2021\/04\/Ania_Ready_01-1.jpg\" class=\"attachment-full size-full\" alt=\"\" srcset=\"https:\/\/rigasfotomenesis.lv\/2021\/wp-content\/uploads\/sites\/2\/2021\/04\/Ania_Ready_01-1.jpg 2000w, https:\/\/rigasfotomenesis.lv\/2021\/wp-content\/uploads\/sites\/2\/2021\/04\/Ania_Ready_01-1-300x200.jpg 300w, https:\/\/rigasfotomenesis.lv\/2021\/wp-content\/uploads\/sites\/2\/2021\/04\/Ania_Ready_01-1-1024x682.jpg 1024w, https:\/\/rigasfotomenesis.lv\/2021\/wp-content\/uploads\/sites\/2\/2021\/04\/Ania_Ready_01-1-768x512.jpg 768w, https:\/\/rigasfotomenesis.lv\/2021\/wp-content\/uploads\/sites\/2\/2021\/04\/Ania_Ready_01-1-1536x1024.jpg 1536w\" sizes=\"auto, (max-width: 2000px) 100vw, 2000px\" \/>\n            <\/a>\n                          <figcaption class=\"wp-caption-text\">Ania Ready<\/figcaption>\n                      <\/figure>\n        <\/div>\n              <div class=\"swiper-slide\">\n          <figure class=\"wp-caption alignnone\">\n            <a href=\"https:\/\/rigasfotomenesis.lv\/2021\/wp-content\/uploads\/sites\/2\/2021\/04\/Ania_Ready_02-1.jpg\">\n              <img loading=\"lazy\" decoding=\"async\" width=\"2000\" height=\"1333\" src=\"https:\/\/rigasfotomenesis.lv\/2021\/wp-content\/uploads\/sites\/2\/2021\/04\/Ania_Ready_02-1.jpg\" class=\"attachment-full size-full\" alt=\"\" srcset=\"https:\/\/rigasfotomenesis.lv\/2021\/wp-content\/uploads\/sites\/2\/2021\/04\/Ania_Ready_02-1.jpg 2000w, https:\/\/rigasfotomenesis.lv\/2021\/wp-content\/uploads\/sites\/2\/2021\/04\/Ania_Ready_02-1-300x200.jpg 300w, https:\/\/rigasfotomenesis.lv\/2021\/wp-content\/uploads\/sites\/2\/2021\/04\/Ania_Ready_02-1-1024x682.jpg 1024w, https:\/\/rigasfotomenesis.lv\/2021\/wp-content\/uploads\/sites\/2\/2021\/04\/Ania_Ready_02-1-768x512.jpg 768w, https:\/\/rigasfotomenesis.lv\/2021\/wp-content\/uploads\/sites\/2\/2021\/04\/Ania_Ready_02-1-1536x1024.jpg 1536w\" sizes=\"auto, (max-width: 2000px) 100vw, 2000px\" \/>\n            <\/a>\n                          <figcaption class=\"wp-caption-text\">Ania Ready<\/figcaption>\n                      <\/figure>\n        <\/div>\n              <div class=\"swiper-slide\">\n          <figure class=\"wp-caption alignnone\">\n            <a href=\"https:\/\/rigasfotomenesis.lv\/2021\/wp-content\/uploads\/sites\/2\/2021\/04\/Ania_Ready_08-1.jpg\">\n              <img loading=\"lazy\" decoding=\"async\" width=\"1333\" height=\"2000\" src=\"https:\/\/rigasfotomenesis.lv\/2021\/wp-content\/uploads\/sites\/2\/2021\/04\/Ania_Ready_08-1.jpg\" class=\"attachment-full size-full\" alt=\"\" \/>\n            <\/a>\n                          <figcaption class=\"wp-caption-text\">Ania Ready<\/figcaption>\n                      <\/figure>\n        <\/div>\n          <\/div>\n          <div class=\"swiper-button-prev\"><\/div>\n      <div class=\"swiper-button-next\"><\/div>\n      <\/div>\n\n\n\n<p><strong>Kas tev bija visgr\u016bt\u0101kais Covid ierobe\u017eojumu laik\u0101?<\/strong><\/p>\n\n\n\n<p>Es gar\u012bgi c\u012bnijos ar ideju par b\u016b\u0161anu iegro\u017eotai, iesl\u0113gtai rajon\u0101, kur\u0101 dz\u012bvoju. Laikam ejot, man \u0161\u0137ita, ka tie\u0161\u0101m paliek arvien gr\u016bt\u0101k p\u0101rvar\u0113t dzi\u013c\u0101ko soci\u0101lo izol\u0101ciju. Piem\u0113ram, \u0161ogad vair\u0101k nek\u0101 divus m\u0113ne\u0161us mums bija aizliegts satikt citus cilv\u0113kus m\u0101j\u0101s vai \u0101rpus t\u0101m, iz\u0146emot sporto\u0161anu kop\u0101 ar vienu cilv\u0113ku. Dz\u012bve ir k\u013cuvusi diezgan tuk\u0161a. T\u0101 sast\u0101v tikai no darba, pastaig\u0101m, un laiku pa laikam kafijas l\u012bdz\u0146em\u0161anai. Ar\u012b fiziskais att\u0101lums starp viet\u0101m, kas tik ma\u0123iski saruka, pateicoties bie\u017eajiem tie\u0161ajiem lidojumiem, atkal ir k\u013cuvis re\u0101ls. Es jau vair\u0101k nek\u0101 gadu nevaru apciemot savus vec\u0101kus, kuri dz\u012bvo Polij\u0101, un joproj\u0101m nezinu, kad tas b\u016bs iesp\u0113jams. Dom\u0101ju, ka visi vec\u0101ki, kuriem bija j\u0101str\u0101d\u0101 m\u0101j\u0101s un ar\u012b b\u0113rni m\u0101c\u012bj\u0101s turpat, atz\u012btu, ka skolas tr\u016bkums bija tie\u0161\u0101m gr\u016bts. Tikpat gr\u016bti bija ar\u012b b\u0113rniem, kuri vien\u0101 nakt\u012b zaud\u0113ja visu soci\u0101lo un fizisko mijiedarb\u012bbu ar vienaud\u017eiem.<\/p>\n\n\n\n<p><strong>Pie k\u0101da projekta tu str\u0101d\u0101 \u0161obr\u012bd?<\/strong><\/p>\n\n\n\n<p>Es str\u0101d\u0101ju pie t\u0101, lai savu ilgtermi\u0146a projektu <em>Hist\u0113risk\u0101 sieviete<\/em> (Hysterical Woman), kuru iedvesmoja Sofijas Godj\u0113-Brzeskas (<em>Sophie Gaudier-Brzeska<\/em>, 1872-1925) gr\u0101matas, sadarb\u012bb\u0101 ar izcilu gr\u0101matu dizaineri Viktoriju Forestu (<em>Victoria Forrest<\/em>, ) p\u0101rv\u0113rstu gr\u0101matas form\u0101t\u0101. Es izmantoju hist\u0113rijas performat\u012bvos aspektus, lai rad\u012btu vizu\u0101lu st\u0101stu par Sofijas t\u0113liem \u2013 sieviet\u0113m, kuras c\u012bn\u012bj\u0101s ar soci\u0101laj\u0101m gaid\u0101m no sieviet\u0113m konservat\u012bv\u0101 sabiedr\u012bb\u0101 un nesp\u0113ja realiz\u0113t savu rado\u0161o potenci\u0101lu. Viktorija izmanto to pa\u0161u hist\u0113rijas vai,&nbsp; visp\u0101r\u012bgi run\u0101jot, gar\u012bgo slim\u012bbu ietvaru k\u0101 sievie\u0161u kluso protestu, lai saliktu kop\u0101 att\u0113lus un tekstus. Mums n\u0101c\u0101s apst\u0101ties un atkal s\u0101kt str\u0101d\u0101t pie \u0161\u012b darba, jo m\u0113s abas esam m\u0101tes un ierobe\u017eojumi m\u016bs \u013coti ietekm\u0113ja. Ja viss norit\u0113s labi, iesp\u0113jams, ruden\u012b mums b\u016bs \u0161\u012b gr\u0101mata. Turam \u012bk\u0161\u0137us!<\/p>\n","protected":false},"excerpt":{"rendered":"<p>Distopiska v\u012bzija par &#8220;Br\u012bni\u0161\u0137\u012bgo jauno pasauli&#8221;. <\/p>\n","protected":false},"featured_media":327,"template":"","class_list":["post-325","artist","type-artist","status-publish","has-post-thumbnail","hentry"],"yoast_head":"<!-- This site is optimized with the Yoast SEO plugin v16.1.1 - https:\/\/yoast.com\/wordpress\/plugins\/seo\/ -->\n<title>Anja Red\u012b - Riga Photomonth 2021<\/title>\n<link rel=\"canonical\" href=\"https:\/\/rigasfotomenesis.lv\/2021\/lv\/artists\/anja-redi\/\" \/>\n<meta property=\"og:locale\" content=\"en_US\" \/>\n<meta property=\"og:type\" content=\"article\" \/>\n<meta property=\"og:title\" content=\"Anja Red\u012b - Riga Photomonth 2021\" \/>\n<meta property=\"og:description\" content=\"Distopiska v\u012bzija par &quot;Br\u012bni\u0161\u0137\u012bgo jauno pasauli&quot;.\" \/>\n<meta property=\"og:url\" content=\"https:\/\/rigasfotomenesis.lv\/2021\/lv\/artists\/anja-redi\/\" \/>\n<meta property=\"og:site_name\" content=\"Riga Photomonth 2021\" \/>\n<meta property=\"article:publisher\" content=\"https:\/\/www.facebook.com\/RigaPhotomonth\" \/>\n<meta property=\"article:modified_time\" content=\"2021-04-16T16:00:20+00:00\" \/>\n<meta property=\"og:image\" content=\"https:\/\/rigasfotomenesis.lv\/2021\/wp-content\/uploads\/sites\/2\/2021\/04\/Ania_Ready_14-1.jpg\" \/>\n\t<meta property=\"og:image:width\" content=\"2000\" \/>\n\t<meta property=\"og:image:height\" content=\"1333\" \/>\n<meta name=\"twitter:card\" content=\"summary_large_image\" \/>\n<meta name=\"twitter:label1\" content=\"Est. reading time\">\n\t<meta name=\"twitter:data1\" content=\"7 minutes\">\n<script type=\"application\/ld+json\" class=\"yoast-schema-graph\">{\"@context\":\"https:\/\/schema.org\",\"@graph\":[{\"@type\":\"Organization\",\"@id\":\"https:\/\/rigasfotomenesis.lv\/2021\/#organization\",\"name\":\"Society \\u201cRiga Photomonth\\u201d\",\"url\":\"https:\/\/rigasfotomenesis.lv\/2021\/\",\"sameAs\":[\"https:\/\/www.facebook.com\/RigaPhotomonth\",\"https:\/\/www.instagram.com\/rigaphotomonth\/\",\"https:\/\/www.youtube.com\/channel\/UC6c5PFSPCWtbaekT7icz3-A\"],\"logo\":{\"@type\":\"ImageObject\",\"@id\":\"https:\/\/rigasfotomenesis.lv\/2021\/#logo\",\"inLanguage\":\"en-US\",\"url\":\"https:\/\/rigasfotomenesis.lv\/wp-content\/uploads\/2021\/03\/logo2021.svg\",\"contentUrl\":\"https:\/\/rigasfotomenesis.lv\/wp-content\/uploads\/2021\/03\/logo2021.svg\",\"width\":70,\"height\":69,\"caption\":\"Society \\u201cRiga Photomonth\\u201d\"},\"image\":{\"@id\":\"https:\/\/rigasfotomenesis.lv\/2021\/#logo\"}},{\"@type\":\"WebSite\",\"@id\":\"https:\/\/rigasfotomenesis.lv\/2021\/#website\",\"url\":\"https:\/\/rigasfotomenesis.lv\/2021\/\",\"name\":\"Riga Photomonth\",\"description\":\"May 24\\u2013July 18\",\"publisher\":{\"@id\":\"https:\/\/rigasfotomenesis.lv\/2021\/#organization\"},\"potentialAction\":[{\"@type\":\"SearchAction\",\"target\":\"https:\/\/rigasfotomenesis.lv\/2021\/?s={search_term_string}\",\"query-input\":\"required name=search_term_string\"}],\"inLanguage\":\"en-US\"},{\"@type\":\"ImageObject\",\"@id\":\"https:\/\/rigasfotomenesis.lv\/2021\/lv\/artists\/anja-redi\/#primaryimage\",\"inLanguage\":\"en-US\",\"url\":\"https:\/\/rigasfotomenesis.lv\/2021\/wp-content\/uploads\/sites\/2\/2021\/04\/Ania_Ready_14-1.jpg\",\"contentUrl\":\"https:\/\/rigasfotomenesis.lv\/2021\/wp-content\/uploads\/sites\/2\/2021\/04\/Ania_Ready_14-1.jpg\",\"width\":2000,\"height\":1333,\"caption\":\"Ania Ready\"},{\"@type\":\"WebPage\",\"@id\":\"https:\/\/rigasfotomenesis.lv\/2021\/lv\/artists\/anja-redi\/#webpage\",\"url\":\"https:\/\/rigasfotomenesis.lv\/2021\/lv\/artists\/anja-redi\/\",\"name\":\"Anja Red\\u012b - Riga Photomonth 2021\",\"isPartOf\":{\"@id\":\"https:\/\/rigasfotomenesis.lv\/2021\/#website\"},\"primaryImageOfPage\":{\"@id\":\"https:\/\/rigasfotomenesis.lv\/2021\/lv\/artists\/anja-redi\/#primaryimage\"},\"datePublished\":\"2021-04-16T16:00:19+00:00\",\"dateModified\":\"2021-04-16T16:00:20+00:00\",\"breadcrumb\":{\"@id\":\"https:\/\/rigasfotomenesis.lv\/2021\/lv\/artists\/anja-redi\/#breadcrumb\"},\"inLanguage\":\"en-US\",\"potentialAction\":[{\"@type\":\"ReadAction\",\"target\":[\"https:\/\/rigasfotomenesis.lv\/2021\/lv\/artists\/anja-redi\/\"]}]},{\"@type\":\"BreadcrumbList\",\"@id\":\"https:\/\/rigasfotomenesis.lv\/2021\/lv\/artists\/anja-redi\/#breadcrumb\",\"itemListElement\":[{\"@type\":\"ListItem\",\"position\":1,\"item\":{\"@type\":\"WebPage\",\"@id\":\"https:\/\/rigasfotomenesis.lv\/2021\/\",\"url\":\"https:\/\/rigasfotomenesis.lv\/2021\/\",\"name\":\"Home\"}},{\"@type\":\"ListItem\",\"position\":2,\"item\":{\"@type\":\"WebPage\",\"@id\":\"https:\/\/rigasfotomenesis.lv\/2021\/lv\/artists\/anja-redi\/\",\"url\":\"https:\/\/rigasfotomenesis.lv\/2021\/lv\/artists\/anja-redi\/\",\"name\":\"Anja Red\\u012b\"}}]}]}<\/script>\n<!-- \/ Yoast SEO plugin. -->","_links":{"self":[{"href":"https:\/\/rigasfotomenesis.lv\/2021\/wp-json\/wp\/v2\/artist\/325","targetHints":{"allow":["GET"]}}],"collection":[{"href":"https:\/\/rigasfotomenesis.lv\/2021\/wp-json\/wp\/v2\/artist"}],"about":[{"href":"https:\/\/rigasfotomenesis.lv\/2021\/wp-json\/wp\/v2\/types\/artist"}],"wp:featuredmedia":[{"embeddable":true,"href":"https:\/\/rigasfotomenesis.lv\/2021\/wp-json\/wp\/v2\/media\/327"}],"wp:attachment":[{"href":"https:\/\/rigasfotomenesis.lv\/2021\/wp-json\/wp\/v2\/media?parent=325"}],"curies":[{"name":"wp","href":"https:\/\/api.w.org\/{rel}","templated":true}]}}