{"id":281,"date":"2021-04-08T21:42:31","date_gmt":"2021-04-08T18:42:31","guid":{"rendered":"http:\/\/rigasfotomenesis.lv\/2021\/?post_type=artist&#038;p=281"},"modified":"2021-04-08T21:42:32","modified_gmt":"2021-04-08T18:42:32","slug":"sergejs-stroitelevs","status":"publish","type":"artist","link":"https:\/\/rigasfotomenesis.lv\/2021\/lv\/artists\/sergejs-stroitelevs\/","title":{"rendered":"Sergejs Stroite\u013cevs"},"content":{"rendered":"\n<p>Sergejs Stroite\u013cevs (<em>Sergei Stroitelev<\/em>) ir krievu fotogr\u0101fs, kas dz\u012bvo Sanktp\u0113terburg\u0101. 2014. gad\u0101 vi\u0146\u0161 absolv\u0113jis Foto\u017eurn\u0101listikas fakult\u0101ti Sanktp\u0113terburgas \u017durn\u0101listu savien\u012bb\u0101. Vi\u0146a darbi galvenok\u0101rt v\u0113rsti uz m\u016bsdienu sabiedr\u012bbas problem\u0101tikas izp\u0113ti. Izmantojot da\u017e\u0101das vizu\u0101l\u0101s valodas un formas, vi\u0146\u0161 apl\u016bko minorit\u0101\u0161u identit\u0101tes, dzimuma, vesel\u012bbas un rasu aizspriedumu, ekolo\u0123ijas un pat\u0113ri\u0146a sabiedr\u012bbas probl\u0113mas. \u013boti bie\u017ei vi\u0146a projekti ir saist\u012bti ar pa\u0161a iek\u0161\u0113jiem d\u0113moniem, pag\u0101tni un \u0123imeni. Sergejs ir vair\u0101ku starptautisku konkursu laure\u0101ts \u2013 vi\u0146\u0161 ir sa\u0146\u0113mis apbalvojumu par izcil\u012bbu portretu s\u0113riju kategorij\u0101 \u201cGada starptautisk\u0101 fotogr\u0101fija 2021\u201d (<em>Pictures of the Year International 2021<\/em>), apbalvojumu kategorij\u0101 Ikdieni\u0161\u0137\u0101s dz\u012bves fotogr\u0101fija Stambulas fotogr\u0101fijas balv\u0101 2018&nbsp; (<em>The Istanbul Photo Awards 2018<\/em>), k\u0101 ar\u012b sa\u0146\u0113mis L. Valtuena Humanit\u0101r\u0101s fotogr\u0101fijas balvu 2016 (<em>Luis Valtuena Humanitarian Photography Award 2016<\/em>) un citas balvas.<\/p>\n\n\n\n<p>R\u012bgas Fotom\u0113nes\u012b Sergejs piedal\u0101s ar projektu <em>Iek\u0161\u0113jais ka\u0137is <\/em>(<em>Inner cat<\/em>), kur vi\u0146\u0161 reflekt\u0113 par to, k\u0101 m\u0101c\u012bties no ka\u0137iem saglab\u0101t mieru kr\u012bzes situ\u0101cij\u0101. \u201cKatrs k\u0101d\u0101 savas dz\u012bves br\u012bd\u012b ir sap\u0146ojis k\u013c\u016bt par savu ka\u0137i. Jo \u012bpa\u0161i sare\u017e\u0123\u012bt\u0101s situ\u0101cij\u0101s, kad gribas atbr\u012bvoties no probl\u0113m\u0101m,\u201d vi\u0146\u0161 iepaz\u012bstina ar savu projektu.<\/p>\n\n\n\n<p><strong>K\u0101 tu uzs\u0101ki savu projektu?<\/strong><\/p>\n\n\n\n<p>Man vienm\u0113r licies, ka m\u016bsu m\u012blu\u013ciem, tai skait\u0101 ka\u0137iem, ir liela ietekme uz mums \u2013 un otr\u0101di. Vi\u0146i maina m\u016bsu person\u012bbu, un ar\u012b m\u0113s main\u0101m vi\u0146us. Kad cilv\u0113ki pag\u0101ju\u0161\u0101 pavasar\u012b iesl\u0113dzas m\u0101j\u0101s, \u0161\u012b saite k\u013cuva v\u0113l sp\u0113c\u012bg\u0101ka. Es nol\u0113mu izp\u0113t\u012bt \u0161o saist\u012bbu caur fotogr\u0101fiju, bet \u2013 rota\u013c\u012bg\u0101 veid\u0101. Ka\u0137i ir rota\u013c\u012bgi, vai ne? V\u0113l pie tam, es \u013coti m\u012blu ka\u0137us.<\/p>\n\n\n<div class=\"swiper-container\">\n    <div class=\"swiper-wrapper\">\n              <div class=\"swiper-slide\">\n          <figure class=\"wp-caption alignnone\">\n            <a href=\"https:\/\/rigasfotomenesis.lv\/2021\/wp-content\/uploads\/sites\/2\/2021\/04\/Sergei_Stroitelev_01s.jpg\">\n              <img loading=\"lazy\" decoding=\"async\" width=\"700\" height=\"1050\" src=\"https:\/\/rigasfotomenesis.lv\/2021\/wp-content\/uploads\/sites\/2\/2021\/04\/Sergei_Stroitelev_01s.jpg\" class=\"attachment-full size-full\" alt=\"\" srcset=\"https:\/\/rigasfotomenesis.lv\/2021\/wp-content\/uploads\/sites\/2\/2021\/04\/Sergei_Stroitelev_01s.jpg 700w, https:\/\/rigasfotomenesis.lv\/2021\/wp-content\/uploads\/sites\/2\/2021\/04\/Sergei_Stroitelev_01s-200x300.jpg 200w, https:\/\/rigasfotomenesis.lv\/2021\/wp-content\/uploads\/sites\/2\/2021\/04\/Sergei_Stroitelev_01s-683x1024.jpg 683w\" sizes=\"auto, (max-width: 700px) 100vw, 700px\" \/>\n            <\/a>\n                      <\/figure>\n        <\/div>\n              <div class=\"swiper-slide\">\n          <figure class=\"wp-caption alignnone\">\n            <a href=\"https:\/\/rigasfotomenesis.lv\/2021\/wp-content\/uploads\/sites\/2\/2021\/04\/Sergei_Stroitelev_02s2.jpg\">\n              <img loading=\"lazy\" decoding=\"async\" width=\"750\" height=\"1125\" src=\"https:\/\/rigasfotomenesis.lv\/2021\/wp-content\/uploads\/sites\/2\/2021\/04\/Sergei_Stroitelev_02s2.jpg\" class=\"attachment-full size-full\" alt=\"\" srcset=\"https:\/\/rigasfotomenesis.lv\/2021\/wp-content\/uploads\/sites\/2\/2021\/04\/Sergei_Stroitelev_02s2.jpg 750w, https:\/\/rigasfotomenesis.lv\/2021\/wp-content\/uploads\/sites\/2\/2021\/04\/Sergei_Stroitelev_02s2-200x300.jpg 200w, https:\/\/rigasfotomenesis.lv\/2021\/wp-content\/uploads\/sites\/2\/2021\/04\/Sergei_Stroitelev_02s2-683x1024.jpg 683w\" sizes=\"auto, (max-width: 750px) 100vw, 750px\" \/>\n            <\/a>\n                      <\/figure>\n        <\/div>\n              <div class=\"swiper-slide\">\n          <figure class=\"wp-caption alignnone\">\n            <a href=\"https:\/\/rigasfotomenesis.lv\/2021\/wp-content\/uploads\/sites\/2\/2021\/04\/Sergei_Stroitelev_07s-1.jpg\">\n              <img loading=\"lazy\" decoding=\"async\" width=\"750\" height=\"1125\" src=\"https:\/\/rigasfotomenesis.lv\/2021\/wp-content\/uploads\/sites\/2\/2021\/04\/Sergei_Stroitelev_07s-1.jpg\" class=\"attachment-full size-full\" alt=\"\" srcset=\"https:\/\/rigasfotomenesis.lv\/2021\/wp-content\/uploads\/sites\/2\/2021\/04\/Sergei_Stroitelev_07s-1.jpg 750w, https:\/\/rigasfotomenesis.lv\/2021\/wp-content\/uploads\/sites\/2\/2021\/04\/Sergei_Stroitelev_07s-1-200x300.jpg 200w, https:\/\/rigasfotomenesis.lv\/2021\/wp-content\/uploads\/sites\/2\/2021\/04\/Sergei_Stroitelev_07s-1-683x1024.jpg 683w\" sizes=\"auto, (max-width: 750px) 100vw, 750px\" \/>\n            <\/a>\n                      <\/figure>\n        <\/div>\n              <div class=\"swiper-slide\">\n          <figure class=\"wp-caption alignnone\">\n            <a href=\"https:\/\/rigasfotomenesis.lv\/2021\/wp-content\/uploads\/sites\/2\/2021\/04\/Sergei_Stroitelev_09s.jpg\">\n              <img loading=\"lazy\" decoding=\"async\" width=\"750\" height=\"1125\" src=\"https:\/\/rigasfotomenesis.lv\/2021\/wp-content\/uploads\/sites\/2\/2021\/04\/Sergei_Stroitelev_09s.jpg\" class=\"attachment-full size-full\" alt=\"\" srcset=\"https:\/\/rigasfotomenesis.lv\/2021\/wp-content\/uploads\/sites\/2\/2021\/04\/Sergei_Stroitelev_09s.jpg 750w, https:\/\/rigasfotomenesis.lv\/2021\/wp-content\/uploads\/sites\/2\/2021\/04\/Sergei_Stroitelev_09s-200x300.jpg 200w, https:\/\/rigasfotomenesis.lv\/2021\/wp-content\/uploads\/sites\/2\/2021\/04\/Sergei_Stroitelev_09s-683x1024.jpg 683w\" sizes=\"auto, (max-width: 750px) 100vw, 750px\" \/>\n            <\/a>\n                      <\/figure>\n        <\/div>\n              <div class=\"swiper-slide\">\n          <figure class=\"wp-caption alignnone\">\n            <a href=\"https:\/\/rigasfotomenesis.lv\/2021\/wp-content\/uploads\/sites\/2\/2021\/04\/Sergei_Stroitelev_13s.jpg\">\n              <img loading=\"lazy\" decoding=\"async\" width=\"750\" height=\"1125\" src=\"https:\/\/rigasfotomenesis.lv\/2021\/wp-content\/uploads\/sites\/2\/2021\/04\/Sergei_Stroitelev_13s.jpg\" class=\"attachment-full size-full\" alt=\"\" srcset=\"https:\/\/rigasfotomenesis.lv\/2021\/wp-content\/uploads\/sites\/2\/2021\/04\/Sergei_Stroitelev_13s.jpg 750w, https:\/\/rigasfotomenesis.lv\/2021\/wp-content\/uploads\/sites\/2\/2021\/04\/Sergei_Stroitelev_13s-200x300.jpg 200w, https:\/\/rigasfotomenesis.lv\/2021\/wp-content\/uploads\/sites\/2\/2021\/04\/Sergei_Stroitelev_13s-683x1024.jpg 683w\" sizes=\"auto, (max-width: 750px) 100vw, 750px\" \/>\n            <\/a>\n                      <\/figure>\n        <\/div>\n          <\/div>\n          <div class=\"swiper-button-prev\"><\/div>\n      <div class=\"swiper-button-next\"><\/div>\n      <\/div>\n\n\n\n<p><strong>Vai esi k\u0101dreiz dom\u0101jis nogalin\u0101t savu ka\u0137i?<\/strong><\/p>\n\n\n\n<p>Man ir divi ka\u0137i \u2013 vienam ir su\u0146a v\u0101rds \u0160ariks, un vi\u0146am \u013coti gar\u0161o \u0113diens. Vi\u0146\u0161 gu\u013c visu dienu, un nakt\u012b paliek nomod\u0101, l\u016bdzot \u0113st pulksten 5 no r\u012bta. Tas ir br\u012bdis, kad es ciest nevaru \u0160ariku. Vi\u0146\u0161 s\u0113\u017e pie manas gultas un kliedz, l\u012bdz sa\u0146em savu malt\u012bti. Un vi\u0146\u0161 zina, ka to noteikti dab\u016bs. Bet par sp\u012bti \u0161ai uzved\u012bbai, es nekad neesmu v\u0113l\u0113jies nogalin\u0101t savu ka\u0137i. Mani ka\u0137i ir mani lab\u0101kie draugi \u2014 tie nekad man nep\u0101rmet\u012bs k\u0101, piem\u0113ram, da\u017ei cilv\u0113ki, ja es p\u0101rn\u0101k\u0161u m\u0101j\u0101s v\u0113lu vai nomain\u012b\u0161u savu <em>Facebook<\/em> paroli.<\/p>\n\n\n\n<p><strong>Kas bijis trak\u0101kais, ko tu esi izdar\u012bjis pand\u0113mijas karant\u012bnas laik\u0101?<\/strong><\/p>\n\n\n\n<p>Es atceros vienu smiekl\u012bgu epizodi. Es nol\u0113mu nosk\u016bt galvu v\u0113lu nakt\u012b, tom\u0113r skuveklim beidz\u0101s baterija, kad biju pabeidzis sk\u016bt tikai pusi galvas. Nol\u0113mu n\u0101kamaj\u0101 r\u012bt\u0101 pabeigt. N\u0101kamaj\u0101 r\u012bt\u0101 man bija <em>Zoom<\/em> sapulce ar cilv\u0113ku, ko nekad agr\u0101k nebiju ticies \u2013 pand\u0113mijas laik\u0101 uz\u0146\u0113mu da\u017eus st\u0101stus krievu medijiem. Kad ieraudz\u012bjusi sevi <em>Zoom<\/em> ekr\u0101n\u0101, es sapratu, ka mans matu griezums izskat\u0101s briesm\u012bgi. Ar\u012b \u0161is cilv\u0113ks s\u0101ka smieties. Dom\u0101ju, ka \u0161\u0101da situ\u0101cija iesp\u0113jama tikai tad, kad tu visu laiku paliec m\u0101j\u0101s.<\/p>\n\n\n\n<p><strong>Ko jums iem\u0101c\u012bjis <em>Covid<\/em> laiks?<\/strong><\/p>\n\n\n\n<p>Manupr\u0101t, tas man ir iem\u0101c\u012bjis piebremz\u0113t, uz br\u012bdi aizmirst par steigu. Cilv\u0113ki vienm\u0113r skraida apk\u0101rt k\u0101 traki. Karant\u012bna man ir devusi iesp\u0113ju sak\u0101rtot domas un mazliet atp\u016bsties. Starp citu, ar\u012b mana ka\u0137u s\u0113rija ir par \u0161o t\u0113mu. Mums ir lieliska iesp\u0113ja iem\u0101c\u012bties atp\u016bsties ar\u012b no m\u016bsu ka\u0137iem. Tom\u0113r fiziska kontakta tr\u016bkums, ilgas p\u0113c draugiem un radiem \u2013 tas ir smagi. <em>Zoom<\/em> un <em>Skype<\/em> to diem\u017e\u0113l nevar piln\u012bb\u0101 kompens\u0113t. Tom\u0113r tagad m\u0113s jau varam redz\u0113t gaismu tune\u013ca gal\u0101.<\/p>\n\n\n\n<p><strong>Pie k\u0101da projekta j\u016bs pa\u0161laik str\u0101d\u0101jat?<\/strong><\/p>\n\n\n\n<p>\u0160obr\u012bd es str\u0101d\u0101ju pie t\u0101du m\u0101kslinieku portretu s\u0113rijas, kuriem ir ment\u0101li trauc\u0113jumi.<\/p>\n","protected":false},"excerpt":{"rendered":"<p>Katrs k\u0101d\u0101 savas dz\u012bves br\u012bd\u012b ir sap\u0146ojis k\u013c\u016bt par savu ka\u0137i.<\/p>\n","protected":false},"featured_media":283,"template":"","class_list":["post-281","artist","type-artist","status-publish","has-post-thumbnail","hentry"],"yoast_head":"<!-- This site is optimized with the Yoast SEO plugin v16.1.1 - https:\/\/yoast.com\/wordpress\/plugins\/seo\/ -->\n<title>Sergejs Stroite\u013cevs - Riga Photomonth 2021<\/title>\n<link rel=\"canonical\" href=\"https:\/\/rigasfotomenesis.lv\/2021\/lv\/artists\/sergejs-stroitelevs\/\" \/>\n<meta property=\"og:locale\" content=\"en_US\" \/>\n<meta property=\"og:type\" content=\"article\" \/>\n<meta property=\"og:title\" content=\"Sergejs Stroite\u013cevs - Riga Photomonth 2021\" \/>\n<meta property=\"og:description\" content=\"Katrs k\u0101d\u0101 savas dz\u012bves br\u012bd\u012b ir sap\u0146ojis k\u013c\u016bt par savu ka\u0137i.\" \/>\n<meta property=\"og:url\" content=\"https:\/\/rigasfotomenesis.lv\/2021\/lv\/artists\/sergejs-stroitelevs\/\" \/>\n<meta property=\"og:site_name\" content=\"Riga Photomonth 2021\" \/>\n<meta property=\"article:publisher\" content=\"https:\/\/www.facebook.com\/RigaPhotomonth\" \/>\n<meta property=\"article:modified_time\" content=\"2021-04-08T18:42:32+00:00\" \/>\n<meta property=\"og:image\" content=\"https:\/\/rigasfotomenesis.lv\/2021\/wp-content\/uploads\/sites\/2\/2021\/04\/Sergei_Stroitelev_07s.jpg\" \/>\n\t<meta property=\"og:image:width\" content=\"750\" \/>\n\t<meta property=\"og:image:height\" content=\"1125\" \/>\n<meta name=\"twitter:card\" content=\"summary_large_image\" \/>\n<meta name=\"twitter:label1\" content=\"Est. reading time\">\n\t<meta name=\"twitter:data1\" content=\"4 minutes\">\n<script type=\"application\/ld+json\" class=\"yoast-schema-graph\">{\"@context\":\"https:\/\/schema.org\",\"@graph\":[{\"@type\":\"Organization\",\"@id\":\"https:\/\/rigasfotomenesis.lv\/2021\/#organization\",\"name\":\"Society \\u201cRiga Photomonth\\u201d\",\"url\":\"https:\/\/rigasfotomenesis.lv\/2021\/\",\"sameAs\":[\"https:\/\/www.facebook.com\/RigaPhotomonth\",\"https:\/\/www.instagram.com\/rigaphotomonth\/\",\"https:\/\/www.youtube.com\/channel\/UC6c5PFSPCWtbaekT7icz3-A\"],\"logo\":{\"@type\":\"ImageObject\",\"@id\":\"https:\/\/rigasfotomenesis.lv\/2021\/#logo\",\"inLanguage\":\"en-US\",\"url\":\"https:\/\/rigasfotomenesis.lv\/wp-content\/uploads\/2021\/03\/logo2021.svg\",\"contentUrl\":\"https:\/\/rigasfotomenesis.lv\/wp-content\/uploads\/2021\/03\/logo2021.svg\",\"width\":70,\"height\":69,\"caption\":\"Society \\u201cRiga Photomonth\\u201d\"},\"image\":{\"@id\":\"https:\/\/rigasfotomenesis.lv\/2021\/#logo\"}},{\"@type\":\"WebSite\",\"@id\":\"https:\/\/rigasfotomenesis.lv\/2021\/#website\",\"url\":\"https:\/\/rigasfotomenesis.lv\/2021\/\",\"name\":\"Riga Photomonth\",\"description\":\"May 24\\u2013July 18\",\"publisher\":{\"@id\":\"https:\/\/rigasfotomenesis.lv\/2021\/#organization\"},\"potentialAction\":[{\"@type\":\"SearchAction\",\"target\":\"https:\/\/rigasfotomenesis.lv\/2021\/?s={search_term_string}\",\"query-input\":\"required name=search_term_string\"}],\"inLanguage\":\"en-US\"},{\"@type\":\"ImageObject\",\"@id\":\"https:\/\/rigasfotomenesis.lv\/2021\/lv\/artists\/sergejs-stroitelevs\/#primaryimage\",\"inLanguage\":\"en-US\",\"url\":\"https:\/\/rigasfotomenesis.lv\/2021\/wp-content\/uploads\/sites\/2\/2021\/04\/Sergei_Stroitelev_07s.jpg\",\"contentUrl\":\"https:\/\/rigasfotomenesis.lv\/2021\/wp-content\/uploads\/sites\/2\/2021\/04\/Sergei_Stroitelev_07s.jpg\",\"width\":750,\"height\":1125,\"caption\":\"Sergejs Stroite\\u013cevs\"},{\"@type\":\"WebPage\",\"@id\":\"https:\/\/rigasfotomenesis.lv\/2021\/lv\/artists\/sergejs-stroitelevs\/#webpage\",\"url\":\"https:\/\/rigasfotomenesis.lv\/2021\/lv\/artists\/sergejs-stroitelevs\/\",\"name\":\"Sergejs Stroite\\u013cevs - Riga Photomonth 2021\",\"isPartOf\":{\"@id\":\"https:\/\/rigasfotomenesis.lv\/2021\/#website\"},\"primaryImageOfPage\":{\"@id\":\"https:\/\/rigasfotomenesis.lv\/2021\/lv\/artists\/sergejs-stroitelevs\/#primaryimage\"},\"datePublished\":\"2021-04-08T18:42:31+00:00\",\"dateModified\":\"2021-04-08T18:42:32+00:00\",\"breadcrumb\":{\"@id\":\"https:\/\/rigasfotomenesis.lv\/2021\/lv\/artists\/sergejs-stroitelevs\/#breadcrumb\"},\"inLanguage\":\"en-US\",\"potentialAction\":[{\"@type\":\"ReadAction\",\"target\":[\"https:\/\/rigasfotomenesis.lv\/2021\/lv\/artists\/sergejs-stroitelevs\/\"]}]},{\"@type\":\"BreadcrumbList\",\"@id\":\"https:\/\/rigasfotomenesis.lv\/2021\/lv\/artists\/sergejs-stroitelevs\/#breadcrumb\",\"itemListElement\":[{\"@type\":\"ListItem\",\"position\":1,\"item\":{\"@type\":\"WebPage\",\"@id\":\"https:\/\/rigasfotomenesis.lv\/2021\/\",\"url\":\"https:\/\/rigasfotomenesis.lv\/2021\/\",\"name\":\"Home\"}},{\"@type\":\"ListItem\",\"position\":2,\"item\":{\"@type\":\"WebPage\",\"@id\":\"https:\/\/rigasfotomenesis.lv\/2021\/lv\/artists\/sergejs-stroitelevs\/\",\"url\":\"https:\/\/rigasfotomenesis.lv\/2021\/lv\/artists\/sergejs-stroitelevs\/\",\"name\":\"Sergejs Stroite\\u013cevs\"}}]}]}<\/script>\n<!-- \/ Yoast SEO plugin. -->","_links":{"self":[{"href":"https:\/\/rigasfotomenesis.lv\/2021\/wp-json\/wp\/v2\/artist\/281","targetHints":{"allow":["GET"]}}],"collection":[{"href":"https:\/\/rigasfotomenesis.lv\/2021\/wp-json\/wp\/v2\/artist"}],"about":[{"href":"https:\/\/rigasfotomenesis.lv\/2021\/wp-json\/wp\/v2\/types\/artist"}],"wp:featuredmedia":[{"embeddable":true,"href":"https:\/\/rigasfotomenesis.lv\/2021\/wp-json\/wp\/v2\/media\/283"}],"wp:attachment":[{"href":"https:\/\/rigasfotomenesis.lv\/2021\/wp-json\/wp\/v2\/media?parent=281"}],"curies":[{"name":"wp","href":"https:\/\/api.w.org\/{rel}","templated":true}]}}