{"id":272,"date":"2021-04-08T20:16:36","date_gmt":"2021-04-08T17:16:36","guid":{"rendered":"http:\/\/rigasfotomenesis.lv\/2021\/?post_type=artist&#038;p=272"},"modified":"2021-04-08T20:22:07","modified_gmt":"2021-04-08T17:22:07","slug":"sju-polsikova","status":"publish","type":"artist","link":"https:\/\/rigasfotomenesis.lv\/2021\/lv\/artists\/sju-polsikova\/","title":{"rendered":"Sj\u016b Po\u013c\u0161ikova"},"content":{"rendered":"<p>Sj\u016b Po\u013c\u0161ikova (Sue Polschikova) ir Portug\u0101l\u0113 dz\u012bvojo\u0161a krievu fotogr\u0101fe. 2011. gad\u0101 vi\u0146a p\u0101rc\u0113l\u0101s uz Tuvajiem Austrumiem, bet kop\u0161 2017. gada dz\u012bvo Lisabon\u0101. Pa\u0161reiz vi\u0146a ir tie\u0161saistes studente dokument\u0101l\u0101s fotogr\u0101fijas akad\u0113mij\u0101 Fotografika.<\/p>\n<p>Sj\u016b \u0161ogad piedal\u012bsies R\u012bgas Fotom\u0113nes\u012b, kas s\u0101ksies 24. maij\u0101. Darb\u0101 <em>D\u012bgsti<\/em> (<em>Sprouts<\/em>) vi\u0146a centusies rad\u012bt jaunu \u201c\u0137erme\u0146a masku\u201d, savienojot cilv\u0113ka organismu ar apk\u0101rt\u0113j\u0101s dabas un dz\u012bvnieku pasaules priek\u0161metiem. \u201cEs v\u0113l\u0113jos izp\u0113t\u012bt to, k\u0101 \u0161\u012bs abas lietas papildina viena otru un veido savstarp\u0113j\u0101s attiec\u012bbas. Grib\u0113ju uzdot sev jaut\u0101jumu \u2013 kur ir robe\u017e\u0161\u0137irtne starp harmoniju un viena patolo\u0123isko ietekmi uz otru? Kur\u0161 no kura izaug? Kur\u0161 kuru determin\u0113?\u201d<\/p>\n<p><strong>Vai tev pa\u0161ai pat\u012bk d\u012bgsti?<\/strong><\/p>\n<p>J\u0101, es m\u0113\u0123in\u0101\u0161u paskaidrot. Ilgu laiku esmu pavad\u012bjusi, dz\u012bvojot Tuvajos Austrumos. Klimats tur bija \u0101rk\u0101rt\u012bgi karsts, un augu br\u012bv\u0101 dab\u0101 tur ir maz. Es dom\u0101ju, ka, dz\u012bvojot tur, mani ir ietekm\u0113jis dabas tr\u016bkums. Ta\u010du \u0161eit, Portug\u0101l\u0113, ir oke\u0101ns, kalni, me\u017ei, un ir \u013coti t\u012bkams klimats visos gadalaikos. Man bija svar\u012bgi piedal\u012bties \u0161aj\u0101 projekt\u0101. M\u0113s piedz\u012bvojam kaut ko neizskaidrojamu, kad esam izg\u0101ju\u0161i dab\u0101. M\u0113s p\u0101rst\u0101jam b\u016bt kritiski, bet k\u013c\u016bstam par sevis nov\u0113rot\u0101jiem. M\u016bsu skarbais skat\u012bjums uz pasauli m\u012bkstin\u0101s, kol\u012bdz esam pak\u013cauti pasaules daudz\u0161\u0137aut\u0146ain\u012bbai. M\u016bs neuztrauc k\u0101ds izaugums uz stalta ozola vai negl\u012bts va\u013ca v\u0113ders. M\u0113s nedom\u0101jam par to, k\u0101 \u0161o skatu uzlabot, bet dr\u012bz\u0101k m\u0113s k\u013c\u016bstam p\u0101r\u0146emti ar dabas unik\u0101lo pa\u0161pietiekam\u012bbu. \u0160\u012b iemesla d\u0113\u013c fotogr\u0101fijas nav redi\u0123\u0113tas. Kadri tika uz\u0146emti uz mana balkona gai\u0161\u0101 dienas laik\u0101.<\/p>\n<div class=\"swiper-container\">\n    <div class=\"swiper-wrapper\">\n              <div class=\"swiper-slide\">\n          <figure class=\"wp-caption alignnone\">\n            <a href=\"https:\/\/rigasfotomenesis.lv\/2021\/wp-content\/uploads\/sites\/2\/2021\/04\/Sue_Polschikova_01s.jpg\">\n              <img loading=\"lazy\" decoding=\"async\" width=\"700\" height=\"980\" src=\"https:\/\/rigasfotomenesis.lv\/2021\/wp-content\/uploads\/sites\/2\/2021\/04\/Sue_Polschikova_01s.jpg\" class=\"attachment-full size-full\" alt=\"\" srcset=\"https:\/\/rigasfotomenesis.lv\/2021\/wp-content\/uploads\/sites\/2\/2021\/04\/Sue_Polschikova_01s.jpg 700w, https:\/\/rigasfotomenesis.lv\/2021\/wp-content\/uploads\/sites\/2\/2021\/04\/Sue_Polschikova_01s-214x300.jpg 214w\" sizes=\"auto, (max-width: 700px) 100vw, 700px\" \/>\n            <\/a>\n                          <figcaption class=\"wp-caption-text\">Sj\u016b Po\u013c\u0161ikova <\/figcaption>\n                      <\/figure>\n        <\/div>\n              <div class=\"swiper-slide\">\n          <figure class=\"wp-caption alignnone\">\n            <a href=\"https:\/\/rigasfotomenesis.lv\/2021\/wp-content\/uploads\/sites\/2\/2021\/04\/Sue_Polschikova_06s.jpg\">\n              <img loading=\"lazy\" decoding=\"async\" width=\"750\" height=\"1050\" src=\"https:\/\/rigasfotomenesis.lv\/2021\/wp-content\/uploads\/sites\/2\/2021\/04\/Sue_Polschikova_06s.jpg\" class=\"attachment-full size-full\" alt=\"\" srcset=\"https:\/\/rigasfotomenesis.lv\/2021\/wp-content\/uploads\/sites\/2\/2021\/04\/Sue_Polschikova_06s.jpg 750w, https:\/\/rigasfotomenesis.lv\/2021\/wp-content\/uploads\/sites\/2\/2021\/04\/Sue_Polschikova_06s-214x300.jpg 214w, https:\/\/rigasfotomenesis.lv\/2021\/wp-content\/uploads\/sites\/2\/2021\/04\/Sue_Polschikova_06s-731x1024.jpg 731w\" sizes=\"auto, (max-width: 750px) 100vw, 750px\" \/>\n            <\/a>\n                          <figcaption class=\"wp-caption-text\">Sj\u016b Po\u013c\u0161ikova <\/figcaption>\n                      <\/figure>\n        <\/div>\n              <div class=\"swiper-slide\">\n          <figure class=\"wp-caption alignnone\">\n            <a href=\"https:\/\/rigasfotomenesis.lv\/2021\/wp-content\/uploads\/sites\/2\/2021\/04\/Sue_Polschikova_11s.jpg\">\n              <img loading=\"lazy\" decoding=\"async\" width=\"1500\" height=\"1071\" src=\"https:\/\/rigasfotomenesis.lv\/2021\/wp-content\/uploads\/sites\/2\/2021\/04\/Sue_Polschikova_11s.jpg\" class=\"attachment-full size-full\" alt=\"\" srcset=\"https:\/\/rigasfotomenesis.lv\/2021\/wp-content\/uploads\/sites\/2\/2021\/04\/Sue_Polschikova_11s.jpg 1500w, https:\/\/rigasfotomenesis.lv\/2021\/wp-content\/uploads\/sites\/2\/2021\/04\/Sue_Polschikova_11s-300x214.jpg 300w, https:\/\/rigasfotomenesis.lv\/2021\/wp-content\/uploads\/sites\/2\/2021\/04\/Sue_Polschikova_11s-1024x731.jpg 1024w, https:\/\/rigasfotomenesis.lv\/2021\/wp-content\/uploads\/sites\/2\/2021\/04\/Sue_Polschikova_11s-768x548.jpg 768w\" sizes=\"auto, (max-width: 1500px) 100vw, 1500px\" \/>\n            <\/a>\n                          <figcaption class=\"wp-caption-text\">Sj\u016b Po\u013c\u0161ikova <\/figcaption>\n                      <\/figure>\n        <\/div>\n              <div class=\"swiper-slide\">\n          <figure class=\"wp-caption alignnone\">\n            <a href=\"https:\/\/rigasfotomenesis.lv\/2021\/wp-content\/uploads\/sites\/2\/2021\/04\/Sue_Polschikova_14s.jpg\">\n              <img loading=\"lazy\" decoding=\"async\" width=\"500\" height=\"700\" src=\"https:\/\/rigasfotomenesis.lv\/2021\/wp-content\/uploads\/sites\/2\/2021\/04\/Sue_Polschikova_14s.jpg\" class=\"attachment-full size-full\" alt=\"\" srcset=\"https:\/\/rigasfotomenesis.lv\/2021\/wp-content\/uploads\/sites\/2\/2021\/04\/Sue_Polschikova_14s.jpg 500w, https:\/\/rigasfotomenesis.lv\/2021\/wp-content\/uploads\/sites\/2\/2021\/04\/Sue_Polschikova_14s-214x300.jpg 214w\" sizes=\"auto, (max-width: 500px) 100vw, 500px\" \/>\n            <\/a>\n                          <figcaption class=\"wp-caption-text\">Sj\u016b Po\u013c\u0161ikova <\/figcaption>\n                      <\/figure>\n        <\/div>\n              <div class=\"swiper-slide\">\n          <figure class=\"wp-caption alignnone\">\n            <a href=\"https:\/\/rigasfotomenesis.lv\/2021\/wp-content\/uploads\/sites\/2\/2021\/04\/Sue_Polschikova_19s-1.jpg\">\n              <img loading=\"lazy\" decoding=\"async\" width=\"1500\" height=\"1000\" src=\"https:\/\/rigasfotomenesis.lv\/2021\/wp-content\/uploads\/sites\/2\/2021\/04\/Sue_Polschikova_19s-1.jpg\" class=\"attachment-full size-full\" alt=\"\" srcset=\"https:\/\/rigasfotomenesis.lv\/2021\/wp-content\/uploads\/sites\/2\/2021\/04\/Sue_Polschikova_19s-1.jpg 1500w, https:\/\/rigasfotomenesis.lv\/2021\/wp-content\/uploads\/sites\/2\/2021\/04\/Sue_Polschikova_19s-1-300x200.jpg 300w, https:\/\/rigasfotomenesis.lv\/2021\/wp-content\/uploads\/sites\/2\/2021\/04\/Sue_Polschikova_19s-1-1024x683.jpg 1024w, https:\/\/rigasfotomenesis.lv\/2021\/wp-content\/uploads\/sites\/2\/2021\/04\/Sue_Polschikova_19s-1-768x512.jpg 768w\" sizes=\"auto, (max-width: 1500px) 100vw, 1500px\" \/>\n            <\/a>\n                          <figcaption class=\"wp-caption-text\">Sj\u016b Po\u013c\u0161ikova <\/figcaption>\n                      <\/figure>\n        <\/div>\n          <\/div>\n          <div class=\"swiper-button-prev\"><\/div>\n      <div class=\"swiper-button-next\"><\/div>\n      <\/div>\n\n<p><strong>K\u0101 <em>Covid-19<\/em> ir ietekm\u0113jis tavu m\u0101ksliniecisko darb\u012bbu?<\/strong><\/p>\n<p>Manupr\u0101t,<em> Covid<\/em> ir sk\u0101ris gandr\u012bz ikvienu uz plan\u0113tas. Ieskaitot manu \u0123imeni, protams. Bet es negribu vainot v\u012brusu vis\u0101s neveiksm\u0113s. \u0160\u012b nav ne pirm\u0101, ne p\u0113d\u0113j\u0101 reize, kad kaut kas l\u012bdz\u012bgs ir noticis ar cilv\u0113ci. Daudzi sauc \u0161o periodu par \u013coti tum\u0161iem laikiem. Laiks nav pats viennoz\u012bm\u012bg\u0101kais un viegl\u0101kais j\u0113dziens, tom\u0113r tas \u013cauj m\u0101ksliniekam fokus\u0113ties un b\u016bt patiesi pa\u0161am, jo visi vi\u0146a k\u0101rdin\u0101jumi pagaist. Pand\u0113mija man \u013c\u0101vusi sak\u0101rtot domas un dzi\u013ci ieskat\u012bties sev\u012b, piev\u0113rsties izgl\u012bt\u012bbai un akt\u012bvai r\u012bc\u012bbai.<\/p>\n<p><strong>K\u0101ds ir pa\u0161reiz\u0113jais soci\u0101lpolitiskais klimats Portug\u0101l\u0113?<\/strong><\/p>\n<p>Pirmk\u0101rt, es esmu iem\u012bl\u0113jusi \u0161o saulaino valsti un t\u0101s cilv\u0113kus. Finan\u0161u kr\u012bze ir \u013coti ietekm\u0113jusi \u0161o valsti. Es parasti nesprie\u017eu par vald\u012bbas r\u012bc\u012bbu, tom\u0113r b\u016btu nepiecie\u0161ami \u013coti drosm\u012bgi pas\u0101kumi un so\u013ci, lai \u0161o valsti nost\u0101d\u012btu atpaka\u013c uz slied\u0113m, \u0146emot v\u0113r\u0101 pa\u0161reiz\u0113jo v\u0101jo ekonomiku. J\u0101, sabiedr\u012bb\u0101 ir biju\u0161i vair\u0101ki protesti un neapmierin\u0101t\u012bba, bet p\u0101rsvar\u0101 cilv\u0113ki ir \u013coti apzin\u012bgi un seko l\u012bdzi visiem noteiktajai karant\u012bnai.<\/p>\n<p><strong>K\u0101 tu iedom\u0101jaties pasauli p\u0113c <em>Covid<\/em>?<\/strong><\/p>\n<p>Dom\u0101ju, ka m\u016bsu n\u0101kotni pirms daudziem gadiem labi aprakst\u012bju\u0161i lieliski autori, piem\u0113ram, br\u0101\u013ci Stugatski, Orvels u.c. Pat ja viss beigsies labi \u2013 m\u016bsu pa\u0161reiz\u0113jie laiki un darb\u012bbas pasaul\u0113 atst\u0101s r\u016bgtu p\u0113cgar\u0161u.<\/p>\n<p><strong>Pie k\u0101da projekta tu pa\u0161laik str\u0101d\u0101?<\/strong><\/p>\n<p>\u0160is projekts tika public\u0113ts da\u017eos \u017eurn\u0101los, k\u0101 ar\u012b tika nomin\u0113ts un sa\u0146\u0113ma godalgas vair\u0101kos konkursos. Tagad es gribu turpin\u0101t film\u0113t un public\u0113t gr\u0101matu. Turkl\u0101t \u0161obr\u012bd es nodarbojos ar portretu s\u0113riju, lai gan ir p\u0101ragri run\u0101t par galarezult\u0101tu.<\/p>\n","protected":false},"excerpt":{"rendered":"<p>Kas no k\u0101 izaug? Kas ko nosaka?<\/p>\n","protected":false},"featured_media":274,"template":"","class_list":["post-272","artist","type-artist","status-publish","has-post-thumbnail","hentry"],"yoast_head":"<!-- This site is optimized with the Yoast SEO plugin v16.1.1 - https:\/\/yoast.com\/wordpress\/plugins\/seo\/ -->\n<title>Sj\u016b Po\u013c\u0161ikova - Riga Photomonth 2021<\/title>\n<link rel=\"canonical\" href=\"https:\/\/rigasfotomenesis.lv\/2021\/lv\/artists\/sju-polsikova\/\" \/>\n<meta property=\"og:locale\" content=\"en_US\" \/>\n<meta property=\"og:type\" content=\"article\" \/>\n<meta property=\"og:title\" content=\"Sj\u016b Po\u013c\u0161ikova - Riga Photomonth 2021\" \/>\n<meta property=\"og:description\" content=\"Kas no k\u0101 izaug? Kas ko nosaka?\" \/>\n<meta property=\"og:url\" content=\"https:\/\/rigasfotomenesis.lv\/2021\/lv\/artists\/sju-polsikova\/\" \/>\n<meta property=\"og:site_name\" content=\"Riga Photomonth 2021\" \/>\n<meta property=\"article:publisher\" content=\"https:\/\/www.facebook.com\/RigaPhotomonth\" \/>\n<meta property=\"article:modified_time\" content=\"2021-04-08T17:22:07+00:00\" \/>\n<meta property=\"og:image\" content=\"https:\/\/rigasfotomenesis.lv\/2021\/wp-content\/uploads\/sites\/2\/2021\/04\/Sue_Polschikova_19s.jpg\" \/>\n\t<meta property=\"og:image:width\" content=\"1500\" \/>\n\t<meta property=\"og:image:height\" content=\"1000\" \/>\n<meta name=\"twitter:card\" content=\"summary_large_image\" \/>\n<meta name=\"twitter:label1\" content=\"Est. reading time\">\n\t<meta name=\"twitter:data1\" content=\"3 minutes\">\n<script type=\"application\/ld+json\" class=\"yoast-schema-graph\">{\"@context\":\"https:\/\/schema.org\",\"@graph\":[{\"@type\":\"Organization\",\"@id\":\"https:\/\/rigasfotomenesis.lv\/2021\/#organization\",\"name\":\"Society \\u201cRiga Photomonth\\u201d\",\"url\":\"https:\/\/rigasfotomenesis.lv\/2021\/\",\"sameAs\":[\"https:\/\/www.facebook.com\/RigaPhotomonth\",\"https:\/\/www.instagram.com\/rigaphotomonth\/\",\"https:\/\/www.youtube.com\/channel\/UC6c5PFSPCWtbaekT7icz3-A\"],\"logo\":{\"@type\":\"ImageObject\",\"@id\":\"https:\/\/rigasfotomenesis.lv\/2021\/#logo\",\"inLanguage\":\"en-US\",\"url\":\"https:\/\/rigasfotomenesis.lv\/wp-content\/uploads\/2021\/03\/logo2021.svg\",\"contentUrl\":\"https:\/\/rigasfotomenesis.lv\/wp-content\/uploads\/2021\/03\/logo2021.svg\",\"width\":70,\"height\":69,\"caption\":\"Society \\u201cRiga Photomonth\\u201d\"},\"image\":{\"@id\":\"https:\/\/rigasfotomenesis.lv\/2021\/#logo\"}},{\"@type\":\"WebSite\",\"@id\":\"https:\/\/rigasfotomenesis.lv\/2021\/#website\",\"url\":\"https:\/\/rigasfotomenesis.lv\/2021\/\",\"name\":\"Riga Photomonth\",\"description\":\"May 24\\u2013July 18\",\"publisher\":{\"@id\":\"https:\/\/rigasfotomenesis.lv\/2021\/#organization\"},\"potentialAction\":[{\"@type\":\"SearchAction\",\"target\":\"https:\/\/rigasfotomenesis.lv\/2021\/?s={search_term_string}\",\"query-input\":\"required name=search_term_string\"}],\"inLanguage\":\"en-US\"},{\"@type\":\"ImageObject\",\"@id\":\"https:\/\/rigasfotomenesis.lv\/2021\/lv\/artists\/sju-polsikova\/#primaryimage\",\"inLanguage\":\"en-US\",\"url\":\"https:\/\/rigasfotomenesis.lv\/2021\/wp-content\/uploads\/sites\/2\/2021\/04\/Sue_Polschikova_19s.jpg\",\"contentUrl\":\"https:\/\/rigasfotomenesis.lv\/2021\/wp-content\/uploads\/sites\/2\/2021\/04\/Sue_Polschikova_19s.jpg\",\"width\":1500,\"height\":1000,\"caption\":\"Sj\\u016b Po\\u013c\\u0161ikova\"},{\"@type\":\"WebPage\",\"@id\":\"https:\/\/rigasfotomenesis.lv\/2021\/lv\/artists\/sju-polsikova\/#webpage\",\"url\":\"https:\/\/rigasfotomenesis.lv\/2021\/lv\/artists\/sju-polsikova\/\",\"name\":\"Sj\\u016b Po\\u013c\\u0161ikova - Riga Photomonth 2021\",\"isPartOf\":{\"@id\":\"https:\/\/rigasfotomenesis.lv\/2021\/#website\"},\"primaryImageOfPage\":{\"@id\":\"https:\/\/rigasfotomenesis.lv\/2021\/lv\/artists\/sju-polsikova\/#primaryimage\"},\"datePublished\":\"2021-04-08T17:16:36+00:00\",\"dateModified\":\"2021-04-08T17:22:07+00:00\",\"breadcrumb\":{\"@id\":\"https:\/\/rigasfotomenesis.lv\/2021\/lv\/artists\/sju-polsikova\/#breadcrumb\"},\"inLanguage\":\"en-US\",\"potentialAction\":[{\"@type\":\"ReadAction\",\"target\":[\"https:\/\/rigasfotomenesis.lv\/2021\/lv\/artists\/sju-polsikova\/\"]}]},{\"@type\":\"BreadcrumbList\",\"@id\":\"https:\/\/rigasfotomenesis.lv\/2021\/lv\/artists\/sju-polsikova\/#breadcrumb\",\"itemListElement\":[{\"@type\":\"ListItem\",\"position\":1,\"item\":{\"@type\":\"WebPage\",\"@id\":\"https:\/\/rigasfotomenesis.lv\/2021\/\",\"url\":\"https:\/\/rigasfotomenesis.lv\/2021\/\",\"name\":\"Home\"}},{\"@type\":\"ListItem\",\"position\":2,\"item\":{\"@type\":\"WebPage\",\"@id\":\"https:\/\/rigasfotomenesis.lv\/2021\/lv\/artists\/sju-polsikova\/\",\"url\":\"https:\/\/rigasfotomenesis.lv\/2021\/lv\/artists\/sju-polsikova\/\",\"name\":\"Sj\\u016b Po\\u013c\\u0161ikova\"}}]}]}<\/script>\n<!-- \/ Yoast SEO plugin. -->","_links":{"self":[{"href":"https:\/\/rigasfotomenesis.lv\/2021\/wp-json\/wp\/v2\/artist\/272","targetHints":{"allow":["GET"]}}],"collection":[{"href":"https:\/\/rigasfotomenesis.lv\/2021\/wp-json\/wp\/v2\/artist"}],"about":[{"href":"https:\/\/rigasfotomenesis.lv\/2021\/wp-json\/wp\/v2\/types\/artist"}],"wp:featuredmedia":[{"embeddable":true,"href":"https:\/\/rigasfotomenesis.lv\/2021\/wp-json\/wp\/v2\/media\/274"}],"wp:attachment":[{"href":"https:\/\/rigasfotomenesis.lv\/2021\/wp-json\/wp\/v2\/media?parent=272"}],"curies":[{"name":"wp","href":"https:\/\/api.w.org\/{rel}","templated":true}]}}